{"id":12253,"date":"2026-08-23T23:19:52","date_gmt":"2026-08-24T02:19:52","guid":{"rendered":"https:\/\/propesp.uepa.br\/ppged\/?page_id=12253"},"modified":"2026-08-23T23:51:17","modified_gmt":"2026-08-24T02:51:17","slug":"linhas-de-pesquisa","status":"publish","type":"page","link":"https:\/\/propesp.uepa.br\/ppged\/apresentacao-2\/linhas-de-pesquisa\/","title":{"rendered":"Linhas de Pesquisa"},"content":{"rendered":"\n<p class=\"has-ast-global-color-8-color has-text-color has-link-color has-medium-font-size wp-elements-5ea86c6bc98623e5fead38f9522588e3\">O Programa possui duas Linhas de Pesquisa: Forma\u00e7\u00e3o de Professores, Doc\u00eancia e Pr\u00e1ticas Educativas e Saberes Culturais e Educa\u00e7\u00e3o na Amaz\u00f4nia.\u00a0Cada linha do Programa possui eixos tem\u00e1ticos que contam coordena\u00e7\u00f5es espec\u00edficas eleitas pelos seus pares e que desenvolve a\u00e7\u00f5es colegiadas com docentes, discentes e a Coordena\u00e7\u00e3o Geral do Programa.<\/p>\n\n\n\n<div class=\"wp-block-uagb-advanced-heading uagb-block-26c2d77b\"><h3 class=\"uagb-heading-text\"><strong>Forma\u00e7\u00e3o de Professores, Doc\u00eancia e Pr\u00e1ticas Educativas<\/strong><\/h3><\/div>\n\n\n\n<p><\/p>\n\n\n\n<p class=\"has-ast-global-color-8-color has-text-color has-link-color wp-elements-fd8704cedbc105c6a4c2b78e189145ae\">Investiga temas relacionados \u00e0 forma\u00e7\u00e3o de professores, doc\u00eancia, pr\u00e1ticas e processos educativos na educa\u00e7\u00e3o b\u00e1sica, superior e em outros espa\u00e7os socioculturais no contexto brasileiro e, em especial, amaz\u00f4nico.<\/p>\n\n\n\n<h3 class=\"wp-block-heading has-text-align-center has-ast-global-color-1-color has-text-color has-link-color wp-elements-092f7f2b75c8e39efbfd478db593cbfb\"><strong>Eixos Tem\u00e1ticos<\/strong><\/h3>\n\n\n\n<p class=\"has-text-align-center has-ast-global-color-8-color has-text-color has-link-color wp-elements-1783d59786d7b64d2cc496399b65be6f\"><strong>DOC\u00caNCIA, TEORIAS, PR\u00c1TICAS E PROCESSOS EDUCATIVOS NA AMAZ\u00d4NIA<\/strong><\/p>\n\n\n\n<p class=\"has-ast-global-color-8-color has-text-color has-link-color wp-elements-41c215e8dea67246b0123a86657981e5\">Desenvolve pesquisas sobre forma\u00e7\u00e3o, doc\u00eancia, teorias e pr\u00e1ticas relativas \u00e0 Educa\u00e7\u00e3o Especial, \u00e0 Educa\u00e7\u00e3o Popular \u00e0 inf\u00e2ncia, juventude, g\u00eanero e diversidade sexual; bem como investiga a organiza\u00e7\u00e3o e as pr\u00e1ticas pedag\u00f3gicas na Educa\u00e7\u00e3o B\u00e1sica e na Educa\u00e7\u00e3o Superior.<\/p>\n\n\n\n<ul class=\"wp-block-list\">\n<li><a href=\"http:\/\/lattes.cnpq.br\/5314934140642552\">Prof.\u00aa Dr.\u00aa Lana Claudia Macedo<\/a><\/li>\n\n\n\n<li><a href=\"http:\/\/lattes.cnpq.br\/6941089571024585\">Prof\u00aa. Dr.\u00aa Luc\u00e9lia Bassalo<\/a><\/li>\n\n\n\n<li><a href=\"http:\/\/lattes.cnpq.br\/5299382052741078\">Prof.\u00aa Dr.\u00aa Marta Gen\u00fa Soares<\/a><\/li>\n\n\n\n<li><a href=\"http:\/\/lattes.cnpq.br\/5767392608877546\">Prof. Dr. Raimundo S\u00e9rgio de Farias J\u00fanior;<\/a><\/li>\n\n\n\n<li><a href=\"http:\/\/lattes.cnpq.br\/1033138909231401\">Prof.\u00aa Dr.\u00aa T\u00e2nia Regina Lobato dos Santos<\/a><\/li>\n\n\n\n<li><a href=\"http:\/\/lattes.cnpq.br\/3098151299356975\">Prof.\u00aa Dr.\u00aa Jacirene Vasconcelos de Albuquerque<\/a><\/li>\n<\/ul>\n\n\n\n<p class=\"has-text-align-center has-ast-global-color-8-color has-text-color has-link-color wp-elements-5779907b35340255d8ab838d88d1ff55\"><strong>EDUCA\u00c7\u00c3O MATEM\u00c1TICA E PR\u00c1TICAS PEDAG\u00d3GICAS INOVADORAS<\/strong><\/p>\n\n\n\n<p class=\"has-ast-global-color-8-color has-text-color has-link-color wp-elements-0cc8870a363f228013e06684c47690e3\">Realiza estudos sobre doc\u00eancia e pr\u00e1ticas inovadoras no \u00e2mbito da Educa\u00e7\u00e3o B\u00e1sica e da Educa\u00e7\u00e3o Superior, bem como nos impactos sociais. com foco na Educa\u00e7\u00e3o Matem\u00e1tica.<\/p>\n\n\n\n<ul class=\"wp-block-list\">\n<li><a href=\"http:\/\/lattes.cnpq.br\/3739552118066554\">Prof. Dr. F\u00e1bio Jos\u00e9 da Costa Alves;<\/a><\/li>\n\n\n\n<li><a href=\"http:\/\/lattes.cnpq.br\/4323922632919962\">Prof. Dr. Pedro Franco de S\u00e1;<\/a><\/li>\n\n\n\n<li><a href=\"http:\/\/lattes.cnpq.br\/2330267916634053\">Prof.\u00aa Dr.\u00aa Rosineide de Souza Juc\u00e1<\/a><\/li>\n<\/ul>\n\n\n\n<p><\/p>\n\n\n\n<p><\/p>\n\n\n\n<div class=\"wp-block-uagb-advanced-heading uagb-block-a865fd55\"><h3 class=\"uagb-heading-text\"><strong>Saberes Culturais e Educa\u00e7\u00e3o na Amaz\u00f4nia<\/strong><\/h3><\/div>\n\n\n\n<p><\/p>\n\n\n\n<p class=\"has-ast-global-color-8-color has-text-color has-link-color wp-elements-255375320094c8f368653163092418b1\">Investiga temas educacionais relacionados ao contexto cultural brasileiro e amaz\u00f4nico, refletindo sobre saberes, representa\u00e7\u00f5es, imagin\u00e1rios, conhecimentos e poder inerentes \u00e0s pr\u00e1ticas socioculturais e educativas, visando contribuir para a constru\u00e7\u00e3o de pr\u00e1ticas sociais e educacionais inovadoras. Destaca-se que a Linha, dada a sua natureza, favorece a integra\u00e7\u00e3o de diferentes \u00e1reas de conhecimento (educa\u00e7\u00e3o, filosofia, sociologia, lingu\u00edstica, literatura, antropologia, hist\u00f3ria, entre outras) e o desenvolvimento da pesquisa interdisciplinar, possibilitando, tamb\u00e9m, integra\u00e7\u00e3o dos docentes em projetos comuns de pesquisa.<\/p>\n\n\n\n<h3 class=\"wp-block-heading has-text-align-center has-ast-global-color-1-color has-text-color has-link-color wp-elements-092f7f2b75c8e39efbfd478db593cbfb\"><strong>Eixos Tem\u00e1ticos<\/strong><\/h3>\n\n\n\n<p class=\"has-text-align-center has-ast-global-color-8-color has-text-color has-link-color wp-elements-3da5858b2a5654fbe03d9e938019326b\"><strong>HIST\u00d3RIA DA EDUCA\u00c7\u00c3O NA AMAZ\u00d4NIA<\/strong><\/p>\n\n\n\n<p class=\"has-ast-global-color-8-color has-text-color has-link-color wp-elements-ffad4632dffa8e75c03bacadd7d2512e\">Estuda a hist\u00f3ria das institui\u00e7\u00f5es educativas, dos intelectuais, das disciplinas, dos impressos pedag\u00f3gicos, da educa\u00e7\u00e3o profissional e secund\u00e1ria, bem como a hist\u00f3ria de processos e pr\u00e1ticas de sociabilidades em espa\u00e7os n\u00e3o escolares na Amaz\u00f4nia.<\/p>\n\n\n\n<ul class=\"wp-block-list\">\n<li><a href=\"http:\/\/lattes.cnpq.br\/6849661131305117\"><strong>Prof.\u00aa Dr.\u00aa Maria Bet\u00e2nia Barbosa Albuquerque;<\/strong><\/a><\/li>\n\n\n\n<li><a href=\"http:\/\/lattes.cnpq.br\/7005058905002975\"><strong>Prof.\u00aa Dr.\u00aa Maria do Perp\u00e9tuo Socorro Avelino de Fran\u00e7a<\/strong><\/a><\/li>\n<\/ul>\n\n\n\n<p class=\"has-text-align-center has-ast-global-color-8-color has-text-color has-link-color wp-elements-ec6eb3521c1fdbf63c5da22f77e5a937\"><strong>EDUCA\u00c7\u00c3O, INCLUS\u00c3O E DIVERSIDADE NA AMAZ\u00d4NIA<\/strong><\/p>\n\n\n\n<p class=\"has-ast-global-color-8-color has-text-color has-link-color wp-elements-05f6766f3e8716646dc70471ece074e1\">Realiza estudos com crian\u00e7as, jovens, adultos e idosos na educa\u00e7\u00e3o popular e\/ou especial no contexto das pol\u00edticas e pr\u00e1ticas educativas; sobre interculturalidade cr\u00edtica, decolonialidade, justi\u00e7a socioambiental em territ\u00f3rios rurais ribeirinhos e urbanos.<\/p>\n\n\n\n<ul class=\"wp-block-list\">\n<li><a href=\"http:\/\/lattes.cnpq.br\/6486192420682817\">Prof.\u00aa Dr.\u00aa Ivanilde Apoluceno de Oliveira<\/a><\/li>\n\n\n\n<li><a href=\"http:\/\/lattes.cnpq.br\/0804431852151011\">Prof. Dr. Jos\u00e9 Anchieta de Oliveira Bentes<\/a><\/li>\n\n\n\n<li><a href=\"http:\/\/lattes.cnpq.br\/2200605980961260\">Prof.\u00aa Dr.\u00aa Maria das Gra\u00e7as da Silva<\/a><\/li>\n\n\n\n<li><a href=\"http:\/\/lattes.cnpq.br\/8895925056543539\">Prof. Dr. Leonardo Gon\u00e7alves de Alvarenga<\/a><\/li>\n<\/ul>\n\n\n\n<p class=\"has-text-align-center has-ast-global-color-8-color has-text-color has-link-color wp-elements-e7807dd0e4bde355a1427ed469715e94\"><strong>LINGUAGEM, IMAGIN\u00c1RIO, PO\u00c9TICA E EDUCA\u00c7\u00c3O NA AMAZ\u00d4NIA<\/strong><\/p>\n\n\n\n<p class=\"has-ast-global-color-8-color has-text-color has-link-color wp-elements-dfd46b33b1ca5cf125607e656407fc8a\">Realiza estudos sobre diferentes linguagens, no campo lingu\u00edstico, liter\u00e1rio, l\u00fadico e religioso, a partir de temas ligados \u00e0 produ\u00e7\u00e3o e recep\u00e7\u00e3o po\u00e9tica, mem\u00f3ria, cultura e imagin\u00e1rio.<\/p>\n\n\n\n<ul class=\"wp-block-list\">\n<li><a href=\"http:\/\/lattes.cnpq.br\/3419837056969280\">Prof.\u00aa Dr.\u00aa Nazar\u00e9 Cristina Carvalho;<\/a><\/li>\n\n\n\n<li><a href=\"http:\/\/lattes.cnpq.br\/4987306548638650\">Prof. Dr. Paulo Jorge Martins Nunes;<\/a><\/li>\n\n\n\n<li><a href=\"http:\/\/lattes.cnpq.br\/8603721964124324\">Prof.\u00aa Dr.\u00aa Taissa Tavernard de Luca<\/a><\/li>\n<\/ul>\n\n\n\n<p class=\"has-text-align-center has-ast-global-color-8-color has-text-color has-link-color wp-elements-dec5c2e8368664cc40e102873905baf4\"><strong>PENSAMENTO SOCIAL E PR\u00c1TICAS EDUCACIONAIS LATINO-AMERICANAS<\/strong><\/p>\n\n\n\n<p class=\"has-ast-global-color-8-color has-text-color has-link-color wp-elements-1918eac3dc618dcf343afd627ba53764\">Realiza estudos sobre pensamento socioeducacional latino-americano, com \u00eanfase na realidade das Amaz\u00f4nias e na contribui\u00e7\u00e3o das teorias p\u00f3s coloniais e decoloniais; pesquisa experi\u00eancias educativas dos povos e movimentos sociais das cidades, do campo, das florestas e das \u00e1guas.<\/p>\n\n\n\n<ul class=\"wp-block-list\">\n<li><a href=\"http:\/\/lattes.cnpq.br\/1347947243469780\">Prof. Dr. S\u00e9rgio Roberto Moraes C\u00f4rrea<\/a><\/li>\n\n\n\n<li><a href=\"http:\/\/lattes.cnpq.br\/6415743127554581\">Prof. Dr. Jo\u00e3o Colares da Mota Neto<\/a><\/li>\n<\/ul>\n","protected":false},"excerpt":{"rendered":"<p>O Programa possui duas Linhas de Pesquisa: Forma\u00e7\u00e3o de Professores, Doc\u00eancia e Pr\u00e1ticas Educativas e Saberes Culturais e Educa\u00e7\u00e3o na Amaz\u00f4nia.\u00a0Cada linha do Programa possui eixos tem\u00e1ticos que contam coordena\u00e7\u00f5es espec\u00edficas eleitas pelos seus pares e que desenvolve a\u00e7\u00f5es colegiadas com docentes, discentes e a Coordena\u00e7\u00e3o Geral do Programa. Forma\u00e7\u00e3o de Professores, Doc\u00eancia e Pr\u00e1ticas [&hellip;]<\/p>\n","protected":false},"author":4,"featured_media":0,"parent":15,"menu_order":0,"comment_status":"closed","ping_status":"closed","template":"","meta":{"_uag_custom_page_level_css":"","site-sidebar-layout":"default","site-content-layout":"","ast-site-content-layout":"","site-content-style":"default","site-sidebar-style":"default","ast-global-header-display":"","ast-banner-title-visibility":"","ast-main-header-display":"","ast-hfb-above-header-display":"","ast-hfb-below-header-display":"","ast-hfb-mobile-header-display":"","site-post-title":"","ast-breadcrumbs-content":"","ast-featured-img":"","footer-sml-layout":"","theme-transparent-header-meta":"","adv-header-id-meta":"","stick-header-meta":"","header-above-stick-meta":"","header-main-stick-meta":"","header-below-stick-meta":"","astra-migrate-meta-layouts":"default","ast-page-background-enabled":"default","ast-page-background-meta":{"desktop":{"background-color":"var(--ast-global-color-4)","background-image":"","background-repeat":"repeat","background-position":"center center","background-size":"auto","background-attachment":"scroll","background-type":"","background-media":"","overlay-type":"","overlay-color":"","overlay-gradient":""},"tablet":{"background-color":"","background-image":"","background-repeat":"repeat","background-position":"center center","background-size":"auto","background-attachment":"scroll","background-type":"","background-media":"","overlay-type":"","overlay-color":"","overlay-gradient":""},"mobile":{"background-color":"","background-image":"","background-repeat":"repeat","background-position":"center center","background-size":"auto","background-attachment":"scroll","background-type":"","background-media":"","overlay-type":"","overlay-color":"","overlay-gradient":""}},"ast-content-background-meta":{"desktop":{"background-color":"var(--ast-global-color-5)","background-image":"","background-repeat":"repeat","background-position":"center center","background-size":"auto","background-attachment":"scroll","background-type":"","background-media":"","overlay-type":"","overlay-color":"","overlay-gradient":""},"tablet":{"background-color":"var(--ast-global-color-5)","background-image":"","background-repeat":"repeat","background-position":"center center","background-size":"auto","background-attachment":"scroll","background-type":"","background-media":"","overlay-type":"","overlay-color":"","overlay-gradient":""},"mobile":{"background-color":"var(--ast-global-color-5)","background-image":"","background-repeat":"repeat","background-position":"center center","background-size":"auto","background-attachment":"scroll","background-type":"","background-media":"","overlay-type":"","overlay-color":"","overlay-gradient":""}},"footnotes":""},"class_list":["post-12253","page","type-page","status-publish","hentry"],"uagb_featured_image_src":{"full":false,"thumbnail":false,"medium":false,"medium_large":false,"large":false,"1536x1536":false,"2048x2048":false},"uagb_author_info":{"display_name":"ppged@uepa.br","author_link":"https:\/\/propesp.uepa.br\/ppged\/author\/ppgeduepa-br\/"},"uagb_comment_info":0,"uagb_excerpt":"O Programa possui duas Linhas de Pesquisa: Forma\u00e7\u00e3o de Professores, Doc\u00eancia e Pr\u00e1ticas Educativas e Saberes Culturais e Educa\u00e7\u00e3o na Amaz\u00f4nia.\u00a0Cada linha do Programa possui eixos tem\u00e1ticos que contam coordena\u00e7\u00f5es espec\u00edficas eleitas pelos seus pares e que desenvolve a\u00e7\u00f5es colegiadas com docentes, discentes e a Coordena\u00e7\u00e3o Geral do Programa. Forma\u00e7\u00e3o de Professores, Doc\u00eancia e Pr\u00e1ticas&hellip;","_links":{"self":[{"href":"https:\/\/propesp.uepa.br\/ppged\/wp-json\/wp\/v2\/pages\/12253","targetHints":{"allow":["GET"]}}],"collection":[{"href":"https:\/\/propesp.uepa.br\/ppged\/wp-json\/wp\/v2\/pages"}],"about":[{"href":"https:\/\/propesp.uepa.br\/ppged\/wp-json\/wp\/v2\/types\/page"}],"author":[{"embeddable":true,"href":"https:\/\/propesp.uepa.br\/ppged\/wp-json\/wp\/v2\/users\/4"}],"replies":[{"embeddable":true,"href":"https:\/\/propesp.uepa.br\/ppged\/wp-json\/wp\/v2\/comments?post=12253"}],"version-history":[{"count":3,"href":"https:\/\/propesp.uepa.br\/ppged\/wp-json\/wp\/v2\/pages\/12253\/revisions"}],"predecessor-version":[{"id":12257,"href":"https:\/\/propesp.uepa.br\/ppged\/wp-json\/wp\/v2\/pages\/12253\/revisions\/12257"}],"up":[{"embeddable":true,"href":"https:\/\/propesp.uepa.br\/ppged\/wp-json\/wp\/v2\/pages\/15"}],"wp:attachment":[{"href":"https:\/\/propesp.uepa.br\/ppged\/wp-json\/wp\/v2\/media?parent=12253"}],"curies":[{"name":"wp","href":"https:\/\/api.w.org\/{rel}","templated":true}]}}