{"id":6163,"date":"2021-07-19T11:05:05","date_gmt":"2021-07-19T14:05:05","guid":{"rendered":"https:\/\/propesp.uepa.br\/ppged\/?page_id=6163"},"modified":"2021-07-19T11:05:05","modified_gmt":"2021-07-19T14:05:05","slug":"processo-seletivo-2021-mestrado","status":"publish","type":"page","link":"https:\/\/propesp.uepa.br\/ppged\/processo-seletivo-2021-mestrado\/","title":{"rendered":"PROCESSO SELETIVO 2021 &#8211; MESTRADO"},"content":{"rendered":"<p>&nbsp;<\/p>\n<p style=\"text-align: center;\"><img loading=\"lazy\" decoding=\"async\" class=\"alignnone  wp-image-273\" src=\"https:\/\/propesp.uepa.br\/ppged\/wp-content\/uploads\/2016\/12\/cropped-cropped-Brasaouepa.png\" alt=\"\" width=\"67\" height=\"67\" \/><\/p>\n<p style=\"text-align: center;\"><strong><span style=\"font-family: 'trebuchet ms', geneva, sans-serif;\">UNIVERSIDADE DO ESTADO DO PAR\u00c1<\/span><\/strong><br \/>\n<strong><span style=\"font-family: 'trebuchet ms', geneva, sans-serif;\">PR\u00d3-REITORIA DE PESQUISA E P\u00d3S-GRADUA\u00c7\u00c3O<\/span><\/strong><br \/>\n<strong><span style=\"font-family: 'trebuchet ms', geneva, sans-serif;\">CENTRO DE CI\u00caNCIAS SOCIAIS E EDUCA\u00c7\u00c3O<\/span><\/strong><br \/>\n<strong><span style=\"font-family: 'trebuchet ms', geneva, sans-serif;\">PROGRAMA DE P\u00d3S-GRADUA\u00c7\u00c3O EM EDUCA\u00c7\u00c3O<\/span><\/strong><\/p>\n<p style=\"text-align: center;\"><span style=\"color: #000000;\"><span style=\"font-family: 'trebuchet ms', geneva, sans-serif;\"><strong>EDITAL N\u00ba 44\/2021<br \/>\n<\/strong><\/span><strong style=\"font-family: 'trebuchet ms', geneva, sans-serif;\">EDITAL DE SELE\u00c7\u00c3O DO MESTRADO<br \/>\n<\/strong><span style=\"font-family: 'trebuchet ms', geneva, sans-serif;\"><strong>PROGRAMA DE P\u00d3S-GRADUA\u00c7\u00c3O EM EDUCA\u00c7\u00c3O ANO ACAD\u00caMICO 2022 <\/strong><\/span><\/span><\/p>\n<p>&nbsp;<\/p>\n<p style=\"text-align: justify;\"><span style=\"font-family: 'trebuchet ms', geneva, sans-serif; color: #000000;\">O Magnifico Reitor da Universidade do Estado do Par\u00e1 &#8211; UEPA torna p\u00fablico que a partir do dia 22\/07\/2021, o Programa de P\u00f3s-Gradua\u00e7\u00e3o em Educa\u00e7\u00e3o receber\u00e1 as inscri\u00e7\u00f5es ao Processo de Sele\u00e7\u00e3o do <strong>MESTRADO<\/strong> para a turma de 2022, com entrada no primeiro semestre de 2022. As inscri\u00e7\u00f5es dever\u00e3o ser realizadas, <strong>exclusivamente<\/strong>, pelo site: <u>http:\/\/ccse.uepa.br\/ppged<\/u>, de acordo com o cronograma, constante do Anexo I, e as normas estabelecidas neste Edital.<\/span><\/p>\n<p style=\"text-align: justify;\"><span style=\"font-family: 'trebuchet ms', geneva, sans-serif; color: #000000;\">As inscri\u00e7\u00f5es dever\u00e3o ser realizadas, <strong>exclusivamente<\/strong>, pelo site: http:\/\/ccse.uepa.br\/ppged, de acordo com o cronograma e normas estabelecidas neste Edital.<\/span><\/p>\n<p style=\"text-align: justify;\"><span style=\"font-family: 'trebuchet ms', geneva, sans-serif; color: #000000;\">O edital est\u00e1 dispon\u00edvel no site: http:\/\/ccse.uepa.br\/ppged mais informa\u00e7\u00f5es poder\u00e3o ser obtidas por meio do fone: (91) 4009-9552 ou e-mail: ppged.uepa@gmail.com.<\/span><\/p>\n<p style=\"text-align: justify;\"><span style=\"font-family: 'trebuchet ms', geneva, sans-serif; color: #000000;\">\u00a0Bel\u00e9m, 30 de junho de 2021<\/span><\/p>\n<p>&nbsp;<\/p>\n<p style=\"text-align: center;\"><span style=\"color: #000000;\"><span style=\"font-family: 'trebuchet ms', geneva, sans-serif;\"><strong>Clay Anderson Nunes Chagas <br \/>\n<\/strong><\/span><span style=\"font-family: 'trebuchet ms', geneva, sans-serif;\">Reitor da Universidade do Estado do Par\u00e1<\/span><\/span><\/p>\n<p>&nbsp;<\/p>\n<p><strong><span style=\"font-family: 'trebuchet ms', geneva, sans-serif; font-size: 14pt;\">Linhas de Pesquisas.<\/span><\/strong><\/p>\n<ul>\n<li style=\"text-align: justify;\"><strong><span style=\"font-family: 'trebuchet ms', geneva, sans-serif; color: #000000;\">Forma\u00e7\u00e3o de Professores e Pr\u00e1ticas Pedag\u00f3gicas:<\/span><\/strong><br \/>\n<span style=\"font-family: 'trebuchet ms', geneva, sans-serif; color: #000000;\">Realiza estudos e pesquisas no campo da forma\u00e7\u00e3o inicial e continuada de professores e, especificamente, no contexto amaz\u00f4nico, bem como de pr\u00e1ticas pedag\u00f3gicas no ambiente da educa\u00e7\u00e3o b\u00e1sica e superior, na busca de aprofundamento te\u00f3rico-metodol\u00f3gico de pol\u00edticas, saberes e pr\u00e1ticas que contribuam para a constru\u00e7\u00e3o de projetos alternativos \u00e0 forma\u00e7\u00e3o e ao desenvolvimento de pr\u00e1ticas pedag\u00f3gicas inovadoras.<\/span><\/li>\n<\/ul>\n<p>&nbsp;<\/p>\n<ul>\n<li style=\"text-align: justify;\"><strong><span style=\"font-family: 'trebuchet ms', geneva, sans-serif; color: #000000;\">Saberes Culturais e Educa\u00e7\u00e3o na Amaz\u00f4nia:<\/span><\/strong><br \/>\n<span style=\"font-family: 'trebuchet ms', geneva, sans-serif; color: #000000;\">Investiga temas educacionais relacionados ao contexto brasileiro e amaz\u00f4nico, como saberes, representa\u00e7\u00f5es, imagin\u00e1rios, conhecimento e poder inerentes \u00e0s pr\u00e1ticas socioculturais e educativas. Tem como objetivo contribuir para a constru\u00e7\u00e3o de pr\u00e1ticas socioeducacionais, \u00e9tica, epistemol\u00f3gica e politicamente comprometidas com os saberes dos grupos socialmente exclu\u00eddos e fortalecer a identidade cultural amaz\u00f4nica.<\/span><\/li>\n<\/ul>\n<p>&nbsp;<\/p>\n<p><span style=\"color: #000000;\"><strong><span style=\"font-family: 'trebuchet ms', geneva, sans-serif;\">BIBLIOGRAFIA GERAL PARA A PROVA ESCRITA DO MESTRADO (PARA OS CANDIDATOS DA LINHA DE SABERES CULTURAIS E EDUCA\u00c7\u00c3O NA AMAZ\u00d4NIA);<\/span><\/strong><\/span><br \/>\n<span style=\"color: #000000;\"><em><strong><span style=\"font-family: 'trebuchet ms', geneva, sans-serif;\">&#8220;SABERES DA EXPERI\u00caNCIA SABERES ESCOLARES: di\u00e1logos interculturais&#8221;.<\/span><\/strong><\/em><\/span><br \/>\n<em><span style=\"font-family: 'trebuchet ms', geneva, sans-serif;\"><span style=\"color: #000000;\"><strong>ALBUQUERQUE<\/strong>, Maria Bet\u00e2nia B. (Org); <strong>FARES<\/strong>. Josebel Akel. <strong>SILVA<\/strong>. Maria das Gra\u00e7as da. e <strong>CARVALHO<\/strong>. Nazar\u00e9 Cristina.<\/span><br \/>\n<img loading=\"lazy\" decoding=\"async\" class=\"alignnone size-full wp-image-460\" src=\"https:\/\/propesp.uepa.br\/ppged\/wp-content\/uploads\/2017\/01\/download-e1486389457443.png\" alt=\"\" width=\"25\" height=\"25\" \/><a href=\"https:\/\/propesp.uepa.br\/ppged\/wp-content\/uploads\/2021\/08\/saberesBibio.pdf\"><strong> Arquivo Completo em PDF.<\/strong><\/a><\/span><\/em><\/p>\n<p>&nbsp;<\/p>\n<p><img loading=\"lazy\" decoding=\"async\" class=\"alignnone size-full wp-image-460\" src=\"https:\/\/propesp.uepa.br\/ppged\/wp-content\/uploads\/2017\/01\/download-e1486389457443.png\" alt=\"\" width=\"25\" height=\"25\" \/> <a href=\"https:\/\/propesp.uepa.br\/ppged\/wp-content\/uploads\/editais\/EDITAL_MESTRADO_ PPGED_2021_19_de_julho_de_2021_pubicado.pdf\"><span style=\"font-family: 'trebuchet ms', geneva, sans-serif; font-size: 14pt;\"><strong>Edital 44\/2021 &#8211; Mestrado<\/strong><\/span><\/a><\/p>\n<p><img loading=\"lazy\" decoding=\"async\" class=\"alignnone size-full wp-image-460\" src=\"https:\/\/propesp.uepa.br\/ppged\/wp-content\/uploads\/2017\/01\/download-e1486389457443.png\" alt=\"\" width=\"25\" height=\"25\" \/> <a href=\"https:\/\/propesp.uepa.br\/ppged\/wp-content\/uploads\/2021\/07\/ERRATA_01_MESTRADO_20_DE_JULHO_DE_2021.pdf\"><strong><span style=\"font-family: 'trebuchet ms', geneva, sans-serif; font-size: 14pt;\">Errata 01\/2021 &#8211; Processo Seletivo PPGED \u2013 Mestrado &#8211; Edital N\u00ba 44\/2021<\/span><\/strong><\/a><\/p>\n<p><img loading=\"lazy\" decoding=\"async\" class=\"alignnone size-full wp-image-460\" src=\"https:\/\/propesp.uepa.br\/ppged\/wp-content\/uploads\/2017\/01\/download-e1486389457443.png\" alt=\"\" width=\"25\" height=\"25\" \/> <a href=\"https:\/\/propesp.uepa.br\/ppged\/wp-content\/uploads\/2021\/07\/ERRATA_02_MESTRADO_20_DE_JULHO_DE_2021.pdf\"><strong><span style=\"font-family: 'trebuchet ms', geneva, sans-serif; font-size: 14pt;\">Errata 02\/2021 &#8211; Processo Seletivo PPGED \u2013 Mestrado &#8211; Edital N\u00ba 44\/2021<\/span><\/strong><\/a><\/p>\n<p style=\"text-align: justify;\">\n<span style=\"font-size: 14pt; color: #ff6600; font-family: 'trebuchet ms', geneva, sans-serif;\"><span style=\"font-size: 14pt;\"><b>Resultado <\/b><\/span><span style=\"font-size: 18.6667px;\"><b>pr\u00e9vio<\/b><\/span><span style=\"font-size: 14pt;\"><b>\u00a0da solicita\u00e7\u00e3o de isen\u00e7\u00e3o por hipossufici\u00eancia econ\u00f4mica, institucional e PcD.<\/b><\/span><\/span><\/p>\n<p><img loading=\"lazy\" decoding=\"async\" class=\"alignnone size-full wp-image-460\" src=\"https:\/\/propesp.uepa.br\/ppged\/wp-content\/uploads\/2017\/01\/download-e1486389457443.png\" alt=\"\" width=\"25\" height=\"25\" \/><strong><span style=\"font-size: 14pt; font-family: 'trebuchet ms', geneva, sans-serif;\">Linha de Forma\u00e7\u00e3o de Professores e Pr\u00e1ticas Pedag\u00f3gicas.<\/span> <a href=\"https:\/\/propesp.uepa.br\/ppged\/wp-content\/uploads\/2021\/08\/Isencao-mestrado-PS2021_Edital_044_Formacao-de-Professores.pdf\"><span style=\"font-size: 14pt; font-family: 'trebuchet ms', geneva, sans-serif;\">Clique Aqui!!!<\/span><\/a><\/strong><\/p>\n<p><img loading=\"lazy\" decoding=\"async\" class=\"alignnone size-full wp-image-460\" src=\"https:\/\/propesp.uepa.br\/ppged\/wp-content\/uploads\/2017\/01\/download-e1486389457443.png\" alt=\"\" width=\"25\" height=\"25\" \/><span style=\"font-size: 14pt; font-family: 'trebuchet ms', geneva, sans-serif;\"><strong>Linha de Saberes Culturais e Educa\u00e7\u00e3o na Amaz\u00f4nia.<\/strong> <strong><a href=\"https:\/\/propesp.uepa.br\/ppged\/wp-content\/uploads\/2021\/08\/Isencao_Mestrado_PS2021_Edital_044_Linha-Saberes_Culturais_da_Amazonia.pdf\">Clique Aqui!!!<\/a><br \/>\n<span style=\"color: #000000;\"><span style=\"font-size: 10pt;\">publicado em: 03\/08\/2021 as 00:02:07 AM<\/span><\/span><\/strong><br \/>\n<\/span><\/p>\n<p>&nbsp;<\/p>\n<p><span style=\"font-size: 14pt; font-family: 'trebuchet ms', geneva, sans-serif;\"><strong><span style=\"color: #ff6600; font-family: 'trebuchet ms', geneva, sans-serif;\"><b><span style=\"font-size: 14pt;\">Resultado <\/span><span style=\"font-size: 18.6667px;\">Final <\/span><\/b><span style=\"font-size: 14pt;\"><b>da solicita\u00e7\u00e3o de isen\u00e7\u00e3o por hipossufici\u00eancia econ\u00f4mica, institucional e PcD.<\/b><\/span><\/span><\/strong><strong><br \/>\n<\/strong><\/span><\/p>\n<p style=\"text-align: justify;\"><img loading=\"lazy\" decoding=\"async\" class=\"alignnone size-full wp-image-460\" src=\"https:\/\/propesp.uepa.br\/ppged\/wp-content\/uploads\/2017\/01\/download-e1486389457443.png\" alt=\"\" width=\"25\" height=\"25\" \/><span style=\"font-family: 'trebuchet ms', geneva, sans-serif; font-size: 14pt;\"><strong>Resultado do Recurso da Solicita\u00e7\u00e3o de Isen\u00e7\u00e3o Mestrado Ps2021 Linha de Pesquisa Forma\u00e7\u00e3o de Professores e Pr\u00e1ticas Pedag\u00f3gicas. <a href=\"https:\/\/propesp.uepa.br\/ppged\/wp-content\/uploads\/2021\/08\/2_Resultado_-Recurso_Isencao_mestrado_PS2021_Formacao_de_Professores.pdf\">Clique Aqui!!!<\/a><br \/>\n<span style=\"color: #000000;\"><span style=\"font-size: 10pt;\">publicado em: 09\/08\/2021 as 15:15:18 PM<\/span><\/span><br \/>\n<\/strong><\/span><\/p>\n<p style=\"text-align: justify;\"><img loading=\"lazy\" decoding=\"async\" class=\"alignnone size-full wp-image-460\" src=\"https:\/\/propesp.uepa.br\/ppged\/wp-content\/uploads\/2017\/01\/download-e1486389457443.png\" alt=\"\" width=\"25\" height=\"25\" \/><span style=\"font-size: 14pt; font-family: 'trebuchet ms', geneva, sans-serif;\"><strong>Resultado Final da Solicita\u00e7\u00e3o de Isen\u00e7\u00e3o Mestrado Ps2021 Linha de Pesquisa Forma\u00e7\u00e3o de Professores e Pr\u00e1ticas Pedag\u00f3gicas. <a href=\"https:\/\/propesp.uepa.br\/ppged\/wp-content\/uploads\/2021\/08\/3_RESULTADO_-Final_Isencao_mestrado_PS2021_Formacao_de_Professores.pdf\">Clique Aqui!!!<\/a><br \/>\n<span style=\"color: #000000;\"><span style=\"font-size: 10pt;\">publicado em: 09\/08\/2021 as 15:18:18 PM<\/span><\/span><\/strong><\/span><\/p>\n<p style=\"text-align: justify;\"><img loading=\"lazy\" decoding=\"async\" class=\"alignnone size-full wp-image-460\" src=\"https:\/\/propesp.uepa.br\/ppged\/wp-content\/uploads\/2017\/01\/download-e1486389457443.png\" alt=\"\" width=\"25\" height=\"25\" \/><span style=\"font-family: 'trebuchet ms', geneva, sans-serif; font-size: 14pt;\"><strong>Resultado do Recurso da Solicita\u00e7\u00e3o de Isen\u00e7\u00e3o Mestrado &#8211; Ps2021 Linha de Pesquisa Saberes Culturais e Educa\u00e7\u00e3o na Amaz\u00f4nia. <a href=\"https:\/\/propesp.uepa.br\/ppged\/wp-content\/uploads\/2021\/08\/2_Resultado_Recurso_Isencao-Mestrado_PS2021_Linha_Saberes_culturais_da_Amazonia.pdf\">Clique Aqui!!!<\/a><br \/>\n<span style=\"color: #000000;\"><span style=\"font-size: 10pt;\">publicado em: 09\/08\/2021 as 15:18:18 PM<\/span><\/span><br \/>\n<\/strong><\/span><\/p>\n<p style=\"text-align: justify;\"><img loading=\"lazy\" decoding=\"async\" class=\"alignnone size-full wp-image-460\" src=\"https:\/\/propesp.uepa.br\/ppged\/wp-content\/uploads\/2017\/01\/download-e1486389457443.png\" alt=\"\" width=\"25\" height=\"25\" \/><span style=\"font-family: 'trebuchet ms', geneva, sans-serif; font-size: 14pt;\"><strong>Resultado Final da Solicita\u00e7\u00e3o de Isen\u00e7\u00e3o Mestrado &#8211; Ps2021 Linha de Pesquisa Saberes Culturais e Educa\u00e7\u00e3o na Amaz\u00f4nia. <a href=\"https:\/\/propesp.uepa.br\/ppged\/wp-content\/uploads\/2021\/08\/3_Resultado_Final_Isencao-Mestrado_PS2021_Linha_Saberes_culturais_da_Amazonia.pdf\">Clique Aqui!!!<\/a><br \/>\n<span style=\"color: #000000;\"><span style=\"font-size: 10pt;\">publicado em: 09\/08\/2021 as 15:18:07 PM<\/span><\/span><br \/>\n<\/strong><\/span><\/p>\n<p>&nbsp;<\/p>\n<p><span style=\"font-size: 14pt; font-family: 'trebuchet ms', geneva, sans-serif;\"><strong><span style=\"color: #ff6600; font-family: 'trebuchet ms', geneva, sans-serif;\"><b><span style=\"font-size: 14pt;\">Divulga\u00e7\u00e3o Pr\u00e9via das Inscri\u00e7\u00f5es Deferidas<\/span><\/b><span style=\"font-size: 14pt;\"><b>.<\/b><\/span><\/span><\/strong><\/span><\/p>\n<p><img loading=\"lazy\" decoding=\"async\" class=\"alignnone size-full wp-image-460\" src=\"https:\/\/propesp.uepa.br\/ppged\/wp-content\/uploads\/2017\/01\/download-e1486389457443.png\" alt=\"\" width=\"25\" height=\"25\" \/><span style=\"font-size: 14pt; font-family: 'trebuchet ms', geneva, sans-serif;\"> <strong><span style=\"color: #000000;\">Linha de Forma\u00e7\u00e3o de Professores e Pr\u00e1ticas Pedag\u00f3gicas. <a href=\"https:\/\/propesp.uepa.br\/ppged\/wp-content\/uploads\/2021\/08\/Divulgacao_previa_das_Inscricoes_Deferidas_mestrado_Formacao.pdf\">Clique Aqui!!!<\/a><\/span><\/strong><\/span><\/p>\n<p><img loading=\"lazy\" decoding=\"async\" class=\"alignnone size-full wp-image-460\" src=\"https:\/\/propesp.uepa.br\/ppged\/wp-content\/uploads\/2017\/01\/download-e1486389457443.png\" alt=\"\" width=\"25\" height=\"25\" \/> <span style=\"color: #000000;\"><strong><span style=\"font-size: 14pt; font-family: 'trebuchet ms', geneva, sans-serif;\">Linha de Saberes Culturais e Educa\u00e7\u00e3o na Amaz\u00f4nia. <a href=\"https:\/\/propesp.uepa.br\/ppged\/wp-content\/uploads\/2021\/08\/Divulgacao_Previa_das_Inscricoes_Deferidas_Mestrado_Linha_de_Saberes.pdf\">Clique Aqui!!!<\/a><br \/>\n<span style=\"font-size: 10pt;\">publicado em: 23\/08\/2021 as 14:14:07 PM<\/span><br \/>\n<\/span><\/strong><\/span><\/p>\n<p>&nbsp;<\/p>\n<p><span style=\"color: #ff6600;\"><strong><span style=\"font-family: 'trebuchet ms', geneva, sans-serif; font-size: 14pt;\">Resultado dos Recursos do Resultado das Inscri\u00e7\u00f5es do Mestrado Linhas Forma\u00e7\u00e3o de Professores e Pr\u00e1ticas Pedag\u00f3gicas e Saberes Culturais e Educa\u00e7\u00e3o na Amaz\u00f4nia.<br \/>\n<img loading=\"lazy\" decoding=\"async\" class=\"alignnone size-full wp-image-460\" src=\"https:\/\/propesp.uepa.br\/ppged\/wp-content\/uploads\/2017\/01\/download-e1486389457443.png\" alt=\"\" width=\"25\" height=\"25\" \/><span style=\"color: #000000;\"> Arquivo em PDF.<a href=\"https:\/\/propesp.uepa.br\/ppged\/wp-content\/uploads\/2021\/08\/Resultado_Recurso_Mestrado_Edita_044_2021_recurso.pdf\"> Clique Aqui!!!<\/a><br \/>\n<span style=\"font-size: 10pt;\">publicado em: 27\/08\/2021 as 16:21:07 PM<\/span><\/span><br \/>\n<\/span><\/strong><\/span><\/p>\n<p>&nbsp;<\/p>\n<p><span style=\"font-size: 14pt; font-family: 'trebuchet ms', geneva, sans-serif;\"><strong><span style=\"color: #ff6600; font-family: 'trebuchet ms', geneva, sans-serif;\"><span style=\"font-size: 14pt;\"><b>Divulga\u00e7\u00e3o final do resultado das Inscri\u00e7\u00f5es .<\/b><\/span><\/span><\/strong><\/span><\/p>\n<p><img loading=\"lazy\" decoding=\"async\" class=\"alignnone size-full wp-image-460\" src=\"https:\/\/propesp.uepa.br\/ppged\/wp-content\/uploads\/2017\/01\/download-e1486389457443.png\" alt=\"\" width=\"25\" height=\"25\" \/><span style=\"font-size: 14pt; font-family: 'trebuchet ms', geneva, sans-serif;\"> <strong><span style=\"color: #000000;\">Linha de Forma\u00e7\u00e3o de Professores e Pr\u00e1ticas Pedag\u00f3gicas.<a href=\"https:\/\/propesp.uepa.br\/ppged\/wp-content\/uploads\/2021\/08\/Divulgacao_Final_das_Inscricoes_Deferidas_mestrado_Formacao.pdf\"> Clique Aqui!!!<\/a><\/span><\/strong><\/span><\/p>\n<p><img loading=\"lazy\" decoding=\"async\" class=\"alignnone size-full wp-image-460\" src=\"https:\/\/propesp.uepa.br\/ppged\/wp-content\/uploads\/2017\/01\/download-e1486389457443.png\" alt=\"\" width=\"25\" height=\"25\" \/> <span style=\"color: #000000;\"><strong><span style=\"font-size: 14pt; font-family: 'trebuchet ms', geneva, sans-serif;\">Linha de Saberes Culturais e Educa\u00e7\u00e3o na Amaz\u00f4nia. <a href=\"https:\/\/propesp.uepa.br\/ppged\/wp-content\/uploads\/2021\/08\/Divulgacao_Final_das_Inscricoes_Deferidas_Mestrado_Linha_de_Saberes.pdf\">Clique Aqui!!!<\/a><br \/>\n<span style=\"font-size: 10pt;\">publicado em: 27\/08\/2021 as 16:40:07 PM<\/span><\/span><\/strong><\/span><\/p>\n<p>&nbsp;<\/p>\n<p><span style=\"font-size: 14pt; font-family: 'trebuchet ms', geneva, sans-serif;\"><strong><span style=\"color: #ff6600; font-family: 'trebuchet ms', geneva, sans-serif;\"><span style=\"font-size: 14pt;\"><b><br \/>\nDivulga\u00e7\u00e3o do Resultado Parcial dos Aprovados na Prova Escrita\u00a0<\/b><\/span><\/span><\/strong><\/span><\/p>\n<p><img loading=\"lazy\" decoding=\"async\" class=\"alignnone size-full wp-image-460\" src=\"https:\/\/propesp.uepa.br\/ppged\/wp-content\/uploads\/2017\/01\/download-e1486389457443.png\" alt=\"\" width=\"25\" height=\"25\" \/><span style=\"font-size: 14pt; font-family: 'trebuchet ms', geneva, sans-serif;\"> <strong><span style=\"color: #000000;\">Linha de Forma\u00e7\u00e3o de Professores e Pr\u00e1ticas Pedag\u00f3gicas. <a href=\"https:\/\/propesp.uepa.br\/ppged\/wp-content\/uploads\/2021\/09\/DIVULGACAO_DO_RESULTADO_PARCIAL_DOS_APROVADOS_NA_PROVA_ESCRITA_FORMACAO.pdf\">Clique Aqui!!!<\/a><\/span><\/strong><\/span><\/p>\n<p><img loading=\"lazy\" decoding=\"async\" class=\"alignnone size-full wp-image-460\" src=\"https:\/\/propesp.uepa.br\/ppged\/wp-content\/uploads\/2017\/01\/download-e1486389457443.png\" alt=\"\" width=\"25\" height=\"25\" \/> <span style=\"color: #000000;\"><strong><span style=\"font-size: 14pt; font-family: 'trebuchet ms', geneva, sans-serif;\">Linha de Saberes Culturais e Educa\u00e7\u00e3o na Amaz\u00f4nia. <a href=\"https:\/\/propesp.uepa.br\/ppged\/wp-content\/uploads\/2021\/09\/DIVULGACAO_DO_RESULTADO_PARCIAL_DOS_APROVADOS_NA_PROVA_ESCRITA_SABERES.pdf\">Clique Aqui!!!<\/a><br \/>\n<span style=\"font-size: 10pt;\">publicado em: 24\/09\/2021 as 14:33:020 PM<\/span><\/span><\/strong><\/span><\/p>\n<p>&nbsp;<\/p>\n<p><span style=\"font-size: 14pt; font-family: 'trebuchet ms', geneva, sans-serif;\"><strong><span style=\"color: #ff6600; font-family: 'trebuchet ms', geneva, sans-serif;\"><span style=\"font-size: 14pt;\"><b>Divulga\u00e7\u00e3o de Respostas dos Recursos do Resultado da Prova Escrita\u00a0<\/b><\/span><\/span><\/strong><\/span><\/p>\n<p><img loading=\"lazy\" decoding=\"async\" class=\"alignnone size-full wp-image-460\" src=\"https:\/\/propesp.uepa.br\/ppged\/wp-content\/uploads\/2017\/01\/download-e1486389457443.png\" alt=\"\" width=\"25\" height=\"25\" \/> <strong><span style=\"font-family: 'trebuchet ms', geneva, sans-serif; font-size: 14pt;\">Arquivo em PDF. <a href=\"https:\/\/propesp.uepa.br\/ppged\/wp-content\/uploads\/2021\/09\/RESPOSTAS_DOS_RECURSOS_DA_PROVA_ESCRITA_MESTRADO.pdf\">Clique Aqui!!!<\/a><br \/>\n<span style=\"color: #000000;\"><span style=\"font-size: 10pt;\">publicado em: 30\/09\/2021 as 15:50:00 PM<\/span><\/span><\/span><\/strong><\/p>\n<p>&nbsp;<\/p>\n<p><span style=\"font-size: 14pt; font-family: 'trebuchet ms', geneva, sans-serif;\"><strong><span style=\"color: #ff6600; font-family: 'trebuchet ms', geneva, sans-serif;\"><span style=\"font-size: 14pt;\"><b>\u00a0Resultado Final dos Aprovados na Prova Escrita\u00a0<\/b><\/span><\/span><\/strong><\/span><\/p>\n<p><img loading=\"lazy\" decoding=\"async\" class=\"alignnone size-full wp-image-460\" src=\"https:\/\/propesp.uepa.br\/ppged\/wp-content\/uploads\/2017\/01\/download-e1486389457443.png\" alt=\"\" width=\"25\" height=\"25\" \/><span style=\"font-size: 14pt; font-family: 'trebuchet ms', geneva, sans-serif;\"> <strong><span style=\"color: #000000;\">Linha de Forma\u00e7\u00e3o de Professores e Pr\u00e1ticas Pedag\u00f3gicas. <a href=\"https:\/\/propesp.uepa.br\/ppged\/wp-content\/uploads\/2021\/09\/Resultado-_Final_Aprovados_na_Prova_Escrita_Formacao.pdf\">Clique Aqui!!!<\/a><\/span><\/strong><\/span><\/p>\n<p><img loading=\"lazy\" decoding=\"async\" class=\"alignnone size-full wp-image-460\" src=\"https:\/\/propesp.uepa.br\/ppged\/wp-content\/uploads\/2017\/01\/download-e1486389457443.png\" alt=\"\" width=\"25\" height=\"25\" \/> <span style=\"color: #000000;\"><strong><span style=\"font-size: 14pt; font-family: 'trebuchet ms', geneva, sans-serif;\">Linha de Saberes Culturais e Educa\u00e7\u00e3o na Amaz\u00f4nia. <a href=\"https:\/\/propesp.uepa.br\/ppged\/wp-content\/uploads\/2021\/09\/RESULTADO_FINAL_DOS_APROVADOS_NA_PROVA_ESCRITA_SABERES.pdf\">Clique Aqui!!!<\/a><br \/>\n<span style=\"font-size: 10pt;\">publicado em: 30\/09\/2021 as 15:50:00 PM<\/span><\/span><\/strong><\/span><\/p>\n<h2 style=\"text-align: center;\"><span style=\"font-family: 'trebuchet ms', geneva, sans-serif;\"><strong><span style=\"color: #ff6600;\">ATEN\u00c7\u00c3O<\/span><\/strong><\/span><\/h2>\n<p><span style=\"color: #ff6600;\">\u00a0<strong><span style=\"font-family: 'trebuchet ms', geneva, sans-serif; font-size: 14pt;\">Errata 03\/2021 &#8211; Processo Seletivo PPGED \u2013 Mestrado &#8211; Edital N\u00ba 44\/2021<br \/>\n<img loading=\"lazy\" decoding=\"async\" class=\"alignnone size-full wp-image-460\" src=\"https:\/\/propesp.uepa.br\/ppged\/wp-content\/uploads\/2017\/01\/download-e1486389457443.png\" alt=\"\" width=\"25\" height=\"25\" \/> <span style=\"color: #000000;\">Arquivo em PDF. <a href=\"https:\/\/propesp.uepa.br\/ppged\/wp-content\/uploads\/2021\/09\/ERRATA_03_30_de_setembro_de_2021.pdf\">Clique Aqui!!!<\/a><\/span><br \/>\n<\/span><\/strong><\/span><span style=\"color: #000000;\"><strong><span style=\"font-size: 14pt; font-family: 'trebuchet ms', geneva, sans-serif;\"><span style=\"font-size: 10pt;\">publicado em: 30\/09\/2021 as 15:00 PM<\/span><\/span><\/strong><\/span><\/p>\n<p><span style=\"color: #ff6600;\">\u00a0<strong><span style=\"font-family: 'trebuchet ms', geneva, sans-serif; font-size: 14pt;\">Errata 04\/2021 &#8211; Processo Seletivo PPGED \u2013 Mestrado &#8211; Edital N\u00ba 44\/2021<br \/>\n<img loading=\"lazy\" decoding=\"async\" class=\"alignnone size-full wp-image-460\" src=\"https:\/\/propesp.uepa.br\/ppged\/wp-content\/uploads\/2017\/01\/download-e1486389457443.png\" alt=\"\" width=\"25\" height=\"25\" \/> <span style=\"color: #000000;\">Arquivo em PDF. <a href=\"https:\/\/propesp.uepa.br\/ppged\/wp-content\/uploads\/2021\/10\/errata_04_de_o4_de_outubro_de_2021.pdf\">Clique Aqui!!!<\/a><\/span><br \/>\n<\/span><\/strong><\/span><span style=\"color: #000000;\"><strong><span style=\"font-size: 14pt; font-family: 'trebuchet ms', geneva, sans-serif;\"><span style=\"font-size: 10pt;\">publicado em: 30\/09\/2021 as 15:00 PM<\/span><\/span><\/strong><\/span><\/p>\n<p>&nbsp;<\/p>\n<h2 style=\"text-align: center;\"><span style=\"font-family: 'trebuchet ms', geneva, sans-serif;\"><strong><span style=\"color: #ff6600;\">ATEN\u00c7\u00c3O<\/span><\/strong><\/span><\/h2>\n<p><span style=\"font-family: 'trebuchet ms', geneva, sans-serif; font-size: 14pt;\"><span style=\"font-family: trebuchet ms, geneva, sans-serif;\"><span style=\"font-size: 14pt;\"><b>Devido ao Facebook, Instagram e WhatsApp sofrerem uma queda generalizada nesta segunda-feira, dia 04\/10\/2021,o que afetou seus servi\u00e7os globalmente e alguns <\/b><\/span><span style=\"font-size: 18.6667px;\"><b>usu\u00e1rios<\/b><\/span><b style=\"font-size: 14pt;\"> do Google tiveram dificuldades em enviar e anexa documentos por <\/b><span style=\"font-size: 18.6667px;\"><b>e-mail<\/b><\/span><b style=\"font-size: 14pt;\">. A Coordena\u00e7\u00e3o do Processo Seletivo Edital 44\/2021 &#8211; Mestrado &#8211; Programa de P\u00f3s-Gradua\u00e7\u00e3o em Educa\u00e7\u00e3o. Resolve <\/b><span style=\"font-size: 18.6667px;\"><b>estender<\/b><\/span><b style=\"font-size: 14pt;\"> a data para envio da Proposta de Pesquisa das Linhas Forma\u00e7\u00e3o de Professores e Pr\u00e1ticas Pedag\u00f3gicas e da Linha Saberes Culturais e Educa\u00e7\u00e3o na Amaz\u00f4nia para <span style=\"color: #ff6600;\">05\/10\/2021 (Ter\u00e7a-Feira), at\u00e9 as 18 horas.<\/span><\/b><\/span><\/span><\/p>\n<p><span style=\"font-family: 'trebuchet ms', geneva, sans-serif; font-size: 14pt;\"><strong>A Coordena\u00e7\u00e3o do Processo Seletivo\u00a0 Edital 44\/2021<\/strong><\/span><\/p>\n<p>&nbsp;<\/p>\n<p><span style=\"color: #ff6600; font-size: 14pt;\"><strong><span style=\"font-family: 'trebuchet ms', geneva, sans-serif;\">Resultado Parcial da An\u00e1lise da Proposta de Pesquisa<\/span><\/strong><\/span><\/p>\n<p><strong><span style=\"font-family: 'trebuchet ms', geneva, sans-serif; font-size: 14pt;\">Linha de Forma\u00e7\u00e3o de Professores e Pr\u00e1ticas Pedag\u00f3gicas.<a href=\"https:\/\/propesp.uepa.br\/ppged\/wp-content\/uploads\/2021\/10\/29_10_FORMACAO_DIVULGACAO_DO_RESULTADO_PARCIAL_DA_ANALISE_DA_PROPOSTA_DE_PESQUISA.pdf\"> Clique Aqui!!!<\/a><\/span><\/strong><\/p>\n<p><strong><span style=\"font-family: 'trebuchet ms', geneva, sans-serif; font-size: 14pt;\">Linha de Saberes Culturais e Educa\u00e7\u00e3o na Amaz\u00f4nia. <a href=\"https:\/\/propesp.uepa.br\/ppged\/wp-content\/uploads\/2021\/10\/29_10_SABERES_DIVULGACAO_DO_RESULTADO_PARCIAL_DA_ANALISE_DA_PROPOSTA_DE_PESQUISA.pdf\">Clique Aqui!!!<\/a><\/span><\/strong><br \/>\n<strong><span style=\"font-family: 'trebuchet ms', geneva, sans-serif; font-size: 10pt;\">publicado em: 29\/09\/2021 as 09:20:00 PM<\/span><\/strong><\/p>\n<p>&nbsp;<\/p>\n<p><span style=\"font-size: 14pt; font-family: 'trebuchet ms', geneva, sans-serif;\"><strong><span style=\"color: #ff6600; font-family: 'trebuchet ms', geneva, sans-serif;\"><span style=\"font-size: 14pt;\"><b>Resultado dos Recursos do Resultado Parcial da Proposta de Pesquisa\u00a0<br \/>\n<\/b><\/span><\/span><\/strong><\/span><img loading=\"lazy\" decoding=\"async\" class=\"alignnone size-full wp-image-460\" src=\"https:\/\/propesp.uepa.br\/ppged\/wp-content\/uploads\/2017\/01\/download-e1486389457443.png\" alt=\"\" width=\"25\" height=\"25\" \/> <strong><span style=\"font-family: 'trebuchet ms', geneva, sans-serif; font-size: 14pt;\">Arquivo em PDF. <a href=\"https:\/\/propesp.uepa.br\/ppged\/wp-content\/uploads\/2021\/11\/resultado_pedido_de_recursos_mestrado_saberes_e_formacao_propostas_de_pesquisa_2021.pdf\">Clique Aqui!!!<\/a><br \/>\n<span style=\"color: #000000;\"><span style=\"font-size: 10pt;\">publicado em: 05\/11\/2021 as 14:22:00 PM<\/span><\/span><\/span><\/strong><\/p>\n<p>&nbsp;<\/p>\n<p><span style=\"font-size: 14pt; font-family: 'trebuchet ms', geneva, sans-serif; color: #ff6600;\"><strong>Resultado Final da An\u00e1lise da Proposta de Pesquisa<\/strong><br \/>\n<span style=\"color: #000000;\"><strong><span style=\"font-family: 'trebuchet ms', geneva, sans-serif; font-size: 14pt;\"><img loading=\"lazy\" decoding=\"async\" class=\"alignnone size-full wp-image-460\" src=\"https:\/\/propesp.uepa.br\/ppged\/wp-content\/uploads\/2017\/01\/download-e1486389457443.png\" alt=\"\" width=\"25\" height=\"25\" \/>Linha de Forma\u00e7\u00e3o de Professores e Pr\u00e1ticas Pedag\u00f3gicas. <a href=\"https:\/\/propesp.uepa.br\/ppged\/wp-content\/uploads\/2021\/11\/05_11_formacao_Divulgacao_do_Resultado_Final_da_Analise_da_Propostade-Pesquisa.pdf\">Clique Aqui!!!<\/a><br \/>\n<img loading=\"lazy\" decoding=\"async\" class=\"alignnone size-full wp-image-460\" src=\"https:\/\/propesp.uepa.br\/ppged\/wp-content\/uploads\/2017\/01\/download-e1486389457443.png\" alt=\"\" width=\"25\" height=\"25\" \/>Linha de Saberes Culturais e Educa\u00e7\u00e3o na Amaz\u00f4nia. <a href=\"https:\/\/propesp.uepa.br\/ppged\/wp-content\/uploads\/2021\/11\/05_11_SABERES_DIVULGACAO_DO_RESULTADO_FINAL_DA_ANALISE_DA_PROPOSTA_DE_PESQUISA.pdf\">Clique Aqui!!!<\/a><br \/>\n<span style=\"font-size: 10pt;\">publicado em: 05\/11\/2021 as 14:45:00 PM<\/span><\/span><\/strong><\/span><br \/>\n<\/span><\/p>\n<p>&nbsp;<\/p>\n<p><span style=\"color: #ff6600;\"><strong><span style=\"font-family: 'trebuchet ms', geneva, sans-serif; font-size: 14pt;\">Divulga\u00e7\u00e3o da Agenda de Entrevista<br \/>\n<span style=\"font-size: 14pt; font-family: 'trebuchet ms', geneva, sans-serif; color: #ff6600;\"><span style=\"color: #000000;\"><img loading=\"lazy\" decoding=\"async\" class=\"alignnone size-full wp-image-460\" src=\"https:\/\/propesp.uepa.br\/ppged\/wp-content\/uploads\/2017\/01\/download-e1486389457443.png\" alt=\"\" width=\"25\" height=\"25\" \/>Linha de Forma\u00e7\u00e3o de Professores e Pr\u00e1ticas Pedag\u00f3gicas. <a href=\"https:\/\/propesp.uepa.br\/ppged\/wp-content\/uploads\/2021\/11\/05_11_FORMACAO_calendario_de_entrevistas.pdf\">Clique Aqui!!!<\/a><br \/>\n<img loading=\"lazy\" decoding=\"async\" class=\"alignnone size-full wp-image-460\" src=\"https:\/\/propesp.uepa.br\/ppged\/wp-content\/uploads\/2017\/01\/download-e1486389457443.png\" alt=\"\" width=\"25\" height=\"25\" \/>Linha de Saberes Culturais e Educa\u00e7\u00e3o na Amaz\u00f4nia. <a href=\"https:\/\/propesp.uepa.br\/ppged\/wp-content\/uploads\/2021\/11\/05_11_SABERES_calendario_de_entrevistas.pdf\">Clique Aqui!!!<\/a><br \/>\n<span style=\"font-size: 10pt;\">publicado em: 05\/11\/2021 as 15:02:00 PM<\/span><\/span><\/span><br \/>\n<\/span><\/strong><\/span><\/p>\n<p><span style=\"color: #ff6600;\"><strong><span style=\"font-family: 'trebuchet ms', geneva, sans-serif; font-size: 14pt;\">Agenda das Bancas de Heteroidentifica\u00e7\u00e3o de Candidatos Negros conforme Item 1.3.5.<br \/>\n<img loading=\"lazy\" decoding=\"async\" class=\"alignnone size-full wp-image-460\" src=\"https:\/\/propesp.uepa.br\/ppged\/wp-content\/uploads\/2017\/01\/download-e1486389457443.png\" alt=\"\" width=\"25\" height=\"25\" \/> <span style=\"color: #000000;\">Arquivo em PDF.<\/span> <a href=\"https:\/\/propesp.uepa.br\/ppged\/wp-content\/uploads\/2021\/11\/05_11_BANCA_DE_HETEROIDENTIFICACAO.pdf\">Clique Aqui!!!<\/a><\/span><\/strong><\/span><strong><br \/>\n<span style=\"font-size: 14pt; font-family: 'trebuchet ms', geneva, sans-serif; color: #ff6600;\"><span style=\"color: #000000;\"><span style=\"font-size: 10pt;\">publicado em: 05\/11\/2021 as 15:02:00 PM<\/span><\/span><\/span><br \/>\n<\/strong><\/p>\n<p><span style=\"font-size: 14pt; color: #ff6600;\"><strong><span style=\"font-family: 'trebuchet ms', geneva, sans-serif;\">RESULTADO PARCIAL DA ENTREVISTA, CURR\u00cdCULO E BANCAS DE HETEROIDENTIFICA\u00c7\u00c3O.<br \/>\n<span style=\"color: #ff6600;\"><span style=\"font-family: 'trebuchet ms', geneva, sans-serif; font-size: 14pt;\"><img loading=\"lazy\" decoding=\"async\" class=\"alignnone size-full wp-image-460\" src=\"https:\/\/propesp.uepa.br\/ppged\/wp-content\/uploads\/2017\/01\/download-e1486389457443.png\" alt=\"\" width=\"25\" height=\"25\" \/><span style=\"color: #000000;\">Linha de Forma\u00e7\u00e3o de Professores.<a href=\"https:\/\/propesp.uepa.br\/ppged\/wp-content\/uploads\/2021\/11\/26_11_FORMACAO_DE_PROFESSORES_DIVULGACAO_DO_RESULTADO_PARCIAL_DA_ENTREVISTA_E_CURRICULO.pdf\"> Clique Aqui!!!<\/a><br \/>\n<img loading=\"lazy\" decoding=\"async\" class=\"alignnone size-full wp-image-460\" src=\"https:\/\/propesp.uepa.br\/ppged\/wp-content\/uploads\/2017\/01\/download-e1486389457443.png\" alt=\"\" width=\"25\" height=\"25\" \/>Linha de Saberes Culturais e Educa\u00e7\u00e3o na Amaz\u00f4nia. <a href=\"https:\/\/propesp.uepa.br\/ppged\/wp-content\/uploads\/2021\/11\/26_11_SABERES_DIVULGACAO-DO-RESULTADO-PARCIAL-DA-ENTREVISTA-E-CURRICULO.pdf\">Clique Aqui!!!<\/a><br \/>\n<img loading=\"lazy\" decoding=\"async\" class=\"alignnone size-full wp-image-460\" src=\"https:\/\/propesp.uepa.br\/ppged\/wp-content\/uploads\/2017\/01\/download-e1486389457443.png\" alt=\"\" width=\"25\" height=\"25\" \/>Banca de Heteroidentifica\u00e7\u00e3o. <a href=\"https:\/\/propesp.uepa.br\/ppged\/wp-content\/uploads\/2021\/11\/26_11_DIVULGACAO_DO_RESULTADO_PARCIAL_DA_BANCA_DE_HETEROIDENTIFICACAO.pdf\">Clique Aqui!!!<\/a><br \/>\n<\/span><\/span><\/span><\/span><\/strong><span style=\"font-family: 'trebuchet ms', geneva, sans-serif;\"><span style=\"color: #ff6600;\"><span style=\"font-family: 'trebuchet ms', geneva, sans-serif; font-size: 14pt;\"><span style=\"color: #000000;\"><span style=\"font-size: 14pt; font-family: 'trebuchet ms', geneva, sans-serif;\"><span style=\"font-size: 10pt;\">Publicado em: 26\/11\/2021 as 17:24:00 PM<\/span><\/span><\/span><\/span><\/span><\/span><strong><span style=\"font-family: 'trebuchet ms', geneva, sans-serif;\"><br \/>\n<\/span><\/strong><\/span><\/p>\n<p><span style=\"font-family: 'trebuchet ms', geneva, sans-serif; font-size: 14pt; color: #ff6600;\"><strong>DIVULGA\u00c7\u00c3O DO RESULTADO DO RECURSO DA ENTREVISTA, CURR\u00cdCULO E BANCAS DE HETEROIDENTIFICA\u00c7\u00c3O<\/strong><br \/>\n<span style=\"font-size: 14pt; color: #ff6600;\"><strong><span style=\"font-family: 'trebuchet ms', geneva, sans-serif;\"><span style=\"color: #ff6600;\"><span style=\"font-family: 'trebuchet ms', geneva, sans-serif; font-size: 14pt;\"><span style=\"color: #000000;\"><img loading=\"lazy\" decoding=\"async\" class=\"alignnone size-full wp-image-460\" src=\"https:\/\/propesp.uepa.br\/ppged\/wp-content\/uploads\/2017\/01\/download-e1486389457443.png\" alt=\"\" width=\"25\" height=\"25\" \/>Arquivo em PDF. <a href=\"https:\/\/propesp.uepa.br\/ppged\/wp-content\/uploads\/2021\/12\/02-_2-resultado-_recursos_mestrado_saberes_e_formacao_entrevista_e_curriculo.pdf\">Clique Aqui!!!<\/a><\/span><\/span><\/span><\/span><\/strong><\/span><br \/>\n<\/span><\/p>\n<p><span style=\"font-family: 'trebuchet ms', geneva, sans-serif; font-size: 14pt; color: #ff6600;\"><strong>DIVULGA\u00c7\u00c3O PARCIAL DO RESULTADO FINAL<br \/>\n<span style=\"font-size: 14pt; color: #ff6600;\"><span style=\"font-family: 'trebuchet ms', geneva, sans-serif;\"><span style=\"color: #ff6600;\"><span style=\"font-family: 'trebuchet ms', geneva, sans-serif; font-size: 14pt;\"><span style=\"color: #000000;\"><img loading=\"lazy\" decoding=\"async\" class=\"alignnone size-full wp-image-460\" src=\"https:\/\/propesp.uepa.br\/ppged\/wp-content\/uploads\/2017\/01\/download-e1486389457443.png\" alt=\"\" width=\"25\" height=\"25\" \/>Linha de Forma\u00e7\u00e3o de Professores. <a href=\"https:\/\/propesp.uepa.br\/ppged\/wp-content\/uploads\/2021\/12\/02_12_formacao_divulgacao_dop_resultado_parcial.pdf\">Clique Aqui!!!<\/a><br \/>\n<\/span><\/span><\/span><\/span><\/span><span style=\"font-size: 14pt; color: #ff6600;\"><span style=\"font-family: 'trebuchet ms', geneva, sans-serif;\"><span style=\"color: #ff6600;\"><span style=\"font-family: 'trebuchet ms', geneva, sans-serif; font-size: 14pt;\"><span style=\"color: #000000;\"><img loading=\"lazy\" decoding=\"async\" class=\"alignnone size-full wp-image-460\" src=\"https:\/\/propesp.uepa.br\/ppged\/wp-content\/uploads\/2017\/01\/download-e1486389457443.png\" alt=\"\" width=\"25\" height=\"25\" \/>Linha de Saberes Culturais e Educa\u00e7\u00e3o na Amaz\u00f4nia. <a href=\"https:\/\/propesp.uepa.br\/ppged\/wp-content\/uploads\/2021\/12\/02_12_sabares_divulgacao_-do_resultado_parcial.pdf\">Clique Aqui!!!<\/a><br \/>\n<span style=\"font-size: 10pt;\">Publicado em: 02\/12\/2021 as 14:30:00 PM<\/span><\/span><\/span><\/span><\/span><\/span><br \/>\n<\/strong><\/span><\/p>\n<p>&nbsp;<\/p>\n<p><span style=\"font-family: 'trebuchet ms', geneva, sans-serif; font-size: 14pt; color: #ff6600;\"><strong>DIVULGA\u00c7\u00c3O DO RESULTADO DO RECURSO DO RESULTADO FINAL<\/strong><br \/>\n<span style=\"font-size: 14pt; color: #ff6600;\"><strong><span style=\"font-family: 'trebuchet ms', geneva, sans-serif;\"><span style=\"color: #ff6600;\"><span style=\"font-family: 'trebuchet ms', geneva, sans-serif; font-size: 14pt;\"><span style=\"color: #000000;\"><img loading=\"lazy\" decoding=\"async\" class=\"alignnone size-full wp-image-460\" src=\"https:\/\/propesp.uepa.br\/ppged\/wp-content\/uploads\/2017\/01\/download-e1486389457443.png\" alt=\"\" width=\"25\" height=\"25\" \/>Arquivo em PDF. <a href=\"https:\/\/propesp.uepa.br\/ppged\/wp-content\/uploads\/2021\/12\/10_12_RESULTADO_DOS_RECURSOS_RESULTADO_FINAL.pdf\">Clique Aqui!!!<\/a><\/span><\/span><\/span><\/span><\/strong><\/span><br \/>\n<\/span><\/p>\n<p><span style=\"font-family: 'trebuchet ms', geneva, sans-serif; font-size: 14pt; color: #ff6600;\"><strong>DIVULGA\u00c7\u00c3O DO RESULTADO FINAL DO PROCESSO SELETIVO EDITAL 44\/2021 &#8211; PPGED<br \/>\n<span style=\"font-size: 14pt; color: #ff6600;\"><span style=\"font-family: 'trebuchet ms', geneva, sans-serif;\"><span style=\"color: #ff6600;\"><span style=\"font-family: 'trebuchet ms', geneva, sans-serif; font-size: 14pt;\"><span style=\"color: #000000;\"><img loading=\"lazy\" decoding=\"async\" class=\"alignnone size-full wp-image-460\" src=\"https:\/\/propesp.uepa.br\/ppged\/wp-content\/uploads\/2017\/01\/download-e1486389457443.png\" alt=\"\" width=\"25\" height=\"25\" \/>Linha de Forma\u00e7\u00e3o de Professores. <a href=\"https:\/\/propesp.uepa.br\/ppged\/wp-content\/uploads\/2021\/12\/10_12_FORMACAO_DIVULGACAO_DO_RESULTADO_FINAL.pdf\">Clique Aqui!!!<\/a><br \/>\n<\/span><\/span><\/span><\/span><\/span><span style=\"font-size: 14pt; color: #ff6600;\"><span style=\"font-family: 'trebuchet ms', geneva, sans-serif;\"><span style=\"color: #ff6600;\"><span style=\"font-family: 'trebuchet ms', geneva, sans-serif; font-size: 14pt;\"><span style=\"color: #000000;\"><img loading=\"lazy\" decoding=\"async\" class=\"alignnone size-full wp-image-460\" src=\"https:\/\/propesp.uepa.br\/ppged\/wp-content\/uploads\/2017\/01\/download-e1486389457443.png\" alt=\"\" width=\"25\" height=\"25\" \/>Linha de Saberes Culturais e Educa\u00e7\u00e3o na Amaz\u00f4nia. <a href=\"https:\/\/propesp.uepa.br\/ppged\/wp-content\/uploads\/2021\/12\/10_12_SABERES_DIVULGACAO_DO_RESULTADO_FINAL.pdf\">Clique Aqui!!!<\/a><br \/>\n<span style=\"font-size: 10pt;\">Publicado em: 10\/12\/2021 as 14:05:00 PM<\/span><\/span><\/span><\/span><\/span><\/span><br \/>\n<\/strong><\/span><\/p>\n<p>&nbsp;<\/p>\n<p>&nbsp;<\/p>\n","protected":false},"excerpt":{"rendered":"<p>&nbsp; UNIVERSIDADE DO ESTADO DO PAR\u00c1 PR\u00d3-REITORIA DE PESQUISA E P\u00d3S-GRADUA\u00c7\u00c3O CENTRO DE CI\u00caNCIAS SOCIAIS E EDUCA\u00c7\u00c3O PROGRAMA DE P\u00d3S-GRADUA\u00c7\u00c3O EM EDUCA\u00c7\u00c3O EDITAL N\u00ba 44\/2021 EDITAL DE SELE\u00c7\u00c3O DO MESTRADO PROGRAMA DE P\u00d3S-GRADUA\u00c7\u00c3O EM EDUCA\u00c7\u00c3O ANO ACAD\u00caMICO 2022 &nbsp; O Magnifico Reitor da Universidade do Estado do Par\u00e1 &#8211; UEPA torna p\u00fablico que a partir [&hellip;]<\/p>\n","protected":false},"author":1,"featured_media":0,"parent":0,"menu_order":0,"comment_status":"closed","ping_status":"closed","template":"","meta":{"_uag_custom_page_level_css":"","site-sidebar-layout":"default","site-content-layout":"","ast-site-content-layout":"","site-content-style":"default","site-sidebar-style":"default","ast-global-header-display":"","ast-banner-title-visibility":"","ast-main-header-display":"","ast-hfb-above-header-display":"","ast-hfb-below-header-display":"","ast-hfb-mobile-header-display":"","site-post-title":"","ast-breadcrumbs-content":"","ast-featured-img":"","footer-sml-layout":"","theme-transparent-header-meta":"","adv-header-id-meta":"","stick-header-meta":"","header-above-stick-meta":"","header-main-stick-meta":"","header-below-stick-meta":"","astra-migrate-meta-layouts":"default","ast-page-background-enabled":"default","ast-page-background-meta":{"desktop":{"background-color":"var(--ast-global-color-4)","background-image":"","background-repeat":"repeat","background-position":"center center","background-size":"auto","background-attachment":"scroll","background-type":"","background-media":"","overlay-type":"","overlay-color":"","overlay-gradient":""},"tablet":{"background-color":"","background-image":"","background-repeat":"repeat","background-position":"center center","background-size":"auto","background-attachment":"scroll","background-type":"","background-media":"","overlay-type":"","overlay-color":"","overlay-gradient":""},"mobile":{"background-color":"","background-image":"","background-repeat":"repeat","background-position":"center center","background-size":"auto","background-attachment":"scroll","background-type":"","background-media":"","overlay-type":"","overlay-color":"","overlay-gradient":""}},"ast-content-background-meta":{"desktop":{"background-color":"var(--ast-global-color-5)","background-image":"","background-repeat":"repeat","background-position":"center center","background-size":"auto","background-attachment":"scroll","background-type":"","background-media":"","overlay-type":"","overlay-color":"","overlay-gradient":""},"tablet":{"background-color":"var(--ast-global-color-5)","background-image":"","background-repeat":"repeat","background-position":"center center","background-size":"auto","background-attachment":"scroll","background-type":"","background-media":"","overlay-type":"","overlay-color":"","overlay-gradient":""},"mobile":{"background-color":"var(--ast-global-color-5)","background-image":"","background-repeat":"repeat","background-position":"center center","background-size":"auto","background-attachment":"scroll","background-type":"","background-media":"","overlay-type":"","overlay-color":"","overlay-gradient":""}},"footnotes":""},"class_list":["post-6163","page","type-page","status-publish","hentry"],"uagb_featured_image_src":{"full":false,"thumbnail":false,"medium":false,"medium_large":false,"large":false,"1536x1536":false,"2048x2048":false},"uagb_author_info":{"display_name":"adminsites@uepa.br","author_link":"https:\/\/propesp.uepa.br\/ppged\/author\/adminsitesuepa-br\/"},"uagb_comment_info":0,"uagb_excerpt":"&nbsp; UNIVERSIDADE DO ESTADO DO PAR\u00c1 PR\u00d3-REITORIA DE PESQUISA E P\u00d3S-GRADUA\u00c7\u00c3O CENTRO DE CI\u00caNCIAS SOCIAIS E EDUCA\u00c7\u00c3O PROGRAMA DE P\u00d3S-GRADUA\u00c7\u00c3O EM EDUCA\u00c7\u00c3O EDITAL N\u00ba 44\/2021 EDITAL DE SELE\u00c7\u00c3O DO MESTRADO PROGRAMA DE P\u00d3S-GRADUA\u00c7\u00c3O EM EDUCA\u00c7\u00c3O ANO ACAD\u00caMICO 2022 &nbsp; O Magnifico Reitor da Universidade do Estado do Par\u00e1 &#8211; UEPA torna p\u00fablico que a partir&hellip;","_links":{"self":[{"href":"https:\/\/propesp.uepa.br\/ppged\/wp-json\/wp\/v2\/pages\/6163","targetHints":{"allow":["GET"]}}],"collection":[{"href":"https:\/\/propesp.uepa.br\/ppged\/wp-json\/wp\/v2\/pages"}],"about":[{"href":"https:\/\/propesp.uepa.br\/ppged\/wp-json\/wp\/v2\/types\/page"}],"author":[{"embeddable":true,"href":"https:\/\/propesp.uepa.br\/ppged\/wp-json\/wp\/v2\/users\/1"}],"replies":[{"embeddable":true,"href":"https:\/\/propesp.uepa.br\/ppged\/wp-json\/wp\/v2\/comments?post=6163"}],"version-history":[{"count":5,"href":"https:\/\/propesp.uepa.br\/ppged\/wp-json\/wp\/v2\/pages\/6163\/revisions"}],"predecessor-version":[{"id":8661,"href":"https:\/\/propesp.uepa.br\/ppged\/wp-json\/wp\/v2\/pages\/6163\/revisions\/8661"}],"wp:attachment":[{"href":"https:\/\/propesp.uepa.br\/ppged\/wp-json\/wp\/v2\/media?parent=6163"}],"curies":[{"name":"wp","href":"https:\/\/api.w.org\/{rel}","templated":true}]}}