{"id":6168,"date":"2021-07-19T11:01:25","date_gmt":"2021-07-19T14:01:25","guid":{"rendered":"https:\/\/propesp.uepa.br\/ppged\/?page_id=6168"},"modified":"2021-07-19T11:01:25","modified_gmt":"2021-07-19T14:01:25","slug":"processo-seletivo-2021-doutorado","status":"publish","type":"page","link":"https:\/\/propesp.uepa.br\/ppged\/processo-seletivo-2021-doutorado\/","title":{"rendered":"PROCESSO SELETIVO 2021 &#8211; DOUTORADO"},"content":{"rendered":"<p>&nbsp;<\/p>\n<p><img loading=\"lazy\" decoding=\"async\" class=\" wp-image-273 aligncenter\" src=\"https:\/\/propesp.uepa.br\/ppged\/wp-content\/uploads\/2016\/12\/cropped-cropped-Brasaouepa.png\" alt=\"\" width=\"71\" height=\"72\" \/><\/p>\n<p style=\"text-align: center;\"><strong><span style=\"font-family: 'trebuchet ms', geneva, sans-serif;\">UNIVERSIDADE DO ESTADO DO PAR\u00c1<br \/>\n<\/span><span style=\"font-family: 'trebuchet ms', geneva, sans-serif;\">PR\u00d3-REITORIA DE PESQUISA E P\u00d3S-GRADUA\u00c7\u00c3O<br \/>\n<\/span><span style=\"font-family: 'trebuchet ms', geneva, sans-serif;\">CENTRO DE CI\u00caNCIAS SOCIAIS E EDUCA\u00c7\u00c3O<br \/>\n<\/span><span style=\"font-family: 'trebuchet ms', geneva, sans-serif;\">PROGRAMA DE P\u00d3S-GRADUA\u00c7\u00c3O EM EDUCA\u00c7\u00c3O<\/span><\/strong><\/p>\n<p style=\"text-align: center;\"><span style=\"color: #000000;\"><span style=\"font-family: 'trebuchet ms', geneva, sans-serif;\"><strong>EDITAL N\u00ba 043\/2021 <br \/>\n<\/strong><\/span><span style=\"font-family: 'trebuchet ms', geneva, sans-serif;\"><strong>EDITAL DE SELE\u00c7\u00c3O DO DOUTORADO <br \/>\n<\/strong><\/span><span style=\"font-family: 'trebuchet ms', geneva, sans-serif;\"><strong>PROGRAMA DE P\u00d3S-GRADUA\u00c7\u00c3O EM EDUCA\u00c7\u00c3O ANO ACAD\u00caMICO 2022 <\/strong><\/span><\/span><\/p>\n<p>&nbsp;<\/p>\n<p><span style=\"font-family: 'trebuchet ms', geneva, sans-serif; color: #000000;\">O Magnifico Reitor da Universidade do Estado do Par\u00e1 &#8211; UEPA torna p\u00fablico que a partir do dia 22\/07\/2021, o Programa de P\u00f3s-Gradua\u00e7\u00e3o em Educa\u00e7\u00e3o receber\u00e1 as inscri\u00e7\u00f5es ao Processo de Sele\u00e7\u00e3o do <strong>DOUTORADO<\/strong> para a turma de 2022, com entrada no primeiro semestre de 2022. As inscri\u00e7\u00f5es dever\u00e3o ser realizadas, <strong>exclusivamente<\/strong>, pelo site: <u>http:\/\/ccse.uepa.br\/ppged<\/u>, de acordo com o cronograma, constante do Anexo I, e as normas estabelecidas no Edital.<\/span><\/p>\n<p><span style=\"font-family: 'trebuchet ms', geneva, sans-serif; color: #000000;\">As inscri\u00e7\u00f5es dever\u00e3o ser realizadas, <strong>exclusivamente<\/strong>, pelo site: http:\/\/ccse.uepa.br\/ppged, de acordo com o cronograma e normas estabelecidas no Edital.<\/span><\/p>\n<p><span style=\"font-family: 'trebuchet ms', geneva, sans-serif; color: #000000;\">O edital est\u00e1 dispon\u00edvel no site: http:\/\/ccse.uepa.br\/ppged mais informa\u00e7\u00f5es poder\u00e3o ser obtidas por meio do fone: (91) 4009-9552 ou e-mail: ppged.uepa@gmail.com.<\/span><\/p>\n<p><span style=\"font-family: 'trebuchet ms', geneva, sans-serif; color: #000000;\">\u00a0Bel\u00e9m, 30 de junho de 2021<\/span><\/p>\n<p style=\"text-align: justify;\"><span style=\"color: #000000; font-family: 'trebuchet ms', geneva, sans-serif;\">A <strong>Linha de Pesquisa <\/strong>do Programa \u00e9 <strong>\u201cSaberes Culturais e Educa\u00e7\u00e3o na Amaz\u00f4nia\u201d<\/strong>, que visa produzir teses a partir da investiga\u00e7\u00e3o de temas do contexto cultural brasileiro e amaz\u00f4nico, como saberes, representa\u00e7\u00f5es, imagin\u00e1rios, cultura, conhecimento e poder, que perpassam pela forma\u00e7\u00e3o docente e pr\u00e1ticas educativas escolares e sociais.<\/span><\/p>\n<p><img loading=\"lazy\" decoding=\"async\" class=\"alignnone size-full wp-image-460\" src=\"https:\/\/propesp.uepa.br\/ppged\/wp-content\/uploads\/2017\/01\/download-e1486389457443.png\" alt=\"\" width=\"25\" height=\"25\" \/> <a href=\"https:\/\/propesp.uepa.br\/ppged\/wp-content\/uploads\/editais\/EDITAL_DOUTORADO_PPGED_2021_19_de_julho_de_2021_publicado.pdf\"><strong><span style=\"font-size: 14pt; font-family: 'trebuchet ms', geneva, sans-serif;\">Edital n\u00ba 043\/2021<\/span><\/strong><\/a><\/p>\n<p><img loading=\"lazy\" decoding=\"async\" class=\"alignnone size-full wp-image-460\" src=\"https:\/\/propesp.uepa.br\/ppged\/wp-content\/uploads\/2017\/01\/download-e1486389457443.png\" alt=\"\" width=\"25\" height=\"25\" \/><strong><a href=\"https:\/\/propesp.uepa.br\/ppged\/wp-content\/uploads\/2021\/07\/ERRATA_01_DOUTORADO_20_DE_JULHO_DE_2021.pdf\"><span style=\"font-family: 'trebuchet ms', geneva, sans-serif; font-size: 14pt;\">Errata 01\/2021 Processo Seletivo PPGED &#8211; Doutorado Edital N\u00ba 43\/2021<\/span><\/a><\/strong><\/p>\n<p><img loading=\"lazy\" decoding=\"async\" class=\"alignnone size-full wp-image-460\" src=\"https:\/\/propesp.uepa.br\/ppged\/wp-content\/uploads\/2017\/01\/download-e1486389457443.png\" alt=\"\" width=\"25\" height=\"25\" \/><a href=\"https:\/\/propesp.uepa.br\/ppged\/wp-content\/uploads\/2021\/07\/ERRATA_02_DOUTORADO_20_DE_JULHO_DE_2021.pdf\"><strong><span style=\"font-family: 'trebuchet ms', geneva, sans-serif; font-size: 14pt;\">Errata 02\/2021 Processo Seletivo PPGED &#8211; Doutorado Edital N\u00ba 43\/2021<\/span><\/strong><\/a><\/p>\n<p><img loading=\"lazy\" decoding=\"async\" class=\"alignnone size-full wp-image-460\" src=\"https:\/\/propesp.uepa.br\/ppged\/wp-content\/uploads\/2017\/01\/download-e1486389457443.png\" alt=\"\" width=\"25\" height=\"25\" \/> <a href=\"https:\/\/propesp.uepa.br\/ppged\/wp-content\/uploads\/2021\/08\/TERMO_ADITIVO_01_DOUTORADO_DE_03_de_agosto_de_2021.pdf\"><span style=\"font-size: 14pt;\"><strong><span style=\"font-family: 'trebuchet ms', geneva, sans-serif;\">Errata. PROCESSO SELETIVO PPGED \u2013 DOUTORADO &#8211; EDITAL N\u00ba 43\/2021 TERMO ADITIVO\u00a0 \u00a0 \u00a0 \u00a0 01\/2021 de 03 de agosto de 2021<\/span><\/strong><\/span><\/a><\/p>\n<p style=\"text-align: justify;\"><span style=\"font-size: 14pt; color: #ff6600; font-family: 'trebuchet ms', geneva, sans-serif;\"><strong>Resultado pr\u00e9vio da solicita\u00e7\u00e3o de isen\u00e7\u00e3o por hipossufici\u00eancia econ\u00f4mica, institucional e PcD.<\/strong><\/span><\/p>\n<p style=\"text-align: justify;\"><img loading=\"lazy\" decoding=\"async\" class=\"alignnone size-full wp-image-460\" src=\"https:\/\/propesp.uepa.br\/ppged\/wp-content\/uploads\/2017\/01\/download-e1486389457443.png\" alt=\"\" width=\"25\" height=\"25\" \/><span style=\"font-family: 'trebuchet ms', geneva, sans-serif; font-size: 14pt;\"><strong>Linha Saberes Culturais e Educa\u00e7\u00e3o na Amaz\u00f4nia.<\/strong> <strong><a href=\"https:\/\/propesp.uepa.br\/ppged\/wp-content\/uploads\/2021\/08\/Isencao_doutorado_Edital_043_2021-1.pdf\">Clique Aqui!!!<\/a><\/strong><\/span><\/p>\n<p>&nbsp;<\/p>\n<p style=\"text-align: justify;\"><span style=\"font-family: 'trebuchet ms', geneva, sans-serif; font-size: 14pt;\"><strong><span style=\"font-size: 14pt; color: #ff6600;\">Resultado Final da solicita\u00e7\u00e3o de isen\u00e7\u00e3o por hipossufici\u00eancia econ\u00f4mica, institucional e PcD.<\/span><\/strong><\/span><\/p>\n<p style=\"text-align: justify;\"><span style=\"font-family: 'trebuchet ms', geneva, sans-serif; font-size: 14pt;\"><strong><span style=\"font-size: 14pt; color: #ff6600;\"><img loading=\"lazy\" decoding=\"async\" class=\"alignnone size-full wp-image-460\" src=\"https:\/\/propesp.uepa.br\/ppged\/wp-content\/uploads\/2017\/01\/download-e1486389457443.png\" alt=\"\" width=\"25\" height=\"25\" \/><\/span><\/strong><strong>Resultado do Recurso da Solicita\u00e7\u00e3o de Isen\u00e7\u00e3o Mestrado &#8211; Ps2021 Linha de Pesquisa Saberes Culturais e Educa\u00e7\u00e3o na Amaz\u00f4nia<\/strong><\/span><span style=\"font-family: 'trebuchet ms', geneva, sans-serif; font-size: 14pt;\"><strong><span style=\"font-size: 14pt; color: #ff6600;\"><span style=\"color: #000000;\">. <a href=\"https:\/\/propesp.uepa.br\/ppged\/wp-content\/uploads\/2021\/08\/2_Resultado_Recurso_Isencao_Doutorado.pdf\">Clique Aqui!!!<\/a><\/span><br \/>\n<\/span><\/strong><\/span><span style=\"font-family: 'trebuchet ms', geneva, sans-serif; font-size: 14pt;\"><span style=\"font-size: 10pt; color: #ff0000;\"><span style=\"color: #000000;\">publicado em: 09\/08\/2021 as 15:44:07 AM<\/span><\/span><strong><br \/>\n<\/strong><\/span><\/p>\n<p style=\"text-align: justify;\"><strong><span style=\"font-family: 'trebuchet ms', geneva, sans-serif; font-size: 14pt;\"><span style=\"font-size: 14pt; color: #ff6600;\"><img loading=\"lazy\" decoding=\"async\" class=\"alignnone size-full wp-image-460\" src=\"https:\/\/propesp.uepa.br\/ppged\/wp-content\/uploads\/2017\/01\/download-e1486389457443.png\" alt=\"\" width=\"25\" height=\"25\" \/><\/span>Resultado Final da Solicita\u00e7\u00e3o de Isen\u00e7\u00e3o Mestrado &#8211;\u00a0 Ps2021 Linha de Pesquisa Saberes Culturais e Educa\u00e7\u00e3o na Amaz\u00f4nia. <a href=\"https:\/\/propesp.uepa.br\/ppged\/wp-content\/uploads\/2021\/08\/3_RESULTADO_FINAL_DA_SOLICITACAO_DE_ISENCAO_DOUTORADO_PS2021.pdf\">Clique Aqui!!!<\/a><br \/>\n<span style=\"font-size: 10pt; color: #ff0000;\"><span style=\"color: #000000;\">publicado em: 09\/08\/2021 as 15:44:07 AM<\/span><\/span><br \/>\n<\/span><\/strong><\/p>\n<p><span style=\"color: #ff6600; font-size: 14pt;\"><strong><span style=\"font-family: 'trebuchet ms', geneva, sans-serif;\">Divulga\u00e7\u00e3o Pr\u00e9via das Inscri\u00e7\u00f5es Deferidas <\/span><\/strong><\/span><\/p>\n<p><strong><span style=\"font-family: 'trebuchet ms', geneva, sans-serif; font-size: 14pt;\"><span style=\"font-size: 14pt; color: #ff6600;\"><img loading=\"lazy\" decoding=\"async\" class=\"alignnone size-full wp-image-460\" src=\"https:\/\/propesp.uepa.br\/ppged\/wp-content\/uploads\/2017\/01\/download-e1486389457443.png\" alt=\"\" width=\"25\" height=\"25\" \/> <span style=\"color: #000000;\">Linha Saberes Culturais e Educa\u00e7\u00e3o na Amaz\u00f4nia. <a href=\"https:\/\/propesp.uepa.br\/ppged\/wp-content\/uploads\/2021\/08\/Divulgacao_Previa_das_Inscricoes_Deferidas_Doutorado.pdf\">Clique Aqui!!!<\/a><\/span><br \/>\n<span style=\"font-size: 10pt; color: #ff0000;\"><span style=\"color: #000000;\">publicado em: 23\/08\/2021 as 14:14:07 PM<\/span><\/span><br \/>\n<\/span><\/span><\/strong><\/p>\n<p><span style=\"color: #ff6600; font-family: 'trebuchet ms', geneva, sans-serif; font-size: 14pt;\"><strong>Divulga\u00e7\u00e3o do Resultado dos recursos do resultado das Inscri\u00e7\u00f5es<br \/>\n<span style=\"font-family: 'trebuchet ms', geneva, sans-serif; font-size: 14pt;\"><span style=\"font-size: 14pt; color: #ff6600;\"><img loading=\"lazy\" decoding=\"async\" class=\"alignnone size-full wp-image-460\" src=\"https:\/\/propesp.uepa.br\/ppged\/wp-content\/uploads\/2017\/01\/download-e1486389457443.png\" alt=\"\" width=\"25\" height=\"25\" \/> <span style=\"color: #000000;\">Linha Saberes Culturais e Educa\u00e7\u00e3o na Amaz\u00f4nia. <a href=\"https:\/\/propesp.uepa.br\/ppged\/wp-content\/uploads\/2021\/08\/Resultado_Recurso_Doutorado_Edita_044_2021_inscricoes_2.pdf\">Clique Aqui!!!<\/a><\/span><\/span><\/span><br \/>\n<\/strong><\/span><\/p>\n<p>&nbsp;<\/p>\n<p><span style=\"font-family: 'trebuchet ms', geneva, sans-serif; font-size: 14pt; color: #ff6600;\"><strong>Divulga\u00e7\u00e3o final do resultado das Inscri\u00e7\u00f5es<\/strong><\/span><\/p>\n<p><strong><span style=\"font-family: 'trebuchet ms', geneva, sans-serif; font-size: 14pt;\"><span style=\"font-size: 14pt; color: #ff6600;\"><img loading=\"lazy\" decoding=\"async\" class=\"alignnone size-full wp-image-460\" src=\"https:\/\/propesp.uepa.br\/ppged\/wp-content\/uploads\/2017\/01\/download-e1486389457443.png\" alt=\"\" width=\"25\" height=\"25\" \/> <span style=\"color: #000000;\">Linha Saberes Culturais e Educa\u00e7\u00e3o na Amaz\u00f4nia. <a href=\"https:\/\/propesp.uepa.br\/ppged\/wp-content\/uploads\/2021\/08\/Divulgacao_Final_das_Inscricoes_Deferidas_Doutorado.pdf\">Clique Aqui!!!<\/a><\/span><br \/>\n<span style=\"font-size: 10pt; color: #ff0000;\"><span style=\"color: #000000;\">publicado em: 27\/08\/2021 as 13:45:07 PM<\/span><\/span><\/span><\/span><\/strong><\/p>\n<p>&nbsp;<\/p>\n<p><span style=\"font-family: 'trebuchet ms', geneva, sans-serif; font-size: 14pt; color: #ff6600;\"><strong>Divulga\u00e7\u00e3o do Resultado Parcial dos Aprovados na Prova Escrita<\/strong><\/span><br \/>\n<span style=\"font-size: 14pt;\"><strong><span style=\"font-family: 'trebuchet ms', geneva, sans-serif;\"><span style=\"font-family: 'trebuchet ms', geneva, sans-serif; font-size: 14pt;\"><span style=\"font-size: 14pt; color: #ff6600;\"><img loading=\"lazy\" decoding=\"async\" class=\"alignnone size-full wp-image-460\" src=\"https:\/\/propesp.uepa.br\/ppged\/wp-content\/uploads\/2017\/01\/download-e1486389457443.png\" alt=\"\" width=\"25\" height=\"25\" \/><\/span><\/span>Linha Saberes Culturais e Educa\u00e7\u00e3o na Amaz\u00f4nia. <a href=\"https:\/\/propesp.uepa.br\/ppged\/wp-content\/uploads\/2021\/09\/Resultado_Parcial_Aprovados_Prova_Doutorado_-2021.pdf\">Clique Aqui!!!<\/a><\/span><\/strong><\/span><br \/>\n<strong><span style=\"font-size: 10pt; font-family: 'trebuchet ms', geneva, sans-serif; color: #000000;\">publicado em: 14\/09\/2021 as 12:53:07 PM<\/span><\/strong><\/p>\n<p>&nbsp;<\/p>\n<p><strong><span style=\"font-family: 'trebuchet ms', geneva, sans-serif; font-size: 14pt; color: #ff6600;\">Respostas dos Recursos do Resultado da Prova Escrita<\/span><\/strong><br \/>\n<span style=\"font-size: 14pt;\"><strong><span style=\"font-family: 'trebuchet ms', geneva, sans-serif;\"><span style=\"font-family: 'trebuchet ms', geneva, sans-serif; font-size: 14pt;\"><span style=\"font-size: 14pt; color: #ff6600;\"><img loading=\"lazy\" decoding=\"async\" class=\"alignnone size-full wp-image-460\" src=\"https:\/\/propesp.uepa.br\/ppged\/wp-content\/uploads\/2017\/01\/download-e1486389457443.png\" alt=\"\" width=\"25\" height=\"25\" \/><\/span><\/span>Linha Saberes Culturais e Educa\u00e7\u00e3o na Amaz\u00f4nia. <a href=\"https:\/\/propesp.uepa.br\/ppged\/wp-content\/uploads\/2021\/09\/RESPOSTAS_DOS_RECURSOS_DO_RESULTADO_DA_PROVA_ESCRITA_DOUTORADO.pdf\">Clique Aqui!!!<\/a><\/span><\/strong><\/span><br \/>\n<strong><span style=\"font-size: 10pt; font-family: 'trebuchet ms', geneva, sans-serif; color: #000000;\">publicado em: 20\/09\/2021 as 13:00:07 PM<\/span><\/strong><\/p>\n<p><span style=\"font-size: 14pt;\"><strong><span style=\"font-family: 'trebuchet ms', geneva, sans-serif;\"><span style=\"font-family: 'trebuchet ms', geneva, sans-serif; font-size: 14pt;\"><span style=\"font-size: 14pt; color: #ff6600;\">Resultado Final dos Aprovados na Prova Escrita<br \/>\n<\/span><\/span><\/span><\/strong><\/span><span style=\"font-size: 14pt;\"><strong><span style=\"font-family: 'trebuchet ms', geneva, sans-serif;\"><span style=\"font-family: 'trebuchet ms', geneva, sans-serif; font-size: 14pt;\"><span style=\"font-size: 14pt; color: #ff6600;\"><img loading=\"lazy\" decoding=\"async\" class=\"alignnone size-full wp-image-460\" src=\"https:\/\/propesp.uepa.br\/ppged\/wp-content\/uploads\/2017\/01\/download-e1486389457443.png\" alt=\"\" width=\"25\" height=\"25\" \/><\/span><\/span>Linha Saberes Culturais e Educa\u00e7\u00e3o na Amaz\u00f4nia. <a href=\"https:\/\/propesp.uepa.br\/ppged\/wp-content\/uploads\/2021\/09\/Resultado_Final_Aprovados_Prova_Doutorado_2021_20.pdf\">Clique Aqui!!!<\/a><\/span><\/strong><\/span><br \/>\n<strong><span style=\"font-size: 10pt; font-family: 'trebuchet ms', geneva, sans-serif; color: #000000;\">publicado em: 20\/09\/2021 as 12:53:07 PM<\/span><\/strong><\/p>\n<p>&nbsp;<\/p>\n<p><span style=\"font-size: 14pt;\"><strong><span style=\"font-family: 'trebuchet ms', geneva, sans-serif;\"><span style=\"font-family: 'trebuchet ms', geneva, sans-serif; font-size: 14pt;\"><span style=\"font-size: 14pt; color: #ff6600;\">Resultado Parcial da An\u00e1lise da Proposta de Projeto<br \/>\n<\/span><\/span><\/span><\/strong><\/span><span style=\"font-size: 14pt;\"><strong><span style=\"font-family: 'trebuchet ms', geneva, sans-serif;\"><span style=\"font-family: 'trebuchet ms', geneva, sans-serif; font-size: 14pt;\"><span style=\"font-size: 14pt; color: #ff6600;\"><img loading=\"lazy\" decoding=\"async\" class=\"alignnone size-full wp-image-460\" src=\"https:\/\/propesp.uepa.br\/ppged\/wp-content\/uploads\/2017\/01\/download-e1486389457443.png\" alt=\"\" width=\"25\" height=\"25\" \/><\/span><\/span>Linha Saberes Culturais e Educa\u00e7\u00e3o na Amaz\u00f4nia. <a href=\"https:\/\/propesp.uepa.br\/ppged\/wp-content\/uploads\/2021\/09\/RESULTADO_PARCIAL_DA_ANALISE_DA_PROPOSTA-_DE_PROJETO.pdf\">Clique Aqui!!!<\/a><\/span><\/strong><\/span><br \/>\n<strong><span style=\"font-size: 10pt; font-family: 'trebuchet ms', geneva, sans-serif; color: #000000;\">publicado em: 30\/09\/2021 as 15:10:15 PM<\/span><\/strong><\/p>\n<p>&nbsp;<\/p>\n<p><span style=\"font-size: 14pt; font-family: 'trebuchet ms', geneva, sans-serif; color: #ff6600;\"><strong>Divulga\u00e7\u00e3o do Resultado dos Recursos do Resultado Parcial da Proposta de Pesquisa<br \/>\n<\/strong><\/span><span style=\"font-size: 14pt;\"><strong><span style=\"font-family: 'trebuchet ms', geneva, sans-serif;\"><span style=\"font-family: 'trebuchet ms', geneva, sans-serif; font-size: 14pt;\"><span style=\"font-size: 14pt; color: #ff6600;\"><img loading=\"lazy\" decoding=\"async\" class=\"alignnone size-full wp-image-460\" src=\"https:\/\/propesp.uepa.br\/ppged\/wp-content\/uploads\/2017\/01\/download-e1486389457443.png\" alt=\"\" width=\"25\" height=\"25\" \/> <span style=\"color: #000000;\">Arquivo em PDF. <a href=\"https:\/\/propesp.uepa.br\/ppged\/wp-content\/uploads\/2021\/10\/RESULTADO_DOS_RECURSOS_DO_RESULTADO_PARCIAL_DA_PROPOSTA_DE_PESQUISA.pdf\">Clique Aqui!!!<\/a><br \/>\n<span style=\"color: #ff6600;\"><span style=\"font-size: 10pt; font-family: 'trebuchet ms', geneva, sans-serif; color: #000000;\">publicado em: 06\/10\/2021 as 15:10:10 PM,<\/span><\/span><br \/>\n<\/span><\/span><\/span><\/span><\/strong><\/span><\/p>\n<p><span style=\"color: #ff6600;\"><strong><span style=\"font-family: 'trebuchet ms', geneva, sans-serif; font-size: 14pt;\">Divulga\u00e7\u00e3o do Resultado Final da An\u00e1lise da Proposta de Pesquisa<br \/>\n<span style=\"font-size: 14pt;\"><span style=\"font-family: 'trebuchet ms', geneva, sans-serif;\"><span style=\"font-size: 14pt; color: #ff6600;\"><img loading=\"lazy\" decoding=\"async\" class=\"alignnone size-full wp-image-460\" src=\"https:\/\/propesp.uepa.br\/ppged\/wp-content\/uploads\/2017\/01\/download-e1486389457443.png\" alt=\"\" width=\"25\" height=\"25\" \/><\/span><span style=\"color: #000000;\">Linha Saberes Culturais e Educa\u00e7\u00e3o na Amaz\u00f4nia.<\/span> <span style=\"font-size: 14pt; color: #ff6600;\"><span style=\"color: #000000;\"><a href=\"https:\/\/propesp.uepa.br\/ppged\/wp-content\/uploads\/2021\/10\/Resultado_Final_da_Analise_da_Proposta_de_Pesquisa.pdf\">Clique Aqui!!!<\/a><\/span><\/span><\/span><\/span><br \/>\n<\/span><\/strong><\/span><\/p>\n<p>&nbsp;<\/p>\n<p><span style=\"font-family: 'trebuchet ms', geneva, sans-serif; font-size: 14pt; color: #ff6600;\"><strong>Agenda de Entrevistas Atualizada<br \/>\n<span style=\"color: #ff6600;\"><span style=\"font-family: 'trebuchet ms', geneva, sans-serif; font-size: 14pt;\"><span style=\"font-size: 14pt;\"><span style=\"font-family: 'trebuchet ms', geneva, sans-serif;\"><span style=\"font-size: 14pt; color: #ff6600;\"><img loading=\"lazy\" decoding=\"async\" class=\"alignnone size-full wp-image-460\" src=\"https:\/\/propesp.uepa.br\/ppged\/wp-content\/uploads\/2017\/01\/download-e1486389457443.png\" alt=\"\" width=\"25\" height=\"25\" \/><span style=\"color: #000000;\">Arquivo em PDF. <a href=\"https:\/\/propesp.uepa.br\/ppged\/wp-content\/uploads\/2021\/10\/Divulgacao_da_Agenda_de_Entrevistas_Atualizada.pdf\">Clique Aqui!!<\/a><br \/>\n<span style=\"font-size: 10pt; font-family: 'trebuchet ms', geneva, sans-serif; color: #000000;\">publicado em: 07\/10\/2021 as 13:18:10 PM.<\/span><\/span><\/span><\/span><\/span><\/span><\/span><br \/>\n<\/strong><\/span><\/p>\n<p>&nbsp;<\/p>\n<p><span style=\"color: #ff6600;\"><strong><span style=\"font-family: 'trebuchet ms', geneva, sans-serif; font-size: 14pt;\">Agenda das bancas de heteroidentifica\u00e7\u00e3o de candidatos negros conf. Item 1.3.5<br \/>\n<span style=\"font-family: 'trebuchet ms', geneva, sans-serif; font-size: 14pt; color: #ff6600;\"><span style=\"font-size: 14pt;\"><span style=\"font-family: 'trebuchet ms', geneva, sans-serif;\"><span style=\"font-size: 14pt; color: #ff6600;\"><img loading=\"lazy\" decoding=\"async\" class=\"alignnone size-full wp-image-460\" src=\"https:\/\/propesp.uepa.br\/ppged\/wp-content\/uploads\/2017\/01\/download-e1486389457443.png\" alt=\"\" width=\"25\" height=\"25\" \/><span style=\"color: #000000;\">Arquivo em PDF. <a href=\"https:\/\/propesp.uepa.br\/ppged\/wp-content\/uploads\/2021\/10\/Banca-de-heteroidentificacao.pdf\">Clique Aqui!!<\/a><br \/>\n<span style=\"font-size: 10pt; font-family: 'trebuchet ms', geneva, sans-serif; color: #000000;\">publicado em: 06\/10\/2021 as 15:10:10 PM.<\/span><\/span><\/span><\/span><\/span><\/span><br \/>\n<\/span><\/strong><\/span><\/p>\n<p style=\"text-align: justify;\"><span style=\"font-size: 14pt; color: #ff6600;\"><strong>Divulga\u00e7\u00e3o do Resultado Parcial da Banca de heteroidentifica\u00e7\u00e3o.<br \/>\n<span style=\"color: #000000;\"><img loading=\"lazy\" decoding=\"async\" class=\"alignnone size-full wp-image-460\" src=\"https:\/\/propesp.uepa.br\/ppged\/wp-content\/uploads\/2017\/01\/download-e1486389457443.png\" alt=\"\" width=\"25\" height=\"25\" \/><span style=\"font-family: trebuchet ms, geneva, sans-serif;\">Linha Saberes Culturais e Educa\u00e7\u00e3o na Amaz\u00f4nia. <a href=\"https:\/\/propesp.uepa.br\/ppged\/wp-content\/uploads\/2021\/10\/RESULTADO_DA_BANCA_DE_HETEROIDENTIFICACAO.pdf\">Clique Aqui!!!<\/a><\/span><\/span><br \/>\n<span style=\"color: #000000; font-size: 10pt; font-family: trebuchet ms, geneva, sans-serif;\">publicado em: 25\/10\/2021 as 08:00:01 AM.<\/span><br \/>\n<\/strong><\/span><\/p>\n<p>&nbsp;<\/p>\n<p><span style=\"font-family: trebuchet ms, geneva, sans-serif;\"><strong><span style=\"font-size: 14pt; color: #ff6600;\">RESULTADO PARCIAL DA ENTREVISTA E CURR\u00cdCULO<\/span><br \/>\n<img loading=\"lazy\" decoding=\"async\" class=\"alignnone size-full wp-image-460\" src=\"https:\/\/propesp.uepa.br\/ppged\/wp-content\/uploads\/2017\/01\/download-e1486389457443.png\" alt=\"\" width=\"25\" height=\"25\" \/><span style=\"font-size: 14pt;\">Linha Saberes Culturais e Educa\u00e7\u00e3o na Amaz\u00f4nia.<\/span> <a href=\"https:\/\/propesp.uepa.br\/ppged\/wp-content\/uploads\/2021\/10\/Resultado_final_parcial_do_processo_seletivo_do_doutorado_do-PPGED_2021.pdf\">Clique Aqui!!!<\/a><br \/>\npublicado em: 25\/10\/2021 as 08:00:01 AM.<\/strong><\/span><\/p>\n<p><strong><span style=\"font-size: 14pt; color: #ff6600;\"><span style=\"font-family: 'trebuchet ms', geneva, sans-serif;\">RESULTADO DOS RECURSOS DA ENTREVISTA E CURR\u00cdCULO<\/span><\/span><\/strong><br \/>\n<strong><span style=\"font-family: 'trebuchet ms', geneva, sans-serif; font-size: 14pt;\">Arquivo em PDF. <a href=\"https:\/\/propesp.uepa.br\/ppged\/wp-content\/uploads\/2021\/10\/Resultados_dos_Recursos_de-Avaliacao_de_Entrevista_e_Curriculo.pdf\">Clique Aqui!!!<\/a><\/span><\/strong><br \/>\n<span style=\"font-size: 10pt;\"><strong><span style=\"font-family: 'trebuchet ms', geneva, sans-serif;\">publicado em: 25\/10\/2021 as 18:00:22 PM.<\/span><\/strong><\/span><\/p>\n<p><span style=\"color: #ff6600;\"><strong><span style=\"font-family: 'trebuchet ms', geneva, sans-serif; font-size: 14pt;\">RESULTADO PARCIAL AP\u00d3S RECURSO- RESULTADO FINAL DO PROCESSO SELETIVO DO DOUTORADO <\/span><\/strong><\/span><br \/>\n<strong><span style=\"font-family: 'trebuchet ms', geneva, sans-serif; font-size: 14pt; color: #000000;\">Linha Saberes Culturais e Educa\u00e7\u00e3o na Amaz\u00f4nia. <a href=\"https:\/\/propesp.uepa.br\/ppged\/wp-content\/uploads\/2021\/10\/Resultado_final_parcial_apos_recurso_resultado_final_do_processo_seletivo_do_doutorado_do_PPGED_2021-1.pdf\">Clique Aqui!!!<\/a><\/span><\/strong><br \/>\n<span style=\"font-size: 10pt;\"><strong><span style=\"font-family: 'trebuchet ms', geneva, sans-serif; color: #000000;\">publicado em: 25\/10\/2021 as 18:54:01 PM.<\/span><\/strong><\/span><\/p>\n<p>&nbsp;<\/p>\n<p><span style=\"color: #ff6600;\"><strong><span style=\"font-family: 'trebuchet ms', geneva, sans-serif; font-size: 14pt;\">RESULTADO DOS RECURSOS DO RESULTADO FINAL DO DOUTORADO<br \/>\n<span style=\"color: #000000;\">Arquivo em PDF. <a href=\"https:\/\/propesp.uepa.br\/ppged\/wp-content\/uploads\/2021\/11\/RESULTADO_DOS_RECURSOS_DO_RESULTADO_FINAL_DOUTORADO.pdf\">Clique Aqui!!!<\/a><br \/>\n<span style=\"font-size: 10pt;\"><span style=\"font-family: 'trebuchet ms', geneva, sans-serif; color: #000000;\">publicado em 05\/11\/2021 as 14:27:01 PM.<\/p>\n<p><\/span><\/span><span style=\"color: #ff6600;\">RESULTADO FINAL DO PROCESSO SELETIVO DO DOUTORADO EDITAL 43\/2021\/UEPA\/CCSE\/PPGED<br \/>\n<span style=\"font-family: 'trebuchet ms', geneva, sans-serif; font-size: 14pt; color: #000000;\">Linha Saberes Culturais e Educa\u00e7\u00e3o na Amaz\u00f4nia. <a href=\"https:\/\/propesp.uepa.br\/ppged\/wp-content\/uploads\/2021\/11\/Resultado_Final_do_Processo_Seletivo_do_Doutorado_2021.pdf\">Clique Aqui!!!<\/a><\/span><\/span><br \/>\n<\/span><span style=\"color: #000000;\"><span style=\"font-size: 10pt;\"><span style=\"font-family: 'trebuchet ms', geneva, sans-serif; color: #000000;\">publicado em 05\/11\/2021 as 14:35:25 PM.<\/span><\/span><\/span><br \/>\n<\/span><\/strong><\/span><\/p>\n","protected":false},"excerpt":{"rendered":"<p>&nbsp; UNIVERSIDADE DO ESTADO DO PAR\u00c1 PR\u00d3-REITORIA DE PESQUISA E P\u00d3S-GRADUA\u00c7\u00c3O CENTRO DE CI\u00caNCIAS SOCIAIS E EDUCA\u00c7\u00c3O PROGRAMA DE P\u00d3S-GRADUA\u00c7\u00c3O EM EDUCA\u00c7\u00c3O EDITAL N\u00ba 043\/2021 EDITAL DE SELE\u00c7\u00c3O DO DOUTORADO PROGRAMA DE P\u00d3S-GRADUA\u00c7\u00c3O EM EDUCA\u00c7\u00c3O ANO ACAD\u00caMICO 2022 &nbsp; O Magnifico Reitor da Universidade do Estado do Par\u00e1 &#8211; UEPA torna p\u00fablico que a partir [&hellip;]<\/p>\n","protected":false},"author":1,"featured_media":0,"parent":0,"menu_order":0,"comment_status":"closed","ping_status":"closed","template":"","meta":{"_uag_custom_page_level_css":"","site-sidebar-layout":"default","site-content-layout":"","ast-site-content-layout":"","site-content-style":"default","site-sidebar-style":"default","ast-global-header-display":"","ast-banner-title-visibility":"","ast-main-header-display":"","ast-hfb-above-header-display":"","ast-hfb-below-header-display":"","ast-hfb-mobile-header-display":"","site-post-title":"","ast-breadcrumbs-content":"","ast-featured-img":"","footer-sml-layout":"","theme-transparent-header-meta":"","adv-header-id-meta":"","stick-header-meta":"","header-above-stick-meta":"","header-main-stick-meta":"","header-below-stick-meta":"","astra-migrate-meta-layouts":"default","ast-page-background-enabled":"default","ast-page-background-meta":{"desktop":{"background-color":"var(--ast-global-color-4)","background-image":"","background-repeat":"repeat","background-position":"center center","background-size":"auto","background-attachment":"scroll","background-type":"","background-media":"","overlay-type":"","overlay-color":"","overlay-gradient":""},"tablet":{"background-color":"","background-image":"","background-repeat":"repeat","background-position":"center center","background-size":"auto","background-attachment":"scroll","background-type":"","background-media":"","overlay-type":"","overlay-color":"","overlay-gradient":""},"mobile":{"background-color":"","background-image":"","background-repeat":"repeat","background-position":"center center","background-size":"auto","background-attachment":"scroll","background-type":"","background-media":"","overlay-type":"","overlay-color":"","overlay-gradient":""}},"ast-content-background-meta":{"desktop":{"background-color":"var(--ast-global-color-5)","background-image":"","background-repeat":"repeat","background-position":"center center","background-size":"auto","background-attachment":"scroll","background-type":"","background-media":"","overlay-type":"","overlay-color":"","overlay-gradient":""},"tablet":{"background-color":"var(--ast-global-color-5)","background-image":"","background-repeat":"repeat","background-position":"center center","background-size":"auto","background-attachment":"scroll","background-type":"","background-media":"","overlay-type":"","overlay-color":"","overlay-gradient":""},"mobile":{"background-color":"var(--ast-global-color-5)","background-image":"","background-repeat":"repeat","background-position":"center center","background-size":"auto","background-attachment":"scroll","background-type":"","background-media":"","overlay-type":"","overlay-color":"","overlay-gradient":""}},"footnotes":""},"class_list":["post-6168","page","type-page","status-publish","hentry"],"uagb_featured_image_src":{"full":false,"thumbnail":false,"medium":false,"medium_large":false,"large":false,"1536x1536":false,"2048x2048":false},"uagb_author_info":{"display_name":"adminsites@uepa.br","author_link":"https:\/\/propesp.uepa.br\/ppged\/author\/adminsitesuepa-br\/"},"uagb_comment_info":0,"uagb_excerpt":"&nbsp; UNIVERSIDADE DO ESTADO DO PAR\u00c1 PR\u00d3-REITORIA DE PESQUISA E P\u00d3S-GRADUA\u00c7\u00c3O CENTRO DE CI\u00caNCIAS SOCIAIS E EDUCA\u00c7\u00c3O PROGRAMA DE P\u00d3S-GRADUA\u00c7\u00c3O EM EDUCA\u00c7\u00c3O EDITAL N\u00ba 043\/2021 EDITAL DE SELE\u00c7\u00c3O DO DOUTORADO PROGRAMA DE P\u00d3S-GRADUA\u00c7\u00c3O EM EDUCA\u00c7\u00c3O ANO ACAD\u00caMICO 2022 &nbsp; O Magnifico Reitor da Universidade do Estado do Par\u00e1 &#8211; UEPA torna p\u00fablico que a partir&hellip;","_links":{"self":[{"href":"https:\/\/propesp.uepa.br\/ppged\/wp-json\/wp\/v2\/pages\/6168","targetHints":{"allow":["GET"]}}],"collection":[{"href":"https:\/\/propesp.uepa.br\/ppged\/wp-json\/wp\/v2\/pages"}],"about":[{"href":"https:\/\/propesp.uepa.br\/ppged\/wp-json\/wp\/v2\/types\/page"}],"author":[{"embeddable":true,"href":"https:\/\/propesp.uepa.br\/ppged\/wp-json\/wp\/v2\/users\/1"}],"replies":[{"embeddable":true,"href":"https:\/\/propesp.uepa.br\/ppged\/wp-json\/wp\/v2\/comments?post=6168"}],"version-history":[{"count":6,"href":"https:\/\/propesp.uepa.br\/ppged\/wp-json\/wp\/v2\/pages\/6168\/revisions"}],"predecessor-version":[{"id":10010,"href":"https:\/\/propesp.uepa.br\/ppged\/wp-json\/wp\/v2\/pages\/6168\/revisions\/10010"}],"wp:attachment":[{"href":"https:\/\/propesp.uepa.br\/ppged\/wp-json\/wp\/v2\/media?parent=6168"}],"curies":[{"name":"wp","href":"https:\/\/api.w.org\/{rel}","templated":true}]}}