{"id":1093,"date":"2022-05-27T10:16:17","date_gmt":"2022-05-27T13:16:17","guid":{"rendered":"https:\/\/propesp.uepa.br\/ppgell\/?page_id=1093"},"modified":"2025-08-06T12:27:30","modified_gmt":"2025-08-06T15:27:30","slug":"docentes","status":"publish","type":"page","link":"https:\/\/propesp.uepa.br\/ppgell\/docentes\/","title":{"rendered":"Corpo Docente"},"content":{"rendered":"\n<div class=\"inherit-container-width wp-block-group alignfull has-ast-global-color-4-background-color has-background is-layout-constrained wp-block-group-is-layout-constrained\">\n<h1 class=\"wp-block-heading has-text-align-center has-ast-global-color-2-color has-text-color\">Quadro atual<\/h1>\n\n\n\n<p class=\"has-text-align-center text-align-justify\">O Programa de P\u00f3s-Gradua\u00e7\u00e3o em Ensino de L\u00edngua Portuguesa e Literaturas contar\u00e1 com um corpo docente altamente qualificado, composto por doutores especializados na \u00e1rea de Letras e em \u00e1reas correlatas. Al\u00e9m de professores do Centro de Ci\u00eancias Sociais e Educa\u00e7\u00e3o e de outras Unidades Administrativas e Centros da UEPA, o programa tamb\u00e9m incluir\u00e1 docentes de institui\u00e7\u00f5es de ensino superior nacionais e internacionais. Esses profissionais ser\u00e3o respons\u00e1veis pelo desenvolvimento dos componentes curriculares, pela realiza\u00e7\u00e3o de pesquisas e pela orienta\u00e7\u00e3o dos alunos.<\/p>\n\n\n\n<p><\/p>\n\n\n\n<div class=\"wp-block-columns alignwide are-vertically-aligned-center is-layout-flex wp-container-core-columns-is-layout-1 wp-block-columns-is-layout-flex\">\n<div class=\"wp-block-column is-vertically-aligned-center has-ast-global-color-5-background-color has-background is-layout-flow wp-block-column-is-layout-flow\">\n<figure class=\"wp-block-image aligncenter size-full is-resized is-style-rounded img-PB\"><img loading=\"lazy\" decoding=\"async\" width=\"325\" height=\"325\" src=\"https:\/\/propesp.uepa.br\/ppgell\/wp-content\/uploads\/2022\/04\/servletrecuperafoto-e1650477593845.png\" alt=\"\" class=\"wp-image-938\" style=\"width:188px;height:188px\" srcset=\"https:\/\/propesp.uepa.br\/ppgell\/wp-content\/uploads\/2022\/04\/servletrecuperafoto-e1650477593845.png 325w, https:\/\/propesp.uepa.br\/ppgell\/wp-content\/uploads\/2022\/04\/servletrecuperafoto-e1650477593845-300x300.png 300w, https:\/\/propesp.uepa.br\/ppgell\/wp-content\/uploads\/2022\/04\/servletrecuperafoto-e1650477593845-150x150.png 150w\" sizes=\"(max-width: 325px) 100vw, 325px\" \/><\/figure>\n\n\n\n<h6 class=\"wp-block-heading has-text-align-center has-ast-global-color-2-color has-text-color\">Dr. Ednalvo Ap\u00f3stolo Campos<\/h6>\n\n\n\n<div class=\"wp-block-buttons is-content-justification-center is-layout-flex wp-container-core-buttons-is-layout-1 wp-block-buttons-is-layout-flex\">\n<div class=\"wp-block-button is-style-fill\"><a class=\"wp-block-button__link wp-element-button\" href=\"http:\/\/lattes.cnpq.br\/4649206396357044\" style=\"border-radius:5px\" target=\"_blank\" rel=\"noreferrer noopener\">Acesso ao Lattes<\/a><\/div>\n<\/div>\n<\/div>\n\n\n\n<div class=\"wp-block-column is-vertically-aligned-center has-ast-global-color-5-background-color has-background is-layout-flow wp-block-column-is-layout-flow\">\n<figure class=\"wp-block-image aligncenter size-full is-resized is-style-rounded img-PB\"><img loading=\"lazy\" decoding=\"async\" width=\"117\" height=\"138\" src=\"https:\/\/propesp.uepa.br\/ppgell\/wp-content\/uploads\/2025\/02\/liliane.png\" alt=\"\" class=\"wp-image-2402\" style=\"width:188px;height:188px\"\/><\/figure>\n\n\n\n<h6 class=\"wp-block-heading has-text-align-center has-ast-global-color-2-color has-text-color\">Dr\u00aa.Liliane Afonso de Oliveira<\/h6>\n\n\n\n<div class=\"wp-block-buttons is-content-justification-center is-layout-flex wp-container-core-buttons-is-layout-2 wp-block-buttons-is-layout-flex\">\n<div class=\"wp-block-button is-style-fill\"><a class=\"wp-block-button__link wp-element-button\" href=\"http:\/\/lattes.cnpq.br\/6203719602753357\" style=\"border-radius:5px\" target=\"_blank\" rel=\"noreferrer noopener\">Acesso ao Lattes<\/a><\/div>\n<\/div>\n<\/div>\n\n\n\n<div class=\"wp-block-column is-vertically-aligned-center has-ast-global-color-5-background-color has-background is-layout-flow wp-block-column-is-layout-flow\">\n<figure class=\"wp-block-image aligncenter size-full is-resized is-style-rounded img-PB\"><img loading=\"lazy\" decoding=\"async\" width=\"675\" height=\"675\" src=\"https:\/\/propesp.uepa.br\/ppgell\/wp-content\/uploads\/2022\/04\/elisa-circle-e1650474941287.jpg\" alt=\"\" class=\"wp-image-929\" style=\"width:188px;height:188px\" srcset=\"https:\/\/propesp.uepa.br\/ppgell\/wp-content\/uploads\/2022\/04\/elisa-circle-e1650474941287.jpg 675w, https:\/\/propesp.uepa.br\/ppgell\/wp-content\/uploads\/2022\/04\/elisa-circle-e1650474941287-300x300.jpg 300w, https:\/\/propesp.uepa.br\/ppgell\/wp-content\/uploads\/2022\/04\/elisa-circle-e1650474941287-150x150.jpg 150w, https:\/\/propesp.uepa.br\/ppgell\/wp-content\/uploads\/2022\/04\/elisa-circle-e1650474941287-600x600.jpg 600w\" sizes=\"(max-width: 675px) 100vw, 675px\" \/><\/figure>\n\n\n\n<h6 class=\"wp-block-heading has-text-align-center has-ast-global-color-2-color has-text-color\">Dr\u00aa. Elisa Maria Pinheiro de Souza<\/h6>\n\n\n\n<div class=\"wp-block-buttons is-content-justification-center is-layout-flex wp-container-core-buttons-is-layout-3 wp-block-buttons-is-layout-flex\">\n<div class=\"wp-block-button is-style-fill\"><a class=\"wp-block-button__link wp-element-button\" href=\"http:\/\/lattes.cnpq.br\/6566132028659762\" style=\"border-radius:5px\" target=\"_blank\" rel=\"noreferrer noopener\">Acesso ao Lattes<\/a><\/div>\n<\/div>\n<\/div>\n\n\n\n<div class=\"wp-block-column is-vertically-aligned-center has-ast-global-color-5-background-color has-background is-layout-flow wp-block-column-is-layout-flow\">\n<figure class=\"wp-block-image aligncenter size-full is-resized is-style-rounded img-PB\"><img loading=\"lazy\" decoding=\"async\" width=\"729\" height=\"729\" src=\"https:\/\/propesp.uepa.br\/ppgell\/wp-content\/uploads\/2022\/04\/roberto-e1650478472338.jpg\" alt=\"\" class=\"wp-image-946\" style=\"width:188px;height:188px\" srcset=\"https:\/\/propesp.uepa.br\/ppgell\/wp-content\/uploads\/2022\/04\/roberto-e1650478472338.jpg 729w, https:\/\/propesp.uepa.br\/ppgell\/wp-content\/uploads\/2022\/04\/roberto-e1650478472338-300x300.jpg 300w, https:\/\/propesp.uepa.br\/ppgell\/wp-content\/uploads\/2022\/04\/roberto-e1650478472338-150x150.jpg 150w, https:\/\/propesp.uepa.br\/ppgell\/wp-content\/uploads\/2022\/04\/roberto-e1650478472338-600x600.jpg 600w\" sizes=\"(max-width: 729px) 100vw, 729px\" \/><\/figure>\n\n\n\n<h6 class=\"wp-block-heading has-text-align-center has-ast-global-color-2-color has-text-color\">Dr. Jos\u00e9 Roberto Alves da Silva<\/h6>\n\n\n\n<div class=\"wp-block-buttons is-content-justification-center is-layout-flex wp-container-core-buttons-is-layout-4 wp-block-buttons-is-layout-flex\">\n<div class=\"wp-block-button is-style-fill\"><a class=\"wp-block-button__link wp-element-button\" href=\"http:\/\/lattes.cnpq.br\/0654774935235794\" style=\"border-radius:5px\" target=\"_blank\" rel=\"noreferrer noopener\">Acesso ao Lattes<\/a><\/div>\n<\/div>\n<\/div>\n<\/div>\n\n\n\n<div class=\"wp-block-columns alignwide is-layout-flex wp-container-core-columns-is-layout-2 wp-block-columns-is-layout-flex\">\n<div class=\"wp-block-column is-vertically-aligned-center has-ast-global-color-5-background-color has-background is-layout-flow wp-block-column-is-layout-flow\">\n<figure class=\"wp-block-image aligncenter size-full is-resized is-style-rounded img-PB\"><img loading=\"lazy\" decoding=\"async\" width=\"415\" height=\"415\" src=\"https:\/\/propesp.uepa.br\/ppgell\/wp-content\/uploads\/2022\/04\/servletrecuperafoto-e1650478716228.jpg\" alt=\"\" class=\"wp-image-949\" style=\"width:188px;height:188px\" srcset=\"https:\/\/propesp.uepa.br\/ppgell\/wp-content\/uploads\/2022\/04\/servletrecuperafoto-e1650478716228.jpg 415w, https:\/\/propesp.uepa.br\/ppgell\/wp-content\/uploads\/2022\/04\/servletrecuperafoto-e1650478716228-300x300.jpg 300w, https:\/\/propesp.uepa.br\/ppgell\/wp-content\/uploads\/2022\/04\/servletrecuperafoto-e1650478716228-150x150.jpg 150w\" sizes=\"(max-width: 415px) 100vw, 415px\" \/><\/figure>\n\n\n\n<h6 class=\"wp-block-heading has-text-align-center has-ast-global-color-2-color has-text-color\">Dr. Marco Ant\u00f4nio da Costa Camelo<\/h6>\n\n\n\n<div class=\"wp-block-buttons is-content-justification-center is-layout-flex wp-container-core-buttons-is-layout-5 wp-block-buttons-is-layout-flex\">\n<div class=\"wp-block-button is-style-fill\"><a class=\"wp-block-button__link wp-element-button\" href=\"http:\/\/lattes.cnpq.br\/8136608282415040\" style=\"border-radius:5px\" target=\"_blank\" rel=\"noreferrer noopener\">Acesso ao Lattes<\/a><\/div>\n<\/div>\n<\/div>\n\n\n\n<div class=\"wp-block-column is-vertically-aligned-center has-ast-global-color-5-background-color has-background is-layout-flow wp-block-column-is-layout-flow\">\n<figure class=\"wp-block-image aligncenter size-full is-resized is-style-rounded img-PB\"><img loading=\"lazy\" decoding=\"async\" width=\"500\" height=\"625\" src=\"https:\/\/propesp.uepa.br\/ppgell\/wp-content\/uploads\/2025\/02\/foto_dinair.png\" alt=\"\" class=\"wp-image-2405\" style=\"width:188px;height:188px\" srcset=\"https:\/\/propesp.uepa.br\/ppgell\/wp-content\/uploads\/2025\/02\/foto_dinair.png 500w, https:\/\/propesp.uepa.br\/ppgell\/wp-content\/uploads\/2025\/02\/foto_dinair-240x300.png 240w\" sizes=\"(max-width: 500px) 100vw, 500px\" \/><\/figure>\n\n\n\n<h6 class=\"wp-block-heading has-text-align-center has-ast-global-color-2-color has-text-color\">Dr\u00aa. Dinair Barbosa de Freitas<\/h6>\n\n\n\n<div class=\"wp-block-buttons is-content-justification-center is-layout-flex wp-container-core-buttons-is-layout-6 wp-block-buttons-is-layout-flex\">\n<div class=\"wp-block-button is-style-fill\"><a class=\"wp-block-button__link wp-element-button\" href=\"http:\/\/lattes.cnpq.br\/1879154493221554\" style=\"border-radius:5px\" target=\"_blank\" rel=\"noreferrer noopener\">Acesso ao Lattes<\/a><\/div>\n<\/div>\n<\/div>\n\n\n\n<div class=\"wp-block-column is-vertically-aligned-center has-ast-global-color-5-background-color has-background is-layout-flow wp-block-column-is-layout-flow\">\n<figure class=\"wp-block-image aligncenter size-full is-resized is-style-rounded img-PB\"><img loading=\"lazy\" decoding=\"async\" width=\"768\" height=\"768\" src=\"https:\/\/propesp.uepa.br\/ppgell\/wp-content\/uploads\/2022\/04\/Renilda-768x1024-1-e1650480613282.jpg\" alt=\"\" class=\"wp-image-962\" style=\"width:188px;height:188px\" srcset=\"https:\/\/propesp.uepa.br\/ppgell\/wp-content\/uploads\/2022\/04\/Renilda-768x1024-1-e1650480613282.jpg 768w, https:\/\/propesp.uepa.br\/ppgell\/wp-content\/uploads\/2022\/04\/Renilda-768x1024-1-e1650480613282-300x300.jpg 300w, https:\/\/propesp.uepa.br\/ppgell\/wp-content\/uploads\/2022\/04\/Renilda-768x1024-1-e1650480613282-150x150.jpg 150w, https:\/\/propesp.uepa.br\/ppgell\/wp-content\/uploads\/2022\/04\/Renilda-768x1024-1-e1650480613282-600x600.jpg 600w\" sizes=\"(max-width: 768px) 100vw, 768px\" \/><\/figure>\n\n\n\n<h6 class=\"wp-block-heading has-text-align-center has-ast-global-color-2-color has-text-color\">Dr\u00aa. Renilda do Ros\u00e1rio Moreira Rodrigues&nbsp;Bastos<\/h6>\n\n\n\n<div class=\"wp-block-buttons is-content-justification-center is-layout-flex wp-container-core-buttons-is-layout-7 wp-block-buttons-is-layout-flex\">\n<div class=\"wp-block-button is-style-fill\"><a class=\"wp-block-button__link wp-element-button\" href=\"http:\/\/lattes.cnpq.br\/6249027619208152\" style=\"border-radius:5px\" target=\"_blank\" rel=\"noreferrer noopener\">Acesso ao Lattes<\/a><\/div>\n<\/div>\n<\/div>\n\n\n\n<div class=\"wp-block-column is-vertically-aligned-stretch has-ast-global-color-5-background-color has-background is-layout-flow wp-block-column-is-layout-flow\"><\/div>\n<\/div>\n\n\n\n<div class=\"wp-block-columns alignwide is-layout-flex wp-container-core-columns-is-layout-3 wp-block-columns-is-layout-flex\">\n<div class=\"wp-block-column is-vertically-aligned-center has-ast-global-color-5-background-color has-background is-layout-flow wp-block-column-is-layout-flow\">\n<figure class=\"wp-block-image aligncenter size-full is-resized is-style-rounded img-PB\"><img loading=\"lazy\" decoding=\"async\" width=\"201\" height=\"251\" src=\"https:\/\/propesp.uepa.br\/ppgell\/wp-content\/uploads\/2025\/02\/maria-silva.jpg\" alt=\"\" class=\"wp-image-2406\" style=\"width:188px;height:188px\"\/><\/figure>\n\n\n\n<h6 class=\"wp-block-heading has-text-align-center has-ast-global-color-2-color has-text-color\">Dr\u00aa. Mara Silvia Juc\u00e1 Ac\u00e1cio<\/h6>\n\n\n\n<div class=\"wp-block-buttons is-content-justification-center is-layout-flex wp-container-core-buttons-is-layout-8 wp-block-buttons-is-layout-flex\">\n<div class=\"wp-block-button is-style-fill\"><a class=\"wp-block-button__link wp-element-button\" href=\"http:\/\/lattes.cnpq.br\/8052451773456287\" style=\"border-radius:5px\" target=\"_blank\" rel=\"noreferrer noopener\">Acesso ao Lattes<\/a><\/div>\n<\/div>\n<\/div>\n\n\n\n<div class=\"wp-block-column is-vertically-aligned-center has-ast-global-color-5-background-color has-background is-layout-flow wp-block-column-is-layout-flow\">\n<figure class=\"wp-block-image aligncenter size-full is-resized is-style-rounded img-PB\"><img loading=\"lazy\" decoding=\"async\" width=\"500\" height=\"625\" src=\"https:\/\/propesp.uepa.br\/ppgell\/wp-content\/uploads\/2025\/02\/foto_rita.png\" alt=\"\" class=\"wp-image-2407\" style=\"width:188px;height:188px\" srcset=\"https:\/\/propesp.uepa.br\/ppgell\/wp-content\/uploads\/2025\/02\/foto_rita.png 500w, https:\/\/propesp.uepa.br\/ppgell\/wp-content\/uploads\/2025\/02\/foto_rita-240x300.png 240w\" sizes=\"(max-width: 500px) 100vw, 500px\" \/><\/figure>\n\n\n\n<h6 class=\"wp-block-heading has-text-align-center has-ast-global-color-2-color has-text-color\">Dr\u00aa. Rita de Nazareth Souza Bentes<\/h6>\n\n\n\n<div class=\"wp-block-buttons is-content-justification-center is-layout-flex wp-container-core-buttons-is-layout-9 wp-block-buttons-is-layout-flex\">\n<div class=\"wp-block-button is-style-fill\"><a class=\"wp-block-button__link wp-element-button\" href=\"http:\/\/lattes.cnpq.br\/7957992231090616\" style=\"border-radius:5px\" target=\"_blank\" rel=\"noreferrer noopener\">Acesso ao Lattes<\/a><\/div>\n<\/div>\n<\/div>\n\n\n\n<div class=\"wp-block-column is-vertically-aligned-center has-ast-global-color-5-background-color has-background is-layout-flow wp-block-column-is-layout-flow\">\n<figure class=\"wp-block-image aligncenter size-full is-resized is-style-rounded img-PB\"><img loading=\"lazy\" decoding=\"async\" width=\"244\" height=\"207\" src=\"https:\/\/propesp.uepa.br\/ppgell\/wp-content\/uploads\/2025\/02\/images.jpg\" alt=\"\" class=\"wp-image-2408\" style=\"width:188px;height:188px\"\/><\/figure>\n\n\n\n<h6 class=\"wp-block-heading has-text-align-center has-ast-global-color-2-color has-text-color\">Dr\u00aa. Sueli Pinheiro da Silva<\/h6>\n\n\n\n<div class=\"wp-block-buttons is-content-justification-center is-layout-flex wp-container-core-buttons-is-layout-10 wp-block-buttons-is-layout-flex\">\n<div class=\"wp-block-button is-style-fill\"><a class=\"wp-block-button__link wp-element-button\" href=\"http:\/\/lattes.cnpq.br\/3385715982293294\" style=\"border-radius:5px\" target=\"_blank\" rel=\"noreferrer noopener\">Acesso ao Lattes<\/a><\/div>\n<\/div>\n<\/div>\n\n\n\n<div class=\"wp-block-column is-vertically-aligned-stretch has-ast-global-color-5-background-color has-background is-layout-flow wp-block-column-is-layout-flow\">\n<figure class=\"wp-block-image aligncenter size-full is-resized is-style-rounded img-PB\"><img loading=\"lazy\" decoding=\"async\" width=\"200\" height=\"200\" src=\"https:\/\/propesp.uepa.br\/ppgell\/wp-content\/uploads\/2025\/02\/images-1.jpg\" alt=\"\" class=\"wp-image-2410\" style=\"object-fit:cover;width:188px;height:188px\" srcset=\"https:\/\/propesp.uepa.br\/ppgell\/wp-content\/uploads\/2025\/02\/images-1.jpg 200w, https:\/\/propesp.uepa.br\/ppgell\/wp-content\/uploads\/2025\/02\/images-1-150x150.jpg 150w\" sizes=\"(max-width: 200px) 100vw, 200px\" \/><\/figure>\n\n\n\n<h6 class=\"wp-block-heading has-text-align-center has-ast-global-color-2-color has-text-color\">Dr\u00aa. Sandra Mina Takakura<\/h6>\n\n\n\n<div class=\"wp-block-buttons alignwide is-content-justification-center is-layout-flex wp-container-core-buttons-is-layout-11 wp-block-buttons-is-layout-flex\">\n<div class=\"wp-block-button is-style-fill\"><a class=\"wp-block-button__link wp-element-button\" href=\"http:\/\/lattes.cnpq.br\/6477565691029568\" style=\"border-radius:5px\" target=\"_blank\" rel=\"noreferrer noopener\">Acesso ao Lattes<\/a><\/div>\n<\/div>\n<\/div>\n<\/div>\n\n\n\n<div class=\"wp-block-columns alignwide is-layout-flex wp-container-core-columns-is-layout-4 wp-block-columns-is-layout-flex\">\n<div class=\"wp-block-column is-vertically-aligned-center has-ast-global-color-5-background-color has-background is-layout-flow wp-block-column-is-layout-flow\">\n<figure class=\"wp-block-image aligncenter size-full is-resized is-style-rounded img-PB\"><img loading=\"lazy\" decoding=\"async\" width=\"405\" height=\"435\" src=\"https:\/\/propesp.uepa.br\/ppgell\/wp-content\/uploads\/2024\/09\/Captura-de-tela-2024-09-12-165600-2.png\" alt=\"\" class=\"wp-image-1787\" style=\"width:188px;height:188px\" srcset=\"https:\/\/propesp.uepa.br\/ppgell\/wp-content\/uploads\/2024\/09\/Captura-de-tela-2024-09-12-165600-2.png 405w, https:\/\/propesp.uepa.br\/ppgell\/wp-content\/uploads\/2024\/09\/Captura-de-tela-2024-09-12-165600-2-279x300.png 279w\" sizes=\"(max-width: 405px) 100vw, 405px\" \/><\/figure>\n\n\n\n<h6 class=\"wp-block-heading has-text-align-center has-ast-global-color-2-color has-text-color\">Dr. Raphael Bessa Ferreira<\/h6>\n\n\n\n<div class=\"wp-block-buttons is-content-justification-center is-layout-flex wp-container-core-buttons-is-layout-12 wp-block-buttons-is-layout-flex\">\n<div class=\"wp-block-button is-style-fill\"><a class=\"wp-block-button__link wp-element-button\" href=\"http:\/\/lattes.cnpq.br\/9646299144638951\" style=\"border-radius:5px\" target=\"_blank\" rel=\"noreferrer noopener\">Acesso ao Lattes<\/a><\/div>\n<\/div>\n<\/div>\n\n\n\n<div class=\"wp-block-column is-vertically-aligned-center has-ast-global-color-5-background-color has-background is-layout-flow wp-block-column-is-layout-flow\">\n<figure class=\"wp-block-image aligncenter size-full is-resized is-style-rounded img-PB\"><img loading=\"lazy\" decoding=\"async\" width=\"623\" height=\"623\" src=\"https:\/\/propesp.uepa.br\/ppgell\/wp-content\/uploads\/2022\/04\/Samuel-e1650480780565.jpeg\" alt=\"\" class=\"wp-image-964\" style=\"width:188px;height:188px\" srcset=\"https:\/\/propesp.uepa.br\/ppgell\/wp-content\/uploads\/2022\/04\/Samuel-e1650480780565.jpeg 623w, https:\/\/propesp.uepa.br\/ppgell\/wp-content\/uploads\/2022\/04\/Samuel-e1650480780565-300x300.jpeg 300w, https:\/\/propesp.uepa.br\/ppgell\/wp-content\/uploads\/2022\/04\/Samuel-e1650480780565-150x150.jpeg 150w, https:\/\/propesp.uepa.br\/ppgell\/wp-content\/uploads\/2022\/04\/Samuel-e1650480780565-600x600.jpeg 600w\" sizes=\"(max-width: 623px) 100vw, 623px\" \/><\/figure>\n\n\n\n<h6 class=\"wp-block-heading has-text-align-center has-ast-global-color-2-color has-text-color\">Dr. Samuel Pereira Campos<\/h6>\n\n\n\n<div class=\"wp-block-buttons is-content-justification-center is-layout-flex wp-container-core-buttons-is-layout-13 wp-block-buttons-is-layout-flex\">\n<div class=\"wp-block-button is-style-fill\"><a class=\"wp-block-button__link wp-element-button\" href=\"http:\/\/lattes.cnpq.br\/8186421140915842\" style=\"border-radius:5px\" target=\"_blank\" rel=\"noreferrer noopener\">Acesso ao Lattes<\/a><\/div>\n<\/div>\n<\/div>\n\n\n\n<div class=\"wp-block-column is-vertically-aligned-center has-ast-global-color-5-background-color has-background is-layout-flow wp-block-column-is-layout-flow\">\n<figure class=\"wp-block-image aligncenter size-full is-resized is-style-rounded img-PB\"><img loading=\"lazy\" decoding=\"async\" width=\"766\" height=\"766\" src=\"https:\/\/propesp.uepa.br\/ppgell\/wp-content\/uploads\/2022\/04\/Valeria-768x897-1-e1650480918258.jpeg\" alt=\"\" class=\"wp-image-966\" style=\"width:188px;height:188px\" srcset=\"https:\/\/propesp.uepa.br\/ppgell\/wp-content\/uploads\/2022\/04\/Valeria-768x897-1-e1650480918258.jpeg 766w, https:\/\/propesp.uepa.br\/ppgell\/wp-content\/uploads\/2022\/04\/Valeria-768x897-1-e1650480918258-300x300.jpeg 300w, https:\/\/propesp.uepa.br\/ppgell\/wp-content\/uploads\/2022\/04\/Valeria-768x897-1-e1650480918258-150x150.jpeg 150w, https:\/\/propesp.uepa.br\/ppgell\/wp-content\/uploads\/2022\/04\/Valeria-768x897-1-e1650480918258-600x600.jpeg 600w\" sizes=\"(max-width: 766px) 100vw, 766px\" \/><\/figure>\n\n\n\n<h6 class=\"wp-block-heading has-text-align-center has-ast-global-color-2-color has-text-color\">Dr\u00aa. Val\u00e9ria Cristian Silva Soares<\/h6>\n\n\n\n<div class=\"wp-block-buttons is-content-justification-center is-layout-flex wp-container-core-buttons-is-layout-14 wp-block-buttons-is-layout-flex\">\n<div class=\"wp-block-button is-style-fill\"><a class=\"wp-block-button__link wp-element-button\" href=\"http:\/\/lattes.cnpq.br\/0746722306992524\" style=\"border-radius:5px\" target=\"_blank\" rel=\"noreferrer noopener\">Acesso ao Lattes<\/a><\/div>\n<\/div>\n<\/div>\n\n\n\n<div class=\"wp-block-column is-vertically-aligned-stretch has-ast-global-color-5-background-color has-background is-layout-flow wp-block-column-is-layout-flow\">\n<figure class=\"wp-block-image aligncenter size-full is-resized is-style-rounded img-PB\"><img loading=\"lazy\" decoding=\"async\" width=\"500\" height=\"625\" src=\"https:\/\/propesp.uepa.br\/ppgell\/wp-content\/uploads\/2025\/02\/joseane.png\" alt=\"\" class=\"wp-image-2409\" style=\"object-fit:cover;width:188px;height:188px\" srcset=\"https:\/\/propesp.uepa.br\/ppgell\/wp-content\/uploads\/2025\/02\/joseane.png 500w, https:\/\/propesp.uepa.br\/ppgell\/wp-content\/uploads\/2025\/02\/joseane-240x300.png 240w\" sizes=\"(max-width: 500px) 100vw, 500px\" \/><\/figure>\n\n\n\n<h6 class=\"wp-block-heading has-text-align-center has-ast-global-color-2-color has-text-color\">Dr\u00aa. Josane Daniela  Pinto<\/h6>\n\n\n\n<div class=\"wp-block-buttons alignwide is-content-justification-center is-layout-flex wp-container-core-buttons-is-layout-15 wp-block-buttons-is-layout-flex\">\n<div class=\"wp-block-button is-style-fill\"><a class=\"wp-block-button__link wp-element-button\" href=\"http:\/\/lattes.cnpq.br\/5062647507173469\" style=\"border-radius:5px\" target=\"_blank\" rel=\"noreferrer noopener\">Acesso ao Lattes<\/a><\/div>\n<\/div>\n<\/div>\n<\/div>\n<\/div>\n\n\n\n<p><\/p>\n","protected":false},"excerpt":{"rendered":"<p>Quadro atual O Programa de P\u00f3s-Gradua\u00e7\u00e3o em Ensino de L\u00edngua Portuguesa e Literaturas contar\u00e1 com um corpo docente altamente qualificado, composto por doutores especializados na \u00e1rea de Letras e em \u00e1reas correlatas. Al\u00e9m de professores do Centro de Ci\u00eancias Sociais e Educa\u00e7\u00e3o e de outras Unidades Administrativas e Centros da UEPA, o programa tamb\u00e9m incluir\u00e1 &hellip;<\/p>\n<p class=\"read-more\"> <a class=\"\" href=\"https:\/\/propesp.uepa.br\/ppgell\/docentes\/\"> <span class=\"screen-reader-text\">Corpo Docente<\/span> Leia mais &raquo;<\/a><\/p>\n","protected":false},"author":1,"featured_media":0,"parent":0,"menu_order":0,"comment_status":"closed","ping_status":"closed","template":"","meta":{"_uag_custom_page_level_css":"","site-sidebar-layout":"default","site-content-layout":"","ast-site-content-layout":"default","site-content-style":"default","site-sidebar-style":"default","ast-global-header-display":"","ast-banner-title-visibility":"","ast-main-header-display":"","ast-hfb-above-header-display":"","ast-hfb-below-header-display":"","ast-hfb-mobile-header-display":"","site-post-title":"","ast-breadcrumbs-content":"","ast-featured-img":"","footer-sml-layout":"","theme-transparent-header-meta":"","adv-header-id-meta":"","stick-header-meta":"","header-above-stick-meta":"","header-main-stick-meta":"","header-below-stick-meta":"","astra-migrate-meta-layouts":"set","ast-page-background-enabled":"default","ast-page-background-meta":{"desktop":{"background-color":"var(--ast-global-color-4)","background-image":"","background-repeat":"repeat","background-position":"center center","background-size":"auto","background-attachment":"scroll","background-type":"","background-media":"","overlay-type":"","overlay-color":"","overlay-gradient":""},"tablet":{"background-color":"","background-image":"","background-repeat":"repeat","background-position":"center center","background-size":"auto","background-attachment":"scroll","background-type":"","background-media":"","overlay-type":"","overlay-color":"","overlay-gradient":""},"mobile":{"background-color":"","background-image":"","background-repeat":"repeat","background-position":"center center","background-size":"auto","background-attachment":"scroll","background-type":"","background-media":"","overlay-type":"","overlay-color":"","overlay-gradient":""}},"ast-content-background-meta":{"desktop":{"background-color":"var(--ast-global-color-5)","background-image":"","background-repeat":"repeat","background-position":"center center","background-size":"auto","background-attachment":"scroll","background-type":"","background-media":"","overlay-type":"","overlay-color":"","overlay-gradient":""},"tablet":{"background-color":"var(--ast-global-color-5)","background-image":"","background-repeat":"repeat","background-position":"center center","background-size":"auto","background-attachment":"scroll","background-type":"","background-media":"","overlay-type":"","overlay-color":"","overlay-gradient":""},"mobile":{"background-color":"var(--ast-global-color-5)","background-image":"","background-repeat":"repeat","background-position":"center center","background-size":"auto","background-attachment":"scroll","background-type":"","background-media":"","overlay-type":"","overlay-color":"","overlay-gradient":""}},"footnotes":""},"class_list":["post-1093","page","type-page","status-publish","hentry"],"uagb_featured_image_src":{"full":false,"thumbnail":false,"medium":false,"medium_large":false,"large":false,"1536x1536":false,"2048x2048":false},"uagb_author_info":{"display_name":"admin@uepa.br","author_link":"https:\/\/propesp.uepa.br\/ppgell\/author\/adminuepa-br\/"},"uagb_comment_info":0,"uagb_excerpt":"Quadro atual O Programa de P\u00f3s-Gradua\u00e7\u00e3o em Ensino de L\u00edngua Portuguesa e Literaturas contar\u00e1 com um corpo docente altamente qualificado, composto por doutores especializados na \u00e1rea de Letras e em \u00e1reas correlatas. Al\u00e9m de professores do Centro de Ci\u00eancias Sociais e Educa\u00e7\u00e3o e de outras Unidades Administrativas e Centros da UEPA, o programa tamb\u00e9m incluir\u00e1&hellip;","_links":{"self":[{"href":"https:\/\/propesp.uepa.br\/ppgell\/wp-json\/wp\/v2\/pages\/1093"}],"collection":[{"href":"https:\/\/propesp.uepa.br\/ppgell\/wp-json\/wp\/v2\/pages"}],"about":[{"href":"https:\/\/propesp.uepa.br\/ppgell\/wp-json\/wp\/v2\/types\/page"}],"author":[{"embeddable":true,"href":"https:\/\/propesp.uepa.br\/ppgell\/wp-json\/wp\/v2\/users\/1"}],"replies":[{"embeddable":true,"href":"https:\/\/propesp.uepa.br\/ppgell\/wp-json\/wp\/v2\/comments?post=1093"}],"version-history":[{"count":26,"href":"https:\/\/propesp.uepa.br\/ppgell\/wp-json\/wp\/v2\/pages\/1093\/revisions"}],"predecessor-version":[{"id":2599,"href":"https:\/\/propesp.uepa.br\/ppgell\/wp-json\/wp\/v2\/pages\/1093\/revisions\/2599"}],"wp:attachment":[{"href":"https:\/\/propesp.uepa.br\/ppgell\/wp-json\/wp\/v2\/media?parent=1093"}],"curies":[{"name":"wp","href":"https:\/\/api.w.org\/{rel}","templated":true}]}}