{"id":1231,"date":"2022-06-03T08:36:20","date_gmt":"2022-06-03T11:36:20","guid":{"rendered":"https:\/\/propesp.uepa.br\/ppgell\/?page_id=1231"},"modified":"2024-09-24T16:50:05","modified_gmt":"2024-09-24T19:50:05","slug":"noticias","status":"publish","type":"page","link":"https:\/\/propesp.uepa.br\/ppgell\/noticias\/","title":{"rendered":"Not\u00edcias"},"content":{"rendered":"\n<div class=\"wp-block-uagb-container uagb-block-0968cf99 alignfull uagb-is-root-container\"><div class=\"uagb-container-inner-blocks-wrap\">\n\t\t\t<div class=\"wp-block-uagb-post-masonry uagb-post-grid max-width-1200 uagb-post__image-position-top uagb-post__image-enabled uagb-block-b10ac47f     uagb-post__items uagb-post__columns-3 is-masonry uagb-post__columns-tablet-2 uagb-post__columns-mobile-1\" data-total=\"1\" style=\"\">\n\n\t\t\t\t\t\t\t\t\t\t\t\t<article class=\"uagb-post__inner-wrap\">\t\t\t\t\t\t\t\t<div class='uagb-post__image'>\n\t\t\t\t\t\t\t\t\t<a href=\"https:\/\/propesp.uepa.br\/ppgell\/educacao-no-contexto-contemporaneo\/\" target=\"_self\" rel=\"bookmark noopener noreferrer\"><img loading=\"lazy\" decoding=\"async\" width=\"666\" height=\"942\" src=\"https:\/\/propesp.uepa.br\/ppgell\/wp-content\/uploads\/2022\/12\/WhatsApp-Image-2022-12-20-at-11.39.28.jpeg\" class=\"attachment-large size-large\" alt=\"\" srcset=\"https:\/\/propesp.uepa.br\/ppgell\/wp-content\/uploads\/2022\/12\/WhatsApp-Image-2022-12-20-at-11.39.28.jpeg 666w, https:\/\/propesp.uepa.br\/ppgell\/wp-content\/uploads\/2022\/12\/WhatsApp-Image-2022-12-20-at-11.39.28-212x300.jpeg 212w\" sizes=\"(max-width: 666px) 100vw, 666px\" \/>\t\t\t\t\t<\/a>\n\t\t\t\t\t\t\t\t\t<\/div>\n\t\t\t\t\t\t<h4 class=\"uagb-post__title uagb-post__text\">\n\t\t\t\t<a href=\"https:\/\/propesp.uepa.br\/ppgell\/educacao-no-contexto-contemporaneo\/\" target=\"_self\" rel=\"bookmark noopener noreferrer\">EDUCA\u00c7\u00c3O NO CONTEXTO CONTEMPOR\u00c2NEO<\/a>\n\t\t\t<\/h4>\n\t\t\t\t\t\t<div class='uagb-post__text uagb-post-grid-byline'>\n\t\t\t\t\t\t\t\t<time datetime=\"2022-12-20T11:40:11-03:00\" class=\"uagb-post__date\">\n\t\t\t\t<span class=\"dashicons-calendar dashicons\"><\/span>\t\t\t\t\t20 de dezembro de 2022\t\t\t\t<\/time>\n\t\t\t\t\t\t<\/div>\n\t\t\t\t\t\t<div class=\"uagb-post__text uagb-post__cta wp-block-button\">\n\t\t\t\t<a class=\"wp-block-button__link uagb-text-link\" style=\"\" href=\"https:\/\/propesp.uepa.br\/ppgell\/educacao-no-contexto-contemporaneo\/\" target=\"_self\" rel=\"bookmark noopener noreferrer\">Leia mais!<\/a>\n\t\t\t<\/div>\n\t\t\t\n\t\t\t\t\t\t\t\t\t<\/article>\n\t\t\t\t\t\t\t\t\t\t\t\t\t\t\t\t<article class=\"uagb-post__inner-wrap\">\t\t\t\t\t\t\t\t<div class='uagb-post__image'>\n\t\t\t\t\t\t\t\t\t<a href=\"https:\/\/propesp.uepa.br\/ppgell\/publicacoes-recentes\/\" target=\"_self\" rel=\"bookmark noopener noreferrer\"><img loading=\"lazy\" decoding=\"async\" width=\"668\" height=\"1000\" src=\"https:\/\/propesp.uepa.br\/ppgell\/wp-content\/uploads\/2022\/12\/WhatsApp-Image-2022-12-20-at-11.09.45.jpeg\" class=\"attachment-large size-large\" alt=\"\" srcset=\"https:\/\/propesp.uepa.br\/ppgell\/wp-content\/uploads\/2022\/12\/WhatsApp-Image-2022-12-20-at-11.09.45.jpeg 668w, https:\/\/propesp.uepa.br\/ppgell\/wp-content\/uploads\/2022\/12\/WhatsApp-Image-2022-12-20-at-11.09.45-200x300.jpeg 200w\" sizes=\"(max-width: 668px) 100vw, 668px\" \/>\t\t\t\t\t<\/a>\n\t\t\t\t\t\t\t\t\t<\/div>\n\t\t\t\t\t\t<h4 class=\"uagb-post__title uagb-post__text\">\n\t\t\t\t<a href=\"https:\/\/propesp.uepa.br\/ppgell\/publicacoes-recentes\/\" target=\"_self\" rel=\"bookmark noopener noreferrer\">PENSAMENTOS E ATITUDES PEDAG\u00d3GICAS: ESPA\u00c7OS DE REFLEX\u00d5ES<\/a>\n\t\t\t<\/h4>\n\t\t\t\t\t\t<div class='uagb-post__text uagb-post-grid-byline'>\n\t\t\t\t\t\t\t\t<time datetime=\"2022-12-20T11:16:24-03:00\" class=\"uagb-post__date\">\n\t\t\t\t<span class=\"dashicons-calendar dashicons\"><\/span>\t\t\t\t\t20 de dezembro de 2022\t\t\t\t<\/time>\n\t\t\t\t\t\t<\/div>\n\t\t\t\t\t\t<div class=\"uagb-post__text uagb-post__cta wp-block-button\">\n\t\t\t\t<a class=\"wp-block-button__link uagb-text-link\" style=\"\" href=\"https:\/\/propesp.uepa.br\/ppgell\/publicacoes-recentes\/\" target=\"_self\" rel=\"bookmark noopener noreferrer\">Leia mais!<\/a>\n\t\t\t<\/div>\n\t\t\t\n\t\t\t\t\t\t\t\t\t<\/article>\n\t\t\t\t\t\t\t\t\t\t\t\t\t\t\t\t<article class=\"uagb-post__inner-wrap\">\t\t\t\t\t\t\t\t<div class='uagb-post__image'>\n\t\t\t\t\t\t\t\t\t<a href=\"https:\/\/propesp.uepa.br\/ppgell\/depoimentos-dos-discentes\/\" target=\"_self\" rel=\"bookmark noopener noreferrer\"><img loading=\"lazy\" decoding=\"async\" width=\"1024\" height=\"1024\" src=\"https:\/\/propesp.uepa.br\/ppgell\/wp-content\/uploads\/2022\/11\/Apresenta-1024x1024.png\" class=\"attachment-large size-large\" alt=\"\" srcset=\"https:\/\/propesp.uepa.br\/ppgell\/wp-content\/uploads\/2022\/11\/Apresenta-1024x1024.png 1024w, https:\/\/propesp.uepa.br\/ppgell\/wp-content\/uploads\/2022\/11\/Apresenta-300x300.png 300w, https:\/\/propesp.uepa.br\/ppgell\/wp-content\/uploads\/2022\/11\/Apresenta-150x150.png 150w, https:\/\/propesp.uepa.br\/ppgell\/wp-content\/uploads\/2022\/11\/Apresenta-768x768.png 768w, https:\/\/propesp.uepa.br\/ppgell\/wp-content\/uploads\/2022\/11\/Apresenta.png 1080w\" sizes=\"(max-width: 1024px) 100vw, 1024px\" \/>\t\t\t\t\t<\/a>\n\t\t\t\t\t\t\t\t\t<\/div>\n\t\t\t\t\t\t<h4 class=\"uagb-post__title uagb-post__text\">\n\t\t\t\t<a href=\"https:\/\/propesp.uepa.br\/ppgell\/depoimentos-dos-discentes\/\" target=\"_self\" rel=\"bookmark noopener noreferrer\">DEPOIMENTOS<\/a>\n\t\t\t<\/h4>\n\t\t\t\t\t\t<div class='uagb-post__text uagb-post-grid-byline'>\n\t\t\t\t\t\t\t\t<time datetime=\"2022-11-24T08:50:40-03:00\" class=\"uagb-post__date\">\n\t\t\t\t<span class=\"dashicons-calendar dashicons\"><\/span>\t\t\t\t\t24 de novembro de 2022\t\t\t\t<\/time>\n\t\t\t\t\t\t<\/div>\n\t\t\t\t\t\t<div class=\"uagb-post__text uagb-post__cta wp-block-button\">\n\t\t\t\t<a class=\"wp-block-button__link uagb-text-link\" style=\"\" href=\"https:\/\/propesp.uepa.br\/ppgell\/depoimentos-dos-discentes\/\" target=\"_self\" rel=\"bookmark noopener noreferrer\">Leia mais!<\/a>\n\t\t\t<\/div>\n\t\t\t\n\t\t\t\t\t\t\t\t\t<\/article>\n\t\t\t\t\t\t\t\t\t\t\t\t\t\t\t\t<article class=\"uagb-post__inner-wrap\">\t\t\t\t\t\t\t\t<div class='uagb-post__image'>\n\t\t\t\t\t\t\t\t\t<a href=\"https:\/\/propesp.uepa.br\/ppgell\/ii-webinario-ppgell\/\" target=\"_self\" rel=\"bookmark noopener noreferrer\"><img loading=\"lazy\" decoding=\"async\" width=\"576\" height=\"1024\" src=\"https:\/\/propesp.uepa.br\/ppgell\/wp-content\/uploads\/2022\/11\/II-WEBINARIO-PPGELUEPA-1-576x1024.jpg\" class=\"attachment-large size-large\" alt=\"\" srcset=\"https:\/\/propesp.uepa.br\/ppgell\/wp-content\/uploads\/2022\/11\/II-WEBINARIO-PPGELUEPA-1-576x1024.jpg 576w, https:\/\/propesp.uepa.br\/ppgell\/wp-content\/uploads\/2022\/11\/II-WEBINARIO-PPGELUEPA-1-169x300.jpg 169w, https:\/\/propesp.uepa.br\/ppgell\/wp-content\/uploads\/2022\/11\/II-WEBINARIO-PPGELUEPA-1-768x1365.jpg 768w, https:\/\/propesp.uepa.br\/ppgell\/wp-content\/uploads\/2022\/11\/II-WEBINARIO-PPGELUEPA-1-864x1536.jpg 864w, https:\/\/propesp.uepa.br\/ppgell\/wp-content\/uploads\/2022\/11\/II-WEBINARIO-PPGELUEPA-1.jpg 1080w\" sizes=\"(max-width: 576px) 100vw, 576px\" \/>\t\t\t\t\t<\/a>\n\t\t\t\t\t\t\t\t\t<\/div>\n\t\t\t\t\t\t<h4 class=\"uagb-post__title uagb-post__text\">\n\t\t\t\t<a href=\"https:\/\/propesp.uepa.br\/ppgell\/ii-webinario-ppgell\/\" target=\"_self\" rel=\"bookmark noopener noreferrer\">II WEBIN\u00c1RIO PPGELL<\/a>\n\t\t\t<\/h4>\n\t\t\t\t\t\t<div class='uagb-post__text uagb-post-grid-byline'>\n\t\t\t\t\t\t\t\t<time datetime=\"2022-11-17T13:12:51-03:00\" class=\"uagb-post__date\">\n\t\t\t\t<span class=\"dashicons-calendar dashicons\"><\/span>\t\t\t\t\t17 de novembro de 2022\t\t\t\t<\/time>\n\t\t\t\t\t\t<\/div>\n\t\t\t\t\t\t<div class=\"uagb-post__text uagb-post__cta wp-block-button\">\n\t\t\t\t<a class=\"wp-block-button__link uagb-text-link\" style=\"\" href=\"https:\/\/propesp.uepa.br\/ppgell\/ii-webinario-ppgell\/\" target=\"_self\" rel=\"bookmark noopener noreferrer\">Leia mais!<\/a>\n\t\t\t<\/div>\n\t\t\t\n\t\t\t\t\t\t\t\t\t<\/article>\n\t\t\t\t\t\t\t\t\t\t\t\t\t\t\t\t<article class=\"uagb-post__inner-wrap\">\t\t\t\t\t\t\t\t<div class='uagb-post__image'>\n\t\t\t\t\t\t\t\t\t<a href=\"https:\/\/propesp.uepa.br\/ppgell\/pss-ppgell-2022\/\" target=\"_self\" rel=\"bookmark noopener noreferrer\"><img loading=\"lazy\" decoding=\"async\" width=\"1024\" height=\"1024\" src=\"https:\/\/propesp.uepa.br\/ppgell\/wp-content\/uploads\/2022\/11\/ppgell-card-1024x1024.png\" class=\"attachment-large size-large\" alt=\"\" srcset=\"https:\/\/propesp.uepa.br\/ppgell\/wp-content\/uploads\/2022\/11\/ppgell-card-1024x1024.png 1024w, https:\/\/propesp.uepa.br\/ppgell\/wp-content\/uploads\/2022\/11\/ppgell-card-300x300.png 300w, https:\/\/propesp.uepa.br\/ppgell\/wp-content\/uploads\/2022\/11\/ppgell-card-150x150.png 150w, https:\/\/propesp.uepa.br\/ppgell\/wp-content\/uploads\/2022\/11\/ppgell-card-768x768.png 768w, https:\/\/propesp.uepa.br\/ppgell\/wp-content\/uploads\/2022\/11\/ppgell-card.png 1080w\" sizes=\"(max-width: 1024px) 100vw, 1024px\" \/>\t\t\t\t\t<\/a>\n\t\t\t\t\t\t\t\t\t<\/div>\n\t\t\t\t\t\t<h4 class=\"uagb-post__title uagb-post__text\">\n\t\t\t\t<a href=\"https:\/\/propesp.uepa.br\/ppgell\/pss-ppgell-2022\/\" target=\"_self\" rel=\"bookmark noopener noreferrer\">EDITAL PROCESSO SELETIVO PPGELL 2022<\/a>\n\t\t\t<\/h4>\n\t\t\t\t\t\t<div class='uagb-post__text uagb-post-grid-byline'>\n\t\t\t\t\t\t\t\t<time datetime=\"2022-09-14T09:52:47-03:00\" class=\"uagb-post__date\">\n\t\t\t\t<span class=\"dashicons-calendar dashicons\"><\/span>\t\t\t\t\t14 de setembro de 2022\t\t\t\t<\/time>\n\t\t\t\t\t\t<\/div>\n\t\t\t\t\t\t<div class=\"uagb-post__text uagb-post__cta wp-block-button\">\n\t\t\t\t<a class=\"wp-block-button__link uagb-text-link\" style=\"\" href=\"https:\/\/propesp.uepa.br\/ppgell\/pss-ppgell-2022\/\" target=\"_self\" rel=\"bookmark noopener noreferrer\">Leia mais!<\/a>\n\t\t\t<\/div>\n\t\t\t\n\t\t\t\t\t\t\t\t\t<\/article>\n\t\t\t\t\t\t\t\t\t\t\t\t\t\t\t\t<article class=\"uagb-post__inner-wrap\">\t\t\t\t\t\t\t\t<div class='uagb-post__image'>\n\t\t\t\t\t\t\t\t\t<a href=\"https:\/\/propesp.uepa.br\/ppgell\/nova-publicacao\/\" target=\"_self\" rel=\"bookmark noopener noreferrer\"><img loading=\"lazy\" decoding=\"async\" width=\"220\" height=\"310\" src=\"https:\/\/propesp.uepa.br\/ppgell\/wp-content\/uploads\/2022\/04\/Lingua-Portuguesa-1_page-0001-2.jpg\" class=\"attachment-large size-large\" alt=\"\" srcset=\"https:\/\/propesp.uepa.br\/ppgell\/wp-content\/uploads\/2022\/04\/Lingua-Portuguesa-1_page-0001-2.jpg 220w, https:\/\/propesp.uepa.br\/ppgell\/wp-content\/uploads\/2022\/04\/Lingua-Portuguesa-1_page-0001-2-213x300.jpg 213w\" sizes=\"(max-width: 220px) 100vw, 220px\" \/>\t\t\t\t\t<\/a>\n\t\t\t\t\t\t\t\t\t<\/div>\n\t\t\t\t\t\t<h4 class=\"uagb-post__title uagb-post__text\">\n\t\t\t\t<a href=\"https:\/\/propesp.uepa.br\/ppgell\/nova-publicacao\/\" target=\"_self\" rel=\"bookmark noopener noreferrer\">NOVA PUBLICA\u00c7\u00c3O<\/a>\n\t\t\t<\/h4>\n\t\t\t\t\t\t<div class='uagb-post__text uagb-post-grid-byline'>\n\t\t\t\t\t\t\t\t<time datetime=\"2022-04-04T10:46:28-03:00\" class=\"uagb-post__date\">\n\t\t\t\t<span class=\"dashicons-calendar dashicons\"><\/span>\t\t\t\t\t4 de abril de 2022\t\t\t\t<\/time>\n\t\t\t\t\t\t<\/div>\n\t\t\t\t\t\t<div class=\"uagb-post__text uagb-post__cta wp-block-button\">\n\t\t\t\t<a class=\"wp-block-button__link uagb-text-link\" style=\"\" href=\"https:\/\/propesp.uepa.br\/ppgell\/nova-publicacao\/\" target=\"_self\" rel=\"bookmark noopener noreferrer\">Leia mais!<\/a>\n\t\t\t<\/div>\n\t\t\t\n\t\t\t\t\t\t\t\t\t<\/article>\n\t\t\t\t\t\t\t\t\t\t\t\t\t\t\t\t<article class=\"uagb-post__inner-wrap\">\t\t\t\t\t\t\t\t<div class='uagb-post__image'>\n\t\t\t\t\t\t\t\t\t<a href=\"https:\/\/propesp.uepa.br\/ppgell\/retorno-presencial-ppgell\/\" target=\"_self\" rel=\"bookmark noopener noreferrer\"><img loading=\"lazy\" decoding=\"async\" width=\"1024\" height=\"768\" src=\"https:\/\/propesp.uepa.br\/ppgell\/wp-content\/uploads\/2022\/03\/WhatsApp-Image-2022-03-08-at-15.48.22-1024x768.jpeg\" class=\"attachment-large size-large\" alt=\"\" srcset=\"https:\/\/propesp.uepa.br\/ppgell\/wp-content\/uploads\/2022\/03\/WhatsApp-Image-2022-03-08-at-15.48.22-1024x768.jpeg 1024w, https:\/\/propesp.uepa.br\/ppgell\/wp-content\/uploads\/2022\/03\/WhatsApp-Image-2022-03-08-at-15.48.22-300x225.jpeg 300w, https:\/\/propesp.uepa.br\/ppgell\/wp-content\/uploads\/2022\/03\/WhatsApp-Image-2022-03-08-at-15.48.22-768x576.jpeg 768w, https:\/\/propesp.uepa.br\/ppgell\/wp-content\/uploads\/2022\/03\/WhatsApp-Image-2022-03-08-at-15.48.22.jpeg 1280w\" sizes=\"(max-width: 1024px) 100vw, 1024px\" \/>\t\t\t\t\t<\/a>\n\t\t\t\t\t\t\t\t\t<\/div>\n\t\t\t\t\t\t<h4 class=\"uagb-post__title uagb-post__text\">\n\t\t\t\t<a href=\"https:\/\/propesp.uepa.br\/ppgell\/retorno-presencial-ppgell\/\" target=\"_self\" rel=\"bookmark noopener noreferrer\">RETORNO PRESENCIAL PPGELL\/UEPA<\/a>\n\t\t\t<\/h4>\n\t\t\t\t\t\t<div class='uagb-post__text uagb-post-grid-byline'>\n\t\t\t\t\t\t\t\t<time datetime=\"2022-03-09T10:30:42-03:00\" class=\"uagb-post__date\">\n\t\t\t\t<span class=\"dashicons-calendar dashicons\"><\/span>\t\t\t\t\t9 de mar\u00e7o de 2022\t\t\t\t<\/time>\n\t\t\t\t\t\t<\/div>\n\t\t\t\t\t\t<div class=\"uagb-post__text uagb-post__cta wp-block-button\">\n\t\t\t\t<a class=\"wp-block-button__link uagb-text-link\" style=\"\" href=\"https:\/\/propesp.uepa.br\/ppgell\/retorno-presencial-ppgell\/\" target=\"_self\" rel=\"bookmark noopener noreferrer\">Leia mais!<\/a>\n\t\t\t<\/div>\n\t\t\t\n\t\t\t\t\t\t\t\t\t<\/article>\n\t\t\t\t\t\t\t\t\t\t\t\t\t\t\t\t<article class=\"uagb-post__inner-wrap\">\t\t\t\t\t\t\t\t<div class='uagb-post__image'>\n\t\t\t\t\t\t\t\t\t<a href=\"https:\/\/propesp.uepa.br\/ppgell\/edital-do-processo-seletivo-2021-ppgell\/\" target=\"_self\" rel=\"bookmark noopener noreferrer\"><img loading=\"lazy\" decoding=\"async\" width=\"1024\" height=\"1024\" src=\"https:\/\/propesp.uepa.br\/ppgell\/wp-content\/uploads\/2021\/10\/WhatsApp-Image-2021-10-19-at-10.47.43-1024x1024.jpeg\" class=\"attachment-large size-large\" alt=\"\" srcset=\"https:\/\/propesp.uepa.br\/ppgell\/wp-content\/uploads\/2021\/10\/WhatsApp-Image-2021-10-19-at-10.47.43-1024x1024.jpeg 1024w, https:\/\/propesp.uepa.br\/ppgell\/wp-content\/uploads\/2021\/10\/WhatsApp-Image-2021-10-19-at-10.47.43-300x300.jpeg 300w, https:\/\/propesp.uepa.br\/ppgell\/wp-content\/uploads\/2021\/10\/WhatsApp-Image-2021-10-19-at-10.47.43-150x150.jpeg 150w, https:\/\/propesp.uepa.br\/ppgell\/wp-content\/uploads\/2021\/10\/WhatsApp-Image-2021-10-19-at-10.47.43-768x768.jpeg 768w, https:\/\/propesp.uepa.br\/ppgell\/wp-content\/uploads\/2021\/10\/WhatsApp-Image-2021-10-19-at-10.47.43.jpeg 1080w\" sizes=\"(max-width: 1024px) 100vw, 1024px\" \/>\t\t\t\t\t<\/a>\n\t\t\t\t\t\t\t\t\t<\/div>\n\t\t\t\t\t\t<h4 class=\"uagb-post__title uagb-post__text\">\n\t\t\t\t<a href=\"https:\/\/propesp.uepa.br\/ppgell\/edital-do-processo-seletivo-2021-ppgell\/\" target=\"_self\" rel=\"bookmark noopener noreferrer\">Edital do Processo Seletivo 2021 PPGELL<\/a>\n\t\t\t<\/h4>\n\t\t\t\t\t\t<div class='uagb-post__text uagb-post-grid-byline'>\n\t\t\t\t\t\t\t\t<time datetime=\"2021-10-19T10:55:25-03:00\" class=\"uagb-post__date\">\n\t\t\t\t<span class=\"dashicons-calendar dashicons\"><\/span>\t\t\t\t\t19 de outubro de 2021\t\t\t\t<\/time>\n\t\t\t\t\t\t<\/div>\n\t\t\t\t\t\t<div class=\"uagb-post__text uagb-post__cta wp-block-button\">\n\t\t\t\t<a class=\"wp-block-button__link uagb-text-link\" style=\"\" href=\"https:\/\/propesp.uepa.br\/ppgell\/edital-do-processo-seletivo-2021-ppgell\/\" target=\"_self\" rel=\"bookmark noopener noreferrer\">Leia mais!<\/a>\n\t\t\t<\/div>\n\t\t\t\n\t\t\t\t\t\t\t\t\t<\/article>\n\t\t\t\t\t\t\t\t\t\t\t\t\t\t\t\t<article class=\"uagb-post__inner-wrap\">\t\t\t\t\t\t\t\t<div class='uagb-post__image'>\n\t\t\t\t\t\t\t\t\t<a href=\"https:\/\/propesp.uepa.br\/ppgell\/500\/\" target=\"_self\" rel=\"bookmark noopener noreferrer\"><img loading=\"lazy\" decoding=\"async\" width=\"572\" height=\"794\" src=\"https:\/\/propesp.uepa.br\/ppgell\/wp-content\/uploads\/2021\/06\/Capa-livro.png\" class=\"attachment-large size-large\" alt=\"\" srcset=\"https:\/\/propesp.uepa.br\/ppgell\/wp-content\/uploads\/2021\/06\/Capa-livro.png 572w, https:\/\/propesp.uepa.br\/ppgell\/wp-content\/uploads\/2021\/06\/Capa-livro-216x300.png 216w\" sizes=\"(max-width: 572px) 100vw, 572px\" \/>\t\t\t\t\t<\/a>\n\t\t\t\t\t\t\t\t\t<\/div>\n\t\t\t\t\t\t<h4 class=\"uagb-post__title uagb-post__text\">\n\t\t\t\t<a href=\"https:\/\/propesp.uepa.br\/ppgell\/500\/\" target=\"_self\" rel=\"bookmark noopener noreferrer\">O OF\u00cdCIO DO PROFESSOR: Reflex\u00f5es sobre pr\u00e1ticas pedag\u00f3gicas &#8211; Elisa Maria Pinheiro de Souza e Marco Ant\u00f4nio da Costa Camelo (Organizadores)<\/a>\n\t\t\t<\/h4>\n\t\t\t\t\t\t<div class='uagb-post__text uagb-post-grid-byline'>\n\t\t\t\t\t\t\t\t<time datetime=\"2021-06-23T09:57:37-03:00\" class=\"uagb-post__date\">\n\t\t\t\t<span class=\"dashicons-calendar dashicons\"><\/span>\t\t\t\t\t23 de junho de 2021\t\t\t\t<\/time>\n\t\t\t\t\t\t<\/div>\n\t\t\t\t\t\t<div class=\"uagb-post__text uagb-post__cta wp-block-button\">\n\t\t\t\t<a class=\"wp-block-button__link uagb-text-link\" style=\"\" href=\"https:\/\/propesp.uepa.br\/ppgell\/500\/\" target=\"_self\" rel=\"bookmark noopener noreferrer\">Leia mais!<\/a>\n\t\t\t<\/div>\n\t\t\t\n\t\t\t\t\t\t\t\t\t<\/article>\n\t\t\t\t\t\t\t\t\t\t\t\t\t\t\t\t<article class=\"uagb-post__inner-wrap\">\t\t\t\t\t\t\t\t<h4 class=\"uagb-post__title uagb-post__text\">\n\t\t\t\t<a href=\"https:\/\/propesp.uepa.br\/ppgell\/i-webinario-ppgell-uepa\/\" target=\"_self\" rel=\"bookmark noopener noreferrer\">I Webin\u00e1rio PPGELL\/UEPA<\/a>\n\t\t\t<\/h4>\n\t\t\t\t\t\t<div class='uagb-post__text uagb-post-grid-byline'>\n\t\t\t\t\t\t\t\t<time datetime=\"2021-05-27T08:38:08-03:00\" class=\"uagb-post__date\">\n\t\t\t\t<span class=\"dashicons-calendar dashicons\"><\/span>\t\t\t\t\t27 de maio de 2021\t\t\t\t<\/time>\n\t\t\t\t\t\t<\/div>\n\t\t\t\t\t\t<div class=\"uagb-post__text uagb-post__cta wp-block-button\">\n\t\t\t\t<a class=\"wp-block-button__link uagb-text-link\" style=\"\" href=\"https:\/\/propesp.uepa.br\/ppgell\/i-webinario-ppgell-uepa\/\" target=\"_self\" rel=\"bookmark noopener noreferrer\">Leia mais!<\/a>\n\t\t\t<\/div>\n\t\t\t\n\t\t\t\t\t\t\t\t\t<\/article>\n\t\t\t\t\t\t\t\t\t\t\t\t\t\t\t\t<article class=\"uagb-post__inner-wrap\">\t\t\t\t\t\t\t\t<div class='uagb-post__image'>\n\t\t\t\t\t\t\t\t\t<a href=\"https:\/\/propesp.uepa.br\/ppgell\/formacao-docente-importancia-estrategias-e-principios-volume-1-marcos-pereira-dos-santos-organizador-editora-bagai\/\" target=\"_self\" rel=\"bookmark noopener noreferrer\"><img loading=\"lazy\" decoding=\"async\" width=\"724\" height=\"1024\" src=\"https:\/\/propesp.uepa.br\/ppgell\/wp-content\/uploads\/2021\/03\/CAPA-PARA-SITE-E-BOOK-FORMA\u00c7\u00c3O-DOCENTE-724x1024.png\" class=\"attachment-large size-large\" alt=\"\" srcset=\"https:\/\/propesp.uepa.br\/ppgell\/wp-content\/uploads\/2021\/03\/CAPA-PARA-SITE-E-BOOK-FORMA\u00c7\u00c3O-DOCENTE-724x1024.png 724w, https:\/\/propesp.uepa.br\/ppgell\/wp-content\/uploads\/2021\/03\/CAPA-PARA-SITE-E-BOOK-FORMA\u00c7\u00c3O-DOCENTE-212x300.png 212w, https:\/\/propesp.uepa.br\/ppgell\/wp-content\/uploads\/2021\/03\/CAPA-PARA-SITE-E-BOOK-FORMA\u00c7\u00c3O-DOCENTE-768x1086.png 768w, https:\/\/propesp.uepa.br\/ppgell\/wp-content\/uploads\/2021\/03\/CAPA-PARA-SITE-E-BOOK-FORMA\u00c7\u00c3O-DOCENTE.png 1414w\" sizes=\"(max-width: 724px) 100vw, 724px\" \/>\t\t\t\t\t<\/a>\n\t\t\t\t\t\t\t\t\t<\/div>\n\t\t\t\t\t\t<h4 class=\"uagb-post__title uagb-post__text\">\n\t\t\t\t<a href=\"https:\/\/propesp.uepa.br\/ppgell\/formacao-docente-importancia-estrategias-e-principios-volume-1-marcos-pereira-dos-santos-organizador-editora-bagai\/\" target=\"_self\" rel=\"bookmark noopener noreferrer\">FORMA\u00c7\u00c3O DOCENTE import\u00e2ncia, estrat\u00e9gias e princ\u00edpios &#8211; Volume 1 &#8211; Marcos Pereira dos Santos (organizador) \/ Editora Bagai<\/a>\n\t\t\t<\/h4>\n\t\t\t\t\t\t<div class='uagb-post__text uagb-post-grid-byline'>\n\t\t\t\t\t\t\t\t<time datetime=\"2021-03-25T14:55:44-03:00\" class=\"uagb-post__date\">\n\t\t\t\t<span class=\"dashicons-calendar dashicons\"><\/span>\t\t\t\t\t25 de mar\u00e7o de 2021\t\t\t\t<\/time>\n\t\t\t\t\t\t<\/div>\n\t\t\t\t\t\t<div class=\"uagb-post__text uagb-post__cta wp-block-button\">\n\t\t\t\t<a class=\"wp-block-button__link uagb-text-link\" style=\"\" href=\"https:\/\/propesp.uepa.br\/ppgell\/formacao-docente-importancia-estrategias-e-principios-volume-1-marcos-pereira-dos-santos-organizador-editora-bagai\/\" target=\"_self\" rel=\"bookmark noopener noreferrer\">Leia mais!<\/a>\n\t\t\t<\/div>\n\t\t\t\n\t\t\t\t\t\t\t\t\t<\/article>\n\t\t\t\t\t\t\t\t\t\t\t\t\t\t\t\t<article class=\"uagb-post__inner-wrap\">\t\t\t\t\t\t\t\t<div class='uagb-post__image'>\n\t\t\t\t\t\t\t\t\t<a href=\"https:\/\/propesp.uepa.br\/ppgell\/formacao-docente-reflexoes-saberes-e-fazeres-andreia-de-bem-machado-organizadora-editora-bagai\/\" target=\"_self\" rel=\"bookmark noopener noreferrer\"><img loading=\"lazy\" decoding=\"async\" width=\"724\" height=\"1024\" src=\"https:\/\/propesp.uepa.br\/ppgell\/wp-content\/uploads\/2021\/03\/CAPA-PARA-SITE-E-BOOK-REFLEX\u00d5ES-E-SABERES-724x1024.png\" class=\"attachment-large size-large\" alt=\"\" srcset=\"https:\/\/propesp.uepa.br\/ppgell\/wp-content\/uploads\/2021\/03\/CAPA-PARA-SITE-E-BOOK-REFLEX\u00d5ES-E-SABERES-724x1024.png 724w, https:\/\/propesp.uepa.br\/ppgell\/wp-content\/uploads\/2021\/03\/CAPA-PARA-SITE-E-BOOK-REFLEX\u00d5ES-E-SABERES-212x300.png 212w, https:\/\/propesp.uepa.br\/ppgell\/wp-content\/uploads\/2021\/03\/CAPA-PARA-SITE-E-BOOK-REFLEX\u00d5ES-E-SABERES-768x1086.png 768w, https:\/\/propesp.uepa.br\/ppgell\/wp-content\/uploads\/2021\/03\/CAPA-PARA-SITE-E-BOOK-REFLEX\u00d5ES-E-SABERES.png 1414w\" sizes=\"(max-width: 724px) 100vw, 724px\" \/>\t\t\t\t\t<\/a>\n\t\t\t\t\t\t\t\t\t<\/div>\n\t\t\t\t\t\t<h4 class=\"uagb-post__title uagb-post__text\">\n\t\t\t\t<a href=\"https:\/\/propesp.uepa.br\/ppgell\/formacao-docente-reflexoes-saberes-e-fazeres-andreia-de-bem-machado-organizadora-editora-bagai\/\" target=\"_self\" rel=\"bookmark noopener noreferrer\">FORMA\u00c7\u00c3O DOCENTE: reflex\u00f5es, saberes e fazeres &#8211; Andreia de Bem Machado (organizadora) \/ Editora Bagai<\/a>\n\t\t\t<\/h4>\n\t\t\t\t\t\t<div class='uagb-post__text uagb-post-grid-byline'>\n\t\t\t\t\t\t\t\t<time datetime=\"2021-03-25T14:48:28-03:00\" class=\"uagb-post__date\">\n\t\t\t\t<span class=\"dashicons-calendar dashicons\"><\/span>\t\t\t\t\t25 de mar\u00e7o de 2021\t\t\t\t<\/time>\n\t\t\t\t\t\t<\/div>\n\t\t\t\t\t\t<div class=\"uagb-post__text uagb-post__cta wp-block-button\">\n\t\t\t\t<a class=\"wp-block-button__link uagb-text-link\" style=\"\" href=\"https:\/\/propesp.uepa.br\/ppgell\/formacao-docente-reflexoes-saberes-e-fazeres-andreia-de-bem-machado-organizadora-editora-bagai\/\" target=\"_self\" rel=\"bookmark noopener noreferrer\">Leia mais!<\/a>\n\t\t\t<\/div>\n\t\t\t\n\t\t\t\t\t\t\t\t\t<\/article>\n\t\t\t\t\t\t\t\t\t\t\t\t\t\t\t\t<article class=\"uagb-post__inner-wrap\">\t\t\t\t\t\t\t\t<div class='uagb-post__image'>\n\t\t\t\t\t\t\t\t\t<a href=\"https:\/\/propesp.uepa.br\/ppgell\/diacronia-portugues-brasileiro-elisa-maria-pinheiro-de-souza-e-waldinett-nascimento-torres-pena-organizadoras-editora-bagai\/\" target=\"_self\" rel=\"bookmark noopener noreferrer\"><img loading=\"lazy\" decoding=\"async\" width=\"724\" height=\"1024\" src=\"https:\/\/propesp.uepa.br\/ppgell\/wp-content\/uploads\/2021\/03\/CAPA-PARA-SITE-E-BOOK-DIACRONIA-724x1024.png\" class=\"attachment-large size-large\" alt=\"\" srcset=\"https:\/\/propesp.uepa.br\/ppgell\/wp-content\/uploads\/2021\/03\/CAPA-PARA-SITE-E-BOOK-DIACRONIA-724x1024.png 724w, https:\/\/propesp.uepa.br\/ppgell\/wp-content\/uploads\/2021\/03\/CAPA-PARA-SITE-E-BOOK-DIACRONIA-212x300.png 212w, https:\/\/propesp.uepa.br\/ppgell\/wp-content\/uploads\/2021\/03\/CAPA-PARA-SITE-E-BOOK-DIACRONIA-768x1086.png 768w, https:\/\/propesp.uepa.br\/ppgell\/wp-content\/uploads\/2021\/03\/CAPA-PARA-SITE-E-BOOK-DIACRONIA.png 1414w\" sizes=\"(max-width: 724px) 100vw, 724px\" \/>\t\t\t\t\t<\/a>\n\t\t\t\t\t\t\t\t\t<\/div>\n\t\t\t\t\t\t<h4 class=\"uagb-post__title uagb-post__text\">\n\t\t\t\t<a href=\"https:\/\/propesp.uepa.br\/ppgell\/diacronia-portugues-brasileiro-elisa-maria-pinheiro-de-souza-e-waldinett-nascimento-torres-pena-organizadoras-editora-bagai\/\" target=\"_self\" rel=\"bookmark noopener noreferrer\">DIACRONIA Portugu\u00eas Brasileiro &#8211; Elisa Maria Pinheiro De Souza e Waldinett Nascimento Torres Pena (organizadoras) \/ Editora Bagai<\/a>\n\t\t\t<\/h4>\n\t\t\t\t\t\t<div class='uagb-post__text uagb-post-grid-byline'>\n\t\t\t\t\t\t\t\t<time datetime=\"2021-03-25T14:42:23-03:00\" class=\"uagb-post__date\">\n\t\t\t\t<span class=\"dashicons-calendar dashicons\"><\/span>\t\t\t\t\t25 de mar\u00e7o de 2021\t\t\t\t<\/time>\n\t\t\t\t\t\t<\/div>\n\t\t\t\t\t\t<div class=\"uagb-post__text uagb-post__cta wp-block-button\">\n\t\t\t\t<a class=\"wp-block-button__link uagb-text-link\" style=\"\" href=\"https:\/\/propesp.uepa.br\/ppgell\/diacronia-portugues-brasileiro-elisa-maria-pinheiro-de-souza-e-waldinett-nascimento-torres-pena-organizadoras-editora-bagai\/\" target=\"_self\" rel=\"bookmark noopener noreferrer\">Leia mais!<\/a>\n\t\t\t<\/div>\n\t\t\t\n\t\t\t\t\t\t\t\t\t<\/article>\n\t\t\t\t\t\t\t\t\t\t\t\t\t\t\t\t<article class=\"uagb-post__inner-wrap\">\t\t\t\t\t\t\t\t<div class='uagb-post__image'>\n\t\t\t\t\t\t\t\t\t<a href=\"https:\/\/propesp.uepa.br\/ppgell\/cronograma-de-atividades-1o-semestre-2021-turma-2020\/\" target=\"_self\" rel=\"bookmark noopener noreferrer\"><img loading=\"lazy\" decoding=\"async\" width=\"724\" height=\"1024\" src=\"https:\/\/propesp.uepa.br\/ppgell\/wp-content\/uploads\/2021\/02\/FOTO-DE-CAPA-CRONOGRAMA-TURMA-2020-SITE-1-724x1024.jpg\" class=\"attachment-large size-large\" alt=\"\" srcset=\"https:\/\/propesp.uepa.br\/ppgell\/wp-content\/uploads\/2021\/02\/FOTO-DE-CAPA-CRONOGRAMA-TURMA-2020-SITE-1-724x1024.jpg 724w, https:\/\/propesp.uepa.br\/ppgell\/wp-content\/uploads\/2021\/02\/FOTO-DE-CAPA-CRONOGRAMA-TURMA-2020-SITE-1-212x300.jpg 212w, https:\/\/propesp.uepa.br\/ppgell\/wp-content\/uploads\/2021\/02\/FOTO-DE-CAPA-CRONOGRAMA-TURMA-2020-SITE-1-768x1086.jpg 768w, https:\/\/propesp.uepa.br\/ppgell\/wp-content\/uploads\/2021\/02\/FOTO-DE-CAPA-CRONOGRAMA-TURMA-2020-SITE-1.jpg 905w\" sizes=\"(max-width: 724px) 100vw, 724px\" \/>\t\t\t\t\t<\/a>\n\t\t\t\t\t\t\t\t\t<\/div>\n\t\t\t\t\t\t<h4 class=\"uagb-post__title uagb-post__text\">\n\t\t\t\t<a href=\"https:\/\/propesp.uepa.br\/ppgell\/cronograma-de-atividades-1o-semestre-2021-turma-2020\/\" target=\"_self\" rel=\"bookmark noopener noreferrer\">Cronograma de atividades \u2013 1\u00ba Semestre &#8211; 2021 \/        Turma 2020<\/a>\n\t\t\t<\/h4>\n\t\t\t\t\t\t<div class='uagb-post__text uagb-post-grid-byline'>\n\t\t\t\t\t\t\t\t<time datetime=\"2021-02-14T16:43:08-03:00\" class=\"uagb-post__date\">\n\t\t\t\t<span class=\"dashicons-calendar dashicons\"><\/span>\t\t\t\t\t14 de fevereiro de 2021\t\t\t\t<\/time>\n\t\t\t\t\t\t<\/div>\n\t\t\t\t\t\t<div class=\"uagb-post__text uagb-post__cta wp-block-button\">\n\t\t\t\t<a class=\"wp-block-button__link uagb-text-link\" style=\"\" href=\"https:\/\/propesp.uepa.br\/ppgell\/cronograma-de-atividades-1o-semestre-2021-turma-2020\/\" target=\"_self\" rel=\"bookmark noopener noreferrer\">Leia mais!<\/a>\n\t\t\t<\/div>\n\t\t\t\n\t\t\t\t\t\t\t\t\t<\/article>\n\t\t\t\t\t\t\t\t\t\t\t\t\t\t\t\t<article class=\"uagb-post__inner-wrap\">\t\t\t\t\t\t\t\t<div class='uagb-post__image'>\n\t\t\t\t\t\t\t\t\t<a href=\"https:\/\/propesp.uepa.br\/ppgell\/e-book-ppgell-uepa\/\" target=\"_self\" rel=\"bookmark noopener noreferrer\"><img loading=\"lazy\" decoding=\"async\" width=\"1024\" height=\"540\" src=\"https:\/\/propesp.uepa.br\/ppgell\/wp-content\/uploads\/2021\/01\/II-CHAMADA-E-BOOK-PPGELL-UEPA-1024x540.jpg\" class=\"attachment-large size-large\" alt=\"\" srcset=\"https:\/\/propesp.uepa.br\/ppgell\/wp-content\/uploads\/2021\/01\/II-CHAMADA-E-BOOK-PPGELL-UEPA-1024x540.jpg 1024w, https:\/\/propesp.uepa.br\/ppgell\/wp-content\/uploads\/2021\/01\/II-CHAMADA-E-BOOK-PPGELL-UEPA-300x158.jpg 300w, https:\/\/propesp.uepa.br\/ppgell\/wp-content\/uploads\/2021\/01\/II-CHAMADA-E-BOOK-PPGELL-UEPA-768x405.jpg 768w, https:\/\/propesp.uepa.br\/ppgell\/wp-content\/uploads\/2021\/01\/II-CHAMADA-E-BOOK-PPGELL-UEPA.jpg 1280w\" sizes=\"(max-width: 1024px) 100vw, 1024px\" \/>\t\t\t\t\t<\/a>\n\t\t\t\t\t\t\t\t\t<\/div>\n\t\t\t\t\t\t<h4 class=\"uagb-post__title uagb-post__text\">\n\t\t\t\t<a href=\"https:\/\/propesp.uepa.br\/ppgell\/e-book-ppgell-uepa\/\" target=\"_self\" rel=\"bookmark noopener noreferrer\">E-book \/ PPGELL-UEPA<\/a>\n\t\t\t<\/h4>\n\t\t\t\t\t\t<div class='uagb-post__text uagb-post-grid-byline'>\n\t\t\t\t\t\t\t\t<time datetime=\"2021-01-26T09:26:17-03:00\" class=\"uagb-post__date\">\n\t\t\t\t<span class=\"dashicons-calendar dashicons\"><\/span>\t\t\t\t\t26 de janeiro de 2021\t\t\t\t<\/time>\n\t\t\t\t\t\t<\/div>\n\t\t\t\t\t\t<div class=\"uagb-post__text uagb-post__cta wp-block-button\">\n\t\t\t\t<a class=\"wp-block-button__link uagb-text-link\" style=\"\" href=\"https:\/\/propesp.uepa.br\/ppgell\/e-book-ppgell-uepa\/\" target=\"_self\" rel=\"bookmark noopener noreferrer\">Leia mais!<\/a>\n\t\t\t<\/div>\n\t\t\t\n\t\t\t\t\t\t\t\t\t<\/article>\n\t\t\t\t\t\t\t\t\t\t\t\t\t\t\t\t<article class=\"uagb-post__inner-wrap\">\t\t\t\t\t\t\t\t<div class='uagb-post__image'>\n\t\t\t\t\t\t\t\t\t<a href=\"https:\/\/propesp.uepa.br\/ppgell\/turma-2019\/\" target=\"_self\" rel=\"bookmark noopener noreferrer\"><img loading=\"lazy\" decoding=\"async\" width=\"1024\" height=\"760\" src=\"https:\/\/propesp.uepa.br\/ppgell\/wp-content\/uploads\/2020\/11\/WhatsApp-Image-2020-11-18-at-09.10.56-1024x760.jpeg\" class=\"attachment-large size-large\" alt=\"\" srcset=\"https:\/\/propesp.uepa.br\/ppgell\/wp-content\/uploads\/2020\/11\/WhatsApp-Image-2020-11-18-at-09.10.56-1024x760.jpeg 1024w, https:\/\/propesp.uepa.br\/ppgell\/wp-content\/uploads\/2020\/11\/WhatsApp-Image-2020-11-18-at-09.10.56-300x223.jpeg 300w, https:\/\/propesp.uepa.br\/ppgell\/wp-content\/uploads\/2020\/11\/WhatsApp-Image-2020-11-18-at-09.10.56-768x570.jpeg 768w, https:\/\/propesp.uepa.br\/ppgell\/wp-content\/uploads\/2020\/11\/WhatsApp-Image-2020-11-18-at-09.10.56.jpeg 1056w\" sizes=\"(max-width: 1024px) 100vw, 1024px\" \/>\t\t\t\t\t<\/a>\n\t\t\t\t\t\t\t\t\t<\/div>\n\t\t\t\t\t\t<h4 class=\"uagb-post__title uagb-post__text\">\n\t\t\t\t<a href=\"https:\/\/propesp.uepa.br\/ppgell\/turma-2019\/\" target=\"_self\" rel=\"bookmark noopener noreferrer\">Turma 2019<\/a>\n\t\t\t<\/h4>\n\t\t\t\t\t\t<div class='uagb-post__text uagb-post-grid-byline'>\n\t\t\t\t\t\t\t\t<time datetime=\"2020-11-21T08:29:05-03:00\" class=\"uagb-post__date\">\n\t\t\t\t<span class=\"dashicons-calendar dashicons\"><\/span>\t\t\t\t\t21 de novembro de 2020\t\t\t\t<\/time>\n\t\t\t\t\t\t<\/div>\n\t\t\t\t\t\t<div class=\"uagb-post__text uagb-post__cta wp-block-button\">\n\t\t\t\t<a class=\"wp-block-button__link uagb-text-link\" style=\"\" href=\"https:\/\/propesp.uepa.br\/ppgell\/turma-2019\/\" target=\"_self\" rel=\"bookmark noopener noreferrer\">Leia mais!<\/a>\n\t\t\t<\/div>\n\t\t\t\n\t\t\t\t\t\t\t\t\t<\/article>\n\t\t\t\t\t\t\t\t\t\t\t\t\t\t\t\t<article class=\"uagb-post__inner-wrap\">\t\t\t\t\t\t\t\t<div class='uagb-post__image'>\n\t\t\t\t\t\t\t\t\t<a href=\"https:\/\/propesp.uepa.br\/ppgell\/publicacao-do-extrato-do-edital-de-selecao-ppgell-2020\/\" target=\"_self\" rel=\"bookmark noopener noreferrer\"><img loading=\"lazy\" decoding=\"async\" width=\"1024\" height=\"928\" src=\"https:\/\/propesp.uepa.br\/ppgell\/wp-content\/uploads\/2020\/11\/9b24dee8-776e-415f-92d0-64f728f5bbbd-1024x928.jpg\" class=\"attachment-large size-large\" alt=\"\" srcset=\"https:\/\/propesp.uepa.br\/ppgell\/wp-content\/uploads\/2020\/11\/9b24dee8-776e-415f-92d0-64f728f5bbbd-1024x928.jpg 1024w, https:\/\/propesp.uepa.br\/ppgell\/wp-content\/uploads\/2020\/11\/9b24dee8-776e-415f-92d0-64f728f5bbbd-300x272.jpg 300w, https:\/\/propesp.uepa.br\/ppgell\/wp-content\/uploads\/2020\/11\/9b24dee8-776e-415f-92d0-64f728f5bbbd-768x696.jpg 768w, https:\/\/propesp.uepa.br\/ppgell\/wp-content\/uploads\/2020\/11\/9b24dee8-776e-415f-92d0-64f728f5bbbd.jpg 1280w\" sizes=\"(max-width: 1024px) 100vw, 1024px\" \/>\t\t\t\t\t<\/a>\n\t\t\t\t\t\t\t\t\t<\/div>\n\t\t\t\t\t\t<h4 class=\"uagb-post__title uagb-post__text\">\n\t\t\t\t<a href=\"https:\/\/propesp.uepa.br\/ppgell\/publicacao-do-extrato-do-edital-de-selecao-ppgell-2020\/\" target=\"_self\" rel=\"bookmark noopener noreferrer\">Publica\u00e7\u00e3o do Extrato do Edital de sele\u00e7\u00e3o &#8211; Turma PPGELL\/2020<\/a>\n\t\t\t<\/h4>\n\t\t\t\t\t\t<div class='uagb-post__text uagb-post-grid-byline'>\n\t\t\t\t\t\t\t\t<time datetime=\"2020-11-20T07:51:05-03:00\" class=\"uagb-post__date\">\n\t\t\t\t<span class=\"dashicons-calendar dashicons\"><\/span>\t\t\t\t\t20 de novembro de 2020\t\t\t\t<\/time>\n\t\t\t\t\t\t<\/div>\n\t\t\t\t\t\t<div class=\"uagb-post__text uagb-post__cta wp-block-button\">\n\t\t\t\t<a class=\"wp-block-button__link uagb-text-link\" style=\"\" href=\"https:\/\/propesp.uepa.br\/ppgell\/publicacao-do-extrato-do-edital-de-selecao-ppgell-2020\/\" target=\"_self\" rel=\"bookmark noopener noreferrer\">Leia mais!<\/a>\n\t\t\t<\/div>\n\t\t\t\n\t\t\t\t\t\t\t\t\t<\/article>\n\t\t\t\t\t\t\t\t\t\t\t\t\t\t\t\t<article class=\"uagb-post__inner-wrap\">\t\t\t\t\t\t\t\t<div class='uagb-post__image'>\n\t\t\t\t\t\t\t\t\t<a href=\"https:\/\/propesp.uepa.br\/ppgell\/publicacao-do-edital-turma-2020-ppgell\/\" target=\"_self\" rel=\"bookmark noopener noreferrer\"><img loading=\"lazy\" decoding=\"async\" width=\"1022\" height=\"641\" src=\"https:\/\/propesp.uepa.br\/ppgell\/wp-content\/uploads\/2020\/11\/photo_2020-11-18_19-10-15.jpg\" class=\"attachment-large size-large\" alt=\"\" srcset=\"https:\/\/propesp.uepa.br\/ppgell\/wp-content\/uploads\/2020\/11\/photo_2020-11-18_19-10-15.jpg 1022w, https:\/\/propesp.uepa.br\/ppgell\/wp-content\/uploads\/2020\/11\/photo_2020-11-18_19-10-15-300x188.jpg 300w, https:\/\/propesp.uepa.br\/ppgell\/wp-content\/uploads\/2020\/11\/photo_2020-11-18_19-10-15-768x482.jpg 768w\" sizes=\"(max-width: 1022px) 100vw, 1022px\" \/>\t\t\t\t\t<\/a>\n\t\t\t\t\t\t\t\t\t<\/div>\n\t\t\t\t\t\t<h4 class=\"uagb-post__title uagb-post__text\">\n\t\t\t\t<a href=\"https:\/\/propesp.uepa.br\/ppgell\/publicacao-do-edital-turma-2020-ppgell\/\" target=\"_self\" rel=\"bookmark noopener noreferrer\">Publica\u00e7\u00e3o do edital &#8211; Turma 2020\/PPGELL<\/a>\n\t\t\t<\/h4>\n\t\t\t\t\t\t<div class='uagb-post__text uagb-post-grid-byline'>\n\t\t\t\t\t\t\t\t<time datetime=\"2020-11-18T19:57:44-03:00\" class=\"uagb-post__date\">\n\t\t\t\t<span class=\"dashicons-calendar dashicons\"><\/span>\t\t\t\t\t18 de novembro de 2020\t\t\t\t<\/time>\n\t\t\t\t\t\t<\/div>\n\t\t\t\t\t\t<div class=\"uagb-post__text uagb-post__cta wp-block-button\">\n\t\t\t\t<a class=\"wp-block-button__link uagb-text-link\" style=\"\" href=\"https:\/\/propesp.uepa.br\/ppgell\/publicacao-do-edital-turma-2020-ppgell\/\" target=\"_self\" rel=\"bookmark noopener noreferrer\">Leia mais!<\/a>\n\t\t\t<\/div>\n\t\t\t\n\t\t\t\t\t\t\t\t\t<\/article>\n\t\t\t\t\t\t\t\t\t\t\t\t\t\t\t\t<article class=\"uagb-post__inner-wrap\">\t\t\t\t\t\t\t\t<div class='uagb-post__image'>\n\t\t\t\t\t\t\t\t\t<a href=\"https:\/\/propesp.uepa.br\/ppgell\/235\/\" target=\"_self\" rel=\"bookmark noopener noreferrer\"><img loading=\"lazy\" decoding=\"async\" width=\"1024\" height=\"576\" src=\"https:\/\/propesp.uepa.br\/ppgell\/wp-content\/uploads\/2020\/10\/Slide1-1024x576.jpg\" class=\"attachment-large size-large\" alt=\"\" srcset=\"https:\/\/propesp.uepa.br\/ppgell\/wp-content\/uploads\/2020\/10\/Slide1-1024x576.jpg 1024w, https:\/\/propesp.uepa.br\/ppgell\/wp-content\/uploads\/2020\/10\/Slide1-300x169.jpg 300w, https:\/\/propesp.uepa.br\/ppgell\/wp-content\/uploads\/2020\/10\/Slide1-768x432.jpg 768w, https:\/\/propesp.uepa.br\/ppgell\/wp-content\/uploads\/2020\/10\/Slide1.jpg 1280w\" sizes=\"(max-width: 1024px) 100vw, 1024px\" \/>\t\t\t\t\t<\/a>\n\t\t\t\t\t\t\t\t\t<\/div>\n\t\t\t\t\t\t<h4 class=\"uagb-post__title uagb-post__text\">\n\t\t\t\t<a href=\"https:\/\/propesp.uepa.br\/ppgell\/235\/\" target=\"_self\" rel=\"bookmark noopener noreferrer\">Edital 2020<\/a>\n\t\t\t<\/h4>\n\t\t\t\t\t\t<div class='uagb-post__text uagb-post-grid-byline'>\n\t\t\t\t\t\t\t\t<time datetime=\"2020-10-26T11:49:27-03:00\" class=\"uagb-post__date\">\n\t\t\t\t<span class=\"dashicons-calendar dashicons\"><\/span>\t\t\t\t\t26 de outubro de 2020\t\t\t\t<\/time>\n\t\t\t\t\t\t<\/div>\n\t\t\t\t\t\t<div class=\"uagb-post__text uagb-post__cta wp-block-button\">\n\t\t\t\t<a class=\"wp-block-button__link uagb-text-link\" style=\"\" href=\"https:\/\/propesp.uepa.br\/ppgell\/235\/\" target=\"_self\" rel=\"bookmark noopener noreferrer\">Leia mais!<\/a>\n\t\t\t<\/div>\n\t\t\t\n\t\t\t\t\t\t\t\t\t<\/article>\n\t\t\t\t\t\t\t\t\t\t\t\t\t\t\t\t<article class=\"uagb-post__inner-wrap\">\t\t\t\t\t\t\t\t<h4 class=\"uagb-post__title uagb-post__text\">\n\t\t\t\t<a href=\"https:\/\/propesp.uepa.br\/ppgell\/matricula-2020-1\/\" target=\"_self\" rel=\"bookmark noopener noreferrer\">Matricula 2020\/1<\/a>\n\t\t\t<\/h4>\n\t\t\t\t\t\t<div class='uagb-post__text uagb-post-grid-byline'>\n\t\t\t\t\t\t\t\t<time datetime=\"2020-01-08T15:08:41-03:00\" class=\"uagb-post__date\">\n\t\t\t\t<span class=\"dashicons-calendar dashicons\"><\/span>\t\t\t\t\t8 de janeiro de 2020\t\t\t\t<\/time>\n\t\t\t\t\t\t<\/div>\n\t\t\t\t\t\t<div class=\"uagb-post__text uagb-post__cta wp-block-button\">\n\t\t\t\t<a class=\"wp-block-button__link uagb-text-link\" style=\"\" href=\"https:\/\/propesp.uepa.br\/ppgell\/matricula-2020-1\/\" target=\"_self\" rel=\"bookmark noopener noreferrer\">Leia mais!<\/a>\n\t\t\t<\/div>\n\t\t\t\n\t\t\t\t\t\t\t\t\t<\/article>\n\t\t\t\t\t\t\t\t\t\t\t<\/div>\n\t\t\t<\/div><\/div>\n","protected":false},"excerpt":{"rendered":"","protected":false},"author":1,"featured_media":0,"parent":0,"menu_order":0,"comment_status":"closed","ping_status":"closed","template":"","meta":{"_uag_custom_page_level_css":"","site-sidebar-layout":"default","site-content-layout":"","ast-site-content-layout":"default","site-content-style":"default","site-sidebar-style":"default","ast-global-header-display":"","ast-banner-title-visibility":"","ast-main-header-display":"","ast-hfb-above-header-display":"","ast-hfb-below-header-display":"","ast-hfb-mobile-header-display":"","site-post-title":"","ast-breadcrumbs-content":"","ast-featured-img":"","footer-sml-layout":"","theme-transparent-header-meta":"","adv-header-id-meta":"","stick-header-meta":"","header-above-stick-meta":"","header-main-stick-meta":"","header-below-stick-meta":"","astra-migrate-meta-layouts":"set","ast-page-background-enabled":"default","ast-page-background-meta":{"desktop":{"background-color":"var(--ast-global-color-4)","background-image":"","background-repeat":"repeat","background-position":"center center","background-size":"auto","background-attachment":"scroll","background-type":"","background-media":"","overlay-type":"","overlay-color":"","overlay-gradient":""},"tablet":{"background-color":"","background-image":"","background-repeat":"repeat","background-position":"center center","background-size":"auto","background-attachment":"scroll","background-type":"","background-media":"","overlay-type":"","overlay-color":"","overlay-gradient":""},"mobile":{"background-color":"","background-image":"","background-repeat":"repeat","background-position":"center center","background-size":"auto","background-attachment":"scroll","background-type":"","background-media":"","overlay-type":"","overlay-color":"","overlay-gradient":""}},"ast-content-background-meta":{"desktop":{"background-color":"var(--ast-global-color-5)","background-image":"","background-repeat":"repeat","background-position":"center center","background-size":"auto","background-attachment":"scroll","background-type":"","background-media":"","overlay-type":"","overlay-color":"","overlay-gradient":""},"tablet":{"background-color":"var(--ast-global-color-5)","background-image":"","background-repeat":"repeat","background-position":"center center","background-size":"auto","background-attachment":"scroll","background-type":"","background-media":"","overlay-type":"","overlay-color":"","overlay-gradient":""},"mobile":{"background-color":"var(--ast-global-color-5)","background-image":"","background-repeat":"repeat","background-position":"center center","background-size":"auto","background-attachment":"scroll","background-type":"","background-media":"","overlay-type":"","overlay-color":"","overlay-gradient":""}},"footnotes":""},"class_list":["post-1231","page","type-page","status-publish","hentry"],"uagb_featured_image_src":{"full":false,"thumbnail":false,"medium":false,"medium_large":false,"large":false,"1536x1536":false,"2048x2048":false},"uagb_author_info":{"display_name":"admin@uepa.br","author_link":"https:\/\/propesp.uepa.br\/ppgell\/author\/adminuepa-br\/"},"uagb_comment_info":0,"uagb_excerpt":null,"_links":{"self":[{"href":"https:\/\/propesp.uepa.br\/ppgell\/wp-json\/wp\/v2\/pages\/1231"}],"collection":[{"href":"https:\/\/propesp.uepa.br\/ppgell\/wp-json\/wp\/v2\/pages"}],"about":[{"href":"https:\/\/propesp.uepa.br\/ppgell\/wp-json\/wp\/v2\/types\/page"}],"author":[{"embeddable":true,"href":"https:\/\/propesp.uepa.br\/ppgell\/wp-json\/wp\/v2\/users\/1"}],"replies":[{"embeddable":true,"href":"https:\/\/propesp.uepa.br\/ppgell\/wp-json\/wp\/v2\/comments?post=1231"}],"version-history":[{"count":15,"href":"https:\/\/propesp.uepa.br\/ppgell\/wp-json\/wp\/v2\/pages\/1231\/revisions"}],"predecessor-version":[{"id":2055,"href":"https:\/\/propesp.uepa.br\/ppgell\/wp-json\/wp\/v2\/pages\/1231\/revisions\/2055"}],"wp:attachment":[{"href":"https:\/\/propesp.uepa.br\/ppgell\/wp-json\/wp\/v2\/media?parent=1231"}],"curies":[{"name":"wp","href":"https:\/\/api.w.org\/{rel}","templated":true}]}}