{"id":1688,"date":"2024-09-09T15:41:26","date_gmt":"2024-09-09T18:41:26","guid":{"rendered":"https:\/\/propesp.uepa.br\/ppgell\/?page_id=1688"},"modified":"2024-09-12T17:58:06","modified_gmt":"2024-09-12T20:58:06","slug":"coordenacao","status":"publish","type":"page","link":"https:\/\/propesp.uepa.br\/ppgell\/coordenacao\/","title":{"rendered":"Coordena\u00e7\u00e3o"},"content":{"rendered":"\n<div class=\"wp-block-group is-nowrap is-layout-flex wp-container-core-group-is-layout-1 wp-block-group-is-layout-flex\"><\/div>\n\n\n\n<div class=\"wp-block-group is-nowrap is-layout-flex wp-container-core-group-is-layout-2 wp-block-group-is-layout-flex\"><\/div>\n\n\n\n<h2 class=\"wp-block-heading alignwide has-text-align-center\">Coordenador do Programa<\/h2>\n\n\n\n<div class=\"wp-block-media-text alignwide is-stacked-on-mobile is-vertically-aligned-bottom\"><figure class=\"wp-block-media-text__media\"><img loading=\"lazy\" decoding=\"async\" width=\"405\" height=\"435\" src=\"https:\/\/propesp.uepa.br\/ppgell\/wp-content\/uploads\/2024\/09\/Captura-de-tela-2024-09-12-165600-2.png\" alt=\"\" class=\"wp-image-1787 size-full\" srcset=\"https:\/\/propesp.uepa.br\/ppgell\/wp-content\/uploads\/2024\/09\/Captura-de-tela-2024-09-12-165600-2.png 405w, https:\/\/propesp.uepa.br\/ppgell\/wp-content\/uploads\/2024\/09\/Captura-de-tela-2024-09-12-165600-2-279x300.png 279w\" sizes=\"(max-width: 405px) 100vw, 405px\" \/><\/figure><div class=\"wp-block-media-text__content\">\n<h6 class=\"wp-block-heading\"><strong>Prof. Dr. Raphael Bessa Ferreira<\/strong><\/h6>\n\n\n\n<p><strong>Email: raphaelbessa.ferreira@uepa.br<\/strong><\/p>\n\n\n\n<p><strong>Curr\u00edculum Lattes<\/strong>: <a href=\"http:\/\/lattes.cnpq.br\/9646299144638951\">Acesse as informa\u00e7\u00f5es<\/a><\/p>\n\n\n\n<p class=\"has-text-align-center\">Doutor pelo Programa de P\u00f3s-gradua\u00e7\u00e3o em Filologia e L\u00edngua Portuguesa pela USP. Mestre em Literatura Brasileira pelo Centro de Ensino Superior de Juiz de Fora (2010). Graduado em Letras, Habilita\u00e7\u00e3o em L\u00edngua Portuguesa, pela UNAMA (2008). Professor Adjunto II (TIDE) da \u00e1rea de Literatura do Departamento de L\u00edngua e Literatura da UEPA atuando na Gradua\u00e7\u00e3o em Letras (L\u00edngua Portuguesa) e no Programa de P\u00f3s-gradua\u00e7\u00e3o em Letras &#8211; Mestrado Profissional em Ensino de L\u00edngua Portuguesa e suas respectivas Literaturas (membro do quadro permanente). Coordenador do PPGELL\/UEPA. L\u00edder do Grupo de Pesquisa em Linguagens Art\u00edsticas e Estilos Po\u00e9ticos (LAESP\/CNPQ). Membro do N\u00facleo de Estudos Lingu\u00edsticos e Liter\u00e1rios (NELL) da UEPA, atuando na Linha de Pesquisa em Estudos Liter\u00e1rios e suas Pr\u00e1xis Educativas. Membro do Grupo de Pesquisa &#8220;Estudos do L\u00e9xico no Discurso Liter\u00e1rio&#8221;, da USP. Membro (Annuaire) da Association Internationale de Stylistique (AIS). Membro-S\u00f3cio da Associa\u00e7\u00e3o Brasileira de Literatura Comparada (ABRALIC).<\/p>\n<\/div><\/div>\n\n\n\n<div class=\"wp-block-group is-nowrap is-layout-flex wp-container-core-group-is-layout-3 wp-block-group-is-layout-flex\"><\/div>\n\n\n\n<h2 class=\"wp-block-heading has-text-align-center\">Vice- Coordenadora do Programa<\/h2>\n\n\n\n<div class=\"wp-block-media-text alignwide is-stacked-on-mobile is-vertically-aligned-center\"><figure class=\"wp-block-media-text__media\"><img loading=\"lazy\" decoding=\"async\" width=\"675\" height=\"675\" src=\"https:\/\/propesp.uepa.br\/ppgell\/wp-content\/uploads\/2022\/04\/elisa-circle-e1650474941287.jpg\" alt=\"\" class=\"wp-image-929 size-full\" srcset=\"https:\/\/propesp.uepa.br\/ppgell\/wp-content\/uploads\/2022\/04\/elisa-circle-e1650474941287.jpg 675w, https:\/\/propesp.uepa.br\/ppgell\/wp-content\/uploads\/2022\/04\/elisa-circle-e1650474941287-300x300.jpg 300w, https:\/\/propesp.uepa.br\/ppgell\/wp-content\/uploads\/2022\/04\/elisa-circle-e1650474941287-150x150.jpg 150w, https:\/\/propesp.uepa.br\/ppgell\/wp-content\/uploads\/2022\/04\/elisa-circle-e1650474941287-600x600.jpg 600w\" sizes=\"(max-width: 675px) 100vw, 675px\" \/><\/figure><div class=\"wp-block-media-text__content\">\n<p><\/p>\n\n\n\n<p><\/p>\n\n\n\n<p><\/p>\n\n\n\n<p><\/p>\n\n\n\n<p><\/p>\n\n\n\n<p><\/p>\n\n\n\n<p><\/p>\n\n\n\n<p><\/p>\n\n\n\n<h6 class=\"wp-block-heading\"><strong>Profa. Dra. Elisa Maria Pinheiro de Souza<\/strong><\/h6>\n\n\n\n<p><strong>Email: elisa.maria@uepa.br<\/strong><\/p>\n\n\n\n<p><strong>Curr\u00edculum Lattes<\/strong>: <a href=\"http:\/\/lattes.cnpq.br\/6566132028659762\">Acesse as informa\u00e7\u00f5es<\/a><\/p>\n\n\n\n<p class=\"has-text-align-center\">Possui gradua\u00e7\u00e3o em Letras (1977) e Pedagogia (1987) pela Universidade Federal do Par\u00e1, mestrado em Ci\u00eancias da Educa\u00e7\u00e3o pelo Instituto Pedag\u00f3gico Latino Americano e Caribenho (2000) e doutorado em Educa\u00e7\u00e3o pela Pontif\u00edcia Universidade Cat\u00f3lica do Rio de Janeiro (2010). Foi consultor da Universidade Aberta do Brasil (UAB) e membro do Conselho Universit\u00e1rio da Universidade do Estado do Par\u00e1 (UEPA), onde exerceu fun\u00e7\u00f5es como chefe de departamento e coordenador de diversos programas e cursos. Atualmente, \u00e9 professor adjunto IV da UEPA, coordenador do Programa de P\u00f3s-Gradua\u00e7\u00e3o em Ensino de L\u00edngua Portuguesa e do N\u00facleo de Estudos Lingu\u00edsticos e Liter\u00e1rios, liderando o grupo de pesquisa Linguagens e Tecnologias. Atua nas \u00e1reas de Lingu\u00edstica e Educa\u00e7\u00e3o, com foco em morfossintaxe, l\u00edngua latina, diacronia da l\u00edngua portuguesa, pr\u00e1tica pedag\u00f3gica, tecnologias digitais e ensino a dist\u00e2ncia.<\/p>\n<\/div><\/div>\n\n\n\n<div class=\"wp-block-group is-nowrap is-layout-flex wp-container-core-group-is-layout-4 wp-block-group-is-layout-flex\"><\/div>\n\n\n\n<div class=\"wp-block-group is-nowrap is-layout-flex wp-container-core-group-is-layout-5 wp-block-group-is-layout-flex\"><\/div>\n\n\n\n<div class=\"wp-block-group is-nowrap is-layout-flex wp-container-core-group-is-layout-6 wp-block-group-is-layout-flex\"><\/div>\n\n\n\n<h2 class=\"wp-block-heading\"><\/h2>\n\n\n\n<div class=\"wp-block-group is-nowrap is-layout-flex wp-container-core-group-is-layout-7 wp-block-group-is-layout-flex\"><\/div>\n","protected":false},"excerpt":{"rendered":"<p>Coordenador do Programa Prof. Dr. Raphael Bessa Ferreira Email: raphaelbessa.ferreira@uepa.br Curr\u00edculum Lattes: Acesse as informa\u00e7\u00f5es Doutor pelo Programa de P\u00f3s-gradua\u00e7\u00e3o em Filologia e L\u00edngua Portuguesa pela USP. Mestre em Literatura Brasileira pelo Centro de Ensino Superior de Juiz de Fora (2010). Graduado em Letras, Habilita\u00e7\u00e3o em L\u00edngua Portuguesa, pela UNAMA (2008). Professor Adjunto II (TIDE) &hellip;<\/p>\n<p class=\"read-more\"> <a class=\"\" href=\"https:\/\/propesp.uepa.br\/ppgell\/coordenacao\/\"> <span class=\"screen-reader-text\">Coordena\u00e7\u00e3o<\/span> Leia mais &raquo;<\/a><\/p>\n","protected":false},"author":1,"featured_media":0,"parent":0,"menu_order":0,"comment_status":"closed","ping_status":"closed","template":"","meta":{"_uag_custom_page_level_css":"","site-sidebar-layout":"default","site-content-layout":"","ast-site-content-layout":"default","site-content-style":"default","site-sidebar-style":"default","ast-global-header-display":"","ast-banner-title-visibility":"","ast-main-header-display":"","ast-hfb-above-header-display":"","ast-hfb-below-header-display":"","ast-hfb-mobile-header-display":"","site-post-title":"","ast-breadcrumbs-content":"","ast-featured-img":"","footer-sml-layout":"","theme-transparent-header-meta":"","adv-header-id-meta":"","stick-header-meta":"","header-above-stick-meta":"","header-main-stick-meta":"","header-below-stick-meta":"","astra-migrate-meta-layouts":"set","ast-page-background-enabled":"default","ast-page-background-meta":{"desktop":{"background-color":"var(--ast-global-color-4)","background-image":"","background-repeat":"repeat","background-position":"center center","background-size":"auto","background-attachment":"scroll","background-type":"","background-media":"","overlay-type":"","overlay-color":"","overlay-gradient":""},"tablet":{"background-color":"","background-image":"","background-repeat":"repeat","background-position":"center center","background-size":"auto","background-attachment":"scroll","background-type":"","background-media":"","overlay-type":"","overlay-color":"","overlay-gradient":""},"mobile":{"background-color":"","background-image":"","background-repeat":"repeat","background-position":"center center","background-size":"auto","background-attachment":"scroll","background-type":"","background-media":"","overlay-type":"","overlay-color":"","overlay-gradient":""}},"ast-content-background-meta":{"desktop":{"background-color":"var(--ast-global-color-5)","background-image":"","background-repeat":"repeat","background-position":"center center","background-size":"auto","background-attachment":"scroll","background-type":"","background-media":"","overlay-type":"","overlay-color":"","overlay-gradient":""},"tablet":{"background-color":"var(--ast-global-color-5)","background-image":"","background-repeat":"repeat","background-position":"center center","background-size":"auto","background-attachment":"scroll","background-type":"","background-media":"","overlay-type":"","overlay-color":"","overlay-gradient":""},"mobile":{"background-color":"var(--ast-global-color-5)","background-image":"","background-repeat":"repeat","background-position":"center center","background-size":"auto","background-attachment":"scroll","background-type":"","background-media":"","overlay-type":"","overlay-color":"","overlay-gradient":""}},"footnotes":""},"class_list":["post-1688","page","type-page","status-publish","hentry"],"uagb_featured_image_src":{"full":false,"thumbnail":false,"medium":false,"medium_large":false,"large":false,"1536x1536":false,"2048x2048":false},"uagb_author_info":{"display_name":"admin@uepa.br","author_link":"https:\/\/propesp.uepa.br\/ppgell\/author\/adminuepa-br\/"},"uagb_comment_info":0,"uagb_excerpt":"Coordenador do Programa Prof. Dr. Raphael Bessa Ferreira Email: raphaelbessa.ferreira@uepa.br Curr\u00edculum Lattes: Acesse as informa\u00e7\u00f5es Doutor pelo Programa de P\u00f3s-gradua\u00e7\u00e3o em Filologia e L\u00edngua Portuguesa pela USP. Mestre em Literatura Brasileira pelo Centro de Ensino Superior de Juiz de Fora (2010). Graduado em Letras, Habilita\u00e7\u00e3o em L\u00edngua Portuguesa, pela UNAMA (2008). Professor Adjunto II (TIDE)&hellip;","_links":{"self":[{"href":"https:\/\/propesp.uepa.br\/ppgell\/wp-json\/wp\/v2\/pages\/1688"}],"collection":[{"href":"https:\/\/propesp.uepa.br\/ppgell\/wp-json\/wp\/v2\/pages"}],"about":[{"href":"https:\/\/propesp.uepa.br\/ppgell\/wp-json\/wp\/v2\/types\/page"}],"author":[{"embeddable":true,"href":"https:\/\/propesp.uepa.br\/ppgell\/wp-json\/wp\/v2\/users\/1"}],"replies":[{"embeddable":true,"href":"https:\/\/propesp.uepa.br\/ppgell\/wp-json\/wp\/v2\/comments?post=1688"}],"version-history":[{"count":25,"href":"https:\/\/propesp.uepa.br\/ppgell\/wp-json\/wp\/v2\/pages\/1688\/revisions"}],"predecessor-version":[{"id":1812,"href":"https:\/\/propesp.uepa.br\/ppgell\/wp-json\/wp\/v2\/pages\/1688\/revisions\/1812"}],"wp:attachment":[{"href":"https:\/\/propesp.uepa.br\/ppgell\/wp-json\/wp\/v2\/media?parent=1688"}],"curies":[{"name":"wp","href":"https:\/\/api.w.org\/{rel}","templated":true}]}}