{"id":2105,"date":"2024-09-25T14:55:12","date_gmt":"2024-09-25T17:55:12","guid":{"rendered":"https:\/\/propesp.uepa.br\/ppgell\/?page_id=2105"},"modified":"2026-03-25T16:30:05","modified_gmt":"2026-03-25T19:30:05","slug":"turma-2021-2","status":"publish","type":"page","link":"https:\/\/propesp.uepa.br\/ppgell\/turma-2021-2\/","title":{"rendered":"Turma 2021: Artigos produzidos"},"content":{"rendered":"\n<p>Turma ingressante em 2021, com desenvolvimento das atividades acad\u00eamicas e artigos ao longo do per\u00edodo de\u00a0<strong>2021 a 2023.<\/strong><\/p>\n\n\n\n<div class=\"wp-block-uagb-container uagb-block-ddd4b896 alignfull uagb-is-root-container\"><div class=\"uagb-container-inner-blocks-wrap\">\n<div class=\"wp-block-uagb-call-to-action uagb-block-cfdd4417 wp-block-button\"><div class=\"uagb-cta__wrap\"><h4 class=\"uagb-cta__title\"><strong>Navegando nas \u00e1guas dos poemas: Pr\u00e1tica de Leitura e Escrita no Rio Urumaj\u00f3<\/strong><\/h4><p class=\"uagb-cta__desc\">Autor(a): Antonio Gomes da Silva<br>Orientador: Prof. Dr. Jos\u00e9 Roberto Alves da Silva<\/p><\/div><div class=\"uagb-cta__buttons\"><a href=\"https:\/\/propesp.uepa.br\/ppgell\/wp-content\/uploads\/2024\/10\/Navegando-nas-aguas-dos-poemas-1.pdf\" class=\"uagb-cta__button-link-wrapper wp-block-button__link\" target=\"_blank\" rel=\"noopener noreferrer\">Ler mais<svg xmlns=\"https:\/\/www.w3.org\/2000\/svg\" viewBox=\"0 0 512 512\"><path d=\"M504.3 273.6l-112.1 104c-6.992 6.484-17.18 8.218-25.94 4.406c-8.758-3.812-14.42-12.45-14.42-21.1L351.9 288H32C14.33 288 .0002 273.7 .0002 255.1S14.33 224 32 224h319.9l0-72c0-9.547 5.66-18.19 14.42-22c8.754-3.809 18.95-2.075 25.94 4.41l112.1 104C514.6 247.9 514.6 264.1 504.3 273.6z\"><\/path><\/svg><\/a><\/div><\/div>\n\n\n\n<div class=\"wp-block-uagb-call-to-action uagb-block-995d8167 wp-block-button\"><div class=\"uagb-cta__wrap\"><h4 class=\"uagb-cta__title\"><strong>A leitura e escrita do texto liter\u00e1rio no ensino fundamental II: um percurso da sequ\u00eancia did\u00e1tica pelo m\u00e9todo hist\u00f3rico-cr\u00edtico<\/strong><\/h4><p class=\"uagb-cta__desc\">Autor(a): Charlene Fernandes Oliveira<br>Orientador: Prof. Dr. Samuel Pereira Campos<\/p><\/div><div class=\"uagb-cta__buttons\"><a href=\"https:\/\/propesp.uepa.br\/ppgell\/wp-content\/uploads\/2024\/10\/A-leitura-e-escrita-do-texto-literario-no-ensino-fundamental-II.pdf\" class=\"uagb-cta__button-link-wrapper wp-block-button__link\" target=\"_blank\" rel=\"noopener noreferrer\">Ler mais<svg xmlns=\"https:\/\/www.w3.org\/2000\/svg\" viewBox=\"0 0 512 512\"><path d=\"M504.3 273.6l-112.1 104c-6.992 6.484-17.18 8.218-25.94 4.406c-8.758-3.812-14.42-12.45-14.42-21.1L351.9 288H32C14.33 288 .0002 273.7 .0002 255.1S14.33 224 32 224h319.9l0-72c0-9.547 5.66-18.19 14.42-22c8.754-3.809 18.95-2.075 25.94 4.41l112.1 104C514.6 247.9 514.6 264.1 504.3 273.6z\"><\/path><\/svg><\/a><\/div><\/div>\n\n\n\n<div class=\"wp-block-uagb-call-to-action uagb-block-272f4a52 wp-block-button\"><div class=\"uagb-cta__wrap\"><h4 class=\"uagb-cta__title\">&#8220;Vou te contar&#8221;<\/h4><p class=\"uagb-cta__desc\">Autor(a): N\u00fabia Silva Ferreira<br>Orientador: Prof. Dr. Marco Ant\u00f4nio da Costa Camelo<\/p><\/div><div class=\"uagb-cta__buttons\"><a href=\"https:\/\/propesp.uepa.br\/ppgell\/wp-content\/uploads\/2024\/10\/Vou-te-contar.pdf\" class=\"uagb-cta__button-link-wrapper wp-block-button__link\" target=\"_blank\" rel=\"noopener noreferrer\">Ler mais<svg xmlns=\"https:\/\/www.w3.org\/2000\/svg\" viewBox=\"0 0 512 512\"><path d=\"M504.3 273.6l-112.1 104c-6.992 6.484-17.18 8.218-25.94 4.406c-8.758-3.812-14.42-12.45-14.42-21.1L351.9 288H32C14.33 288 .0002 273.7 .0002 255.1S14.33 224 32 224h319.9l0-72c0-9.547 5.66-18.19 14.42-22c8.754-3.809 18.95-2.075 25.94 4.41l112.1 104C514.6 247.9 514.6 264.1 504.3 273.6z\"><\/path><\/svg><\/a><\/div><\/div>\n\n\n\n<div class=\"wp-block-uagb-call-to-action uagb-block-222459c9 wp-block-button\"><div class=\"uagb-cta__wrap\"><h4 class=\"uagb-cta__title\"><strong>O feminino na literatura: uso de videoartes nas pr\u00e1ticas escolares<\/strong><\/h4><p class=\"uagb-cta__desc\">Autor(a): Bianca Socorro Solom\u00e3o Santiago<br>Orientador: Prof. Dr. Prof. Dr. Raphael Bessa Ferreira<\/p><\/div><div class=\"uagb-cta__buttons\"><a href=\"https:\/\/propesp.uepa.br\/ppgell\/wp-content\/uploads\/2024\/10\/O-feminicidio-no-poema-narrativo.pdf\" class=\"uagb-cta__button-link-wrapper wp-block-button__link\" target=\"_blank\" rel=\"noopener noreferrer\">Ler mais<svg xmlns=\"https:\/\/www.w3.org\/2000\/svg\" viewBox=\"0 0 512 512\"><path d=\"M504.3 273.6l-112.1 104c-6.992 6.484-17.18 8.218-25.94 4.406c-8.758-3.812-14.42-12.45-14.42-21.1L351.9 288H32C14.33 288 .0002 273.7 .0002 255.1S14.33 224 32 224h319.9l0-72c0-9.547 5.66-18.19 14.42-22c8.754-3.809 18.95-2.075 25.94 4.41l112.1 104C514.6 247.9 514.6 264.1 504.3 273.6z\"><\/path><\/svg><\/a><\/div><\/div>\n\n\n\n<div class=\"wp-block-uagb-call-to-action uagb-block-8ae6c4fe wp-block-button\"><div class=\"uagb-cta__wrap\"><h4 class=\"uagb-cta__title\">Site educativo: uma proposta de atividades gramaticais<\/h4><p class=\"uagb-cta__desc\">Autor(a): Joyce Reny dos Santos Oliveira<br>Orientador: Prof.Dr. Jos\u00e9 Roberto Alves da Silva<\/p><\/div><div class=\"uagb-cta__buttons\"><a href=\"https:\/\/propesp.uepa.br\/ppgell\/wp-content\/uploads\/2024\/10\/Site-educativo-uma-propsota-de-atividades-gramaticais.pdf\" class=\"uagb-cta__button-link-wrapper wp-block-button__link\" target=\"_blank\" rel=\"noopener noreferrer\">Ler mais<svg xmlns=\"https:\/\/www.w3.org\/2000\/svg\" viewBox=\"0 0 512 512\"><path d=\"M504.3 273.6l-112.1 104c-6.992 6.484-17.18 8.218-25.94 4.406c-8.758-3.812-14.42-12.45-14.42-21.1L351.9 288H32C14.33 288 .0002 273.7 .0002 255.1S14.33 224 32 224h319.9l0-72c0-9.547 5.66-18.19 14.42-22c8.754-3.809 18.95-2.075 25.94 4.41l112.1 104C514.6 247.9 514.6 264.1 504.3 273.6z\"><\/path><\/svg><\/a><\/div><\/div>\n\n\n\n<div class=\"wp-block-uagb-call-to-action uagb-block-861fc218 wp-block-button\"><div class=\"uagb-cta__wrap\"><h4 class=\"uagb-cta__title\"><strong>A gamifica\u00e7\u00e3o no ensino do g\u00eanero textual conto em sala de aula<\/strong><\/h4><p class=\"uagb-cta__desc\">Autor(a): Luanny Isabely da Silva Gon\u00e7alves<br>Orientador: Prof. Dr. Prof. Dr. Raphael Bessa Ferreira<\/p><\/div><div class=\"uagb-cta__buttons\"><a href=\"https:\/\/propesp.uepa.br\/ppgell\/wp-content\/uploads\/2024\/10\/A-gamificacao-no-ensino-do-genero-textual-conto-em-sala-de-aula.pdf\" class=\"uagb-cta__button-link-wrapper wp-block-button__link\" target=\"_blank\" rel=\"noopener noreferrer\">Ler mais<svg xmlns=\"https:\/\/www.w3.org\/2000\/svg\" viewBox=\"0 0 512 512\"><path d=\"M504.3 273.6l-112.1 104c-6.992 6.484-17.18 8.218-25.94 4.406c-8.758-3.812-14.42-12.45-14.42-21.1L351.9 288H32C14.33 288 .0002 273.7 .0002 255.1S14.33 224 32 224h319.9l0-72c0-9.547 5.66-18.19 14.42-22c8.754-3.809 18.95-2.075 25.94 4.41l112.1 104C514.6 247.9 514.6 264.1 504.3 273.6z\"><\/path><\/svg><\/a><\/div><\/div>\n\n\n\n<div class=\"wp-block-uagb-call-to-action uagb-block-8e2658aa wp-block-button\"><div class=\"uagb-cta__wrap\"><h4 class=\"uagb-cta__title\">Letramento liter\u00e1rio na educa\u00e7\u00e3o b\u00e1sica<\/h4><p class=\"uagb-cta__desc\">Autor(a): Elzilene Carvalho Brito<br>Orientador: Prof. Dr. Gabriel Lage da Silva Neto<\/p><\/div><div class=\"uagb-cta__buttons\"><a href=\"https:\/\/propesp.uepa.br\/ppgell\/wp-content\/uploads\/2024\/10\/Letramento-literario-na-educacao-basica.pdf\" class=\"uagb-cta__button-link-wrapper wp-block-button__link\" target=\"_blank\" rel=\"noopener noreferrer\">Ler mais<svg xmlns=\"https:\/\/www.w3.org\/2000\/svg\" viewBox=\"0 0 512 512\"><path d=\"M504.3 273.6l-112.1 104c-6.992 6.484-17.18 8.218-25.94 4.406c-8.758-3.812-14.42-12.45-14.42-21.1L351.9 288H32C14.33 288 .0002 273.7 .0002 255.1S14.33 224 32 224h319.9l0-72c0-9.547 5.66-18.19 14.42-22c8.754-3.809 18.95-2.075 25.94 4.41l112.1 104C514.6 247.9 514.6 264.1 504.3 273.6z\"><\/path><\/svg><\/a><\/div><\/div>\n\n\n\n<div class=\"wp-block-uagb-call-to-action uagb-block-e115042e wp-block-button\"><div class=\"uagb-cta__wrap\"><h4 class=\"uagb-cta__title\"><strong>Webjornal na l\u00edngua portuguesa do ensino m\u00e9dio<\/strong><\/h4><p class=\"uagb-cta__desc\">Autor(a): Jo\u00e3o Jorge Pereira dos Reis<br>Orientador: Prof. Dra. Antonia Zelina Negr\u00e3o de Oliveira<\/p><\/div><div class=\"uagb-cta__buttons\"><a href=\"https:\/\/propesp.uepa.br\/ppgell\/wp-content\/uploads\/2024\/10\/Webjornal-na-lingua-portuguesa-do-ensino-medio.pdf\" class=\"uagb-cta__button-link-wrapper wp-block-button__link\" target=\"_blank\" rel=\"noopener noreferrer\">Ler mais<svg xmlns=\"https:\/\/www.w3.org\/2000\/svg\" viewBox=\"0 0 512 512\"><path d=\"M504.3 273.6l-112.1 104c-6.992 6.484-17.18 8.218-25.94 4.406c-8.758-3.812-14.42-12.45-14.42-21.1L351.9 288H32C14.33 288 .0002 273.7 .0002 255.1S14.33 224 32 224h319.9l0-72c0-9.547 5.66-18.19 14.42-22c8.754-3.809 18.95-2.075 25.94 4.41l112.1 104C514.6 247.9 514.6 264.1 504.3 273.6z\"><\/path><\/svg><\/a><\/div><\/div>\n\n\n\n<div class=\"wp-block-uagb-call-to-action uagb-block-a8850e6e wp-block-button\"><div class=\"uagb-cta__wrap\"><h4 class=\"uagb-cta__title\"><strong>Lendas amaz\u00f4nicas: a cada conto se aumenta um ponto<\/strong><\/h4><p class=\"uagb-cta__desc\">Autor(a): Rafaela Cardoso Marques<br>Orientador: Prof\u00aa. Dr\u00aa.&nbsp;Rosana Siqueira de Carvalho do Vale<\/p><\/div><div class=\"uagb-cta__buttons\"><a href=\"https:\/\/propesp.uepa.br\/ppgell\/wp-content\/uploads\/2024\/10\/Lendas-amazonicas-a-cada-conto-se-aumenta-um-ponto.pdf\" class=\"uagb-cta__button-link-wrapper wp-block-button__link\" target=\"_blank\" rel=\"noopener noreferrer\">Ler mais<svg xmlns=\"https:\/\/www.w3.org\/2000\/svg\" viewBox=\"0 0 512 512\"><path d=\"M504.3 273.6l-112.1 104c-6.992 6.484-17.18 8.218-25.94 4.406c-8.758-3.812-14.42-12.45-14.42-21.1L351.9 288H32C14.33 288 .0002 273.7 .0002 255.1S14.33 224 32 224h319.9l0-72c0-9.547 5.66-18.19 14.42-22c8.754-3.809 18.95-2.075 25.94 4.41l112.1 104C514.6 247.9 514.6 264.1 504.3 273.6z\"><\/path><\/svg><\/a><\/div><\/div>\n\n\n\n<div class=\"wp-block-uagb-call-to-action uagb-block-00989103 wp-block-button\"><div class=\"uagb-cta__wrap\"><h4 class=\"uagb-cta__title\"><strong>Gamifica\u00e7\u00e3o da leitura liter\u00e1ria na educa\u00e7\u00e3o b\u00e1sica<\/strong><\/h4><p class=\"uagb-cta__desc\">Autor(a): Lucia Tainan Araujo Moraes<br>Orientador: Prof. Dr. Paulo Murilo Guerreiro do Amaral<\/p><\/div><div class=\"uagb-cta__buttons\"><a href=\"https:\/\/propesp.uepa.br\/ppgell\/wp-content\/uploads\/2024\/10\/Gamificacao-da-literatura-literaria.pdf\" class=\"uagb-cta__button-link-wrapper wp-block-button__link\" target=\"_blank\" rel=\"noopener noreferrer\">Ler mais<svg xmlns=\"https:\/\/www.w3.org\/2000\/svg\" viewBox=\"0 0 512 512\"><path d=\"M504.3 273.6l-112.1 104c-6.992 6.484-17.18 8.218-25.94 4.406c-8.758-3.812-14.42-12.45-14.42-21.1L351.9 288H32C14.33 288 .0002 273.7 .0002 255.1S14.33 224 32 224h319.9l0-72c0-9.547 5.66-18.19 14.42-22c8.754-3.809 18.95-2.075 25.94 4.41l112.1 104C514.6 247.9 514.6 264.1 504.3 273.6z\"><\/path><\/svg><\/a><\/div><\/div>\n\n\n\n<div class=\"wp-block-uagb-call-to-action uagb-block-8107a454 wp-block-button\"><div class=\"uagb-cta__wrap\"><h4 class=\"uagb-cta__title\"><strong>Era uma outra vez&#8230;<\/strong><\/h4><p class=\"uagb-cta__desc\">Autor(a): Jo\u00e3o Victor Souza Campos<br>Orientador: Prof\u00aa. Dr\u00aa.&nbsp;Renilda do Ros\u00e1rio Rodrigues Bastos<\/p><\/div><div class=\"uagb-cta__buttons\"><a href=\"https:\/\/propesp.uepa.br\/ppgell\/wp-content\/uploads\/2024\/10\/Era-uma-outra-vez.pdf\" class=\"uagb-cta__button-link-wrapper wp-block-button__link\" target=\"_blank\" rel=\"noopener noreferrer\">Ler mais<svg xmlns=\"https:\/\/www.w3.org\/2000\/svg\" viewBox=\"0 0 512 512\"><path d=\"M504.3 273.6l-112.1 104c-6.992 6.484-17.18 8.218-25.94 4.406c-8.758-3.812-14.42-12.45-14.42-21.1L351.9 288H32C14.33 288 .0002 273.7 .0002 255.1S14.33 224 32 224h319.9l0-72c0-9.547 5.66-18.19 14.42-22c8.754-3.809 18.95-2.075 25.94 4.41l112.1 104C514.6 247.9 514.6 264.1 504.3 273.6z\"><\/path><\/svg><\/a><\/div><\/div>\n\n\n\n<div class=\"wp-block-uagb-call-to-action uagb-block-84686a2a wp-block-button\"><div class=\"uagb-cta__wrap\"><h4 class=\"uagb-cta__title\"><strong>As metodologias ativas mediadas pelas TDICs<\/strong><\/h4><p class=\"uagb-cta__desc\">Autor(a): Malu Elma Gomes Dias<br>Orientador: Prof\u00aa. Dr\u00aa.&nbsp;Elisa Maria Pinheiro de Souza<\/p><\/div><div class=\"uagb-cta__buttons\"><a href=\"https:\/\/propesp.uepa.br\/ppgell\/wp-content\/uploads\/2024\/10\/AS-METODOLOGIAS-ATIVAS-MEDIADAS-PELAS-TDICs-compactado.pdf\" class=\"uagb-cta__button-link-wrapper wp-block-button__link\" target=\"_blank\" rel=\"noopener noreferrer\">Ler mais<svg xmlns=\"https:\/\/www.w3.org\/2000\/svg\" viewBox=\"0 0 512 512\"><path d=\"M504.3 273.6l-112.1 104c-6.992 6.484-17.18 8.218-25.94 4.406c-8.758-3.812-14.42-12.45-14.42-21.1L351.9 288H32C14.33 288 .0002 273.7 .0002 255.1S14.33 224 32 224h319.9l0-72c0-9.547 5.66-18.19 14.42-22c8.754-3.809 18.95-2.075 25.94 4.41l112.1 104C514.6 247.9 514.6 264.1 504.3 273.6z\"><\/path><\/svg><\/a><\/div><\/div>\n\n\n\n<div class=\"wp-block-uagb-call-to-action uagb-block-3a48824e wp-block-button\"><div class=\"uagb-cta__wrap\"><h4 class=\"uagb-cta__title\"><strong>Escritura de mem\u00f3rias liter\u00e1rias de alunos da EJA<\/strong><\/h4><p class=\"uagb-cta__desc\">Autor(a): M\u00e1rcia Patr\u00edcia Reis Cavalcante Guerreiro<br>Orientador: Prof\u00aa. Dr\u00aa. Maria do Perpetuo Socorro Cardoso.<\/p><\/div><div class=\"uagb-cta__buttons\"><a href=\"https:\/\/propesp.uepa.br\/ppgell\/wp-content\/uploads\/2024\/10\/escritura-de-memorias-LITERARIAS-DE-alunos-da-EJA.pdf\" class=\"uagb-cta__button-link-wrapper wp-block-button__link\" target=\"_blank\" rel=\"noopener noreferrer\">Ler mais<svg xmlns=\"https:\/\/www.w3.org\/2000\/svg\" viewBox=\"0 0 512 512\"><path d=\"M504.3 273.6l-112.1 104c-6.992 6.484-17.18 8.218-25.94 4.406c-8.758-3.812-14.42-12.45-14.42-21.1L351.9 288H32C14.33 288 .0002 273.7 .0002 255.1S14.33 224 32 224h319.9l0-72c0-9.547 5.66-18.19 14.42-22c8.754-3.809 18.95-2.075 25.94 4.41l112.1 104C514.6 247.9 514.6 264.1 504.3 273.6z\"><\/path><\/svg><\/a><\/div><\/div>\n\n\n\n<div class=\"wp-block-uagb-call-to-action uagb-block-a0701db8 wp-block-button\"><div class=\"uagb-cta__wrap\"><h4 class=\"uagb-cta__title\"><strong>Letramentos e conta\u00e7\u00e3o de hist\u00f3rias<\/strong><\/h4><p class=\"uagb-cta__desc\">Autor(a): Sheyla Pantoja Carvalho<br>Orientador: Prof.\u00ba Dr. Samuel Pereira Campos<\/p><\/div><div class=\"uagb-cta__buttons\"><a href=\"https:\/\/propesp.uepa.br\/ppgell\/wp-content\/uploads\/2024\/10\/Letramentos-e-contacao-de-historias.pdf\" class=\"uagb-cta__button-link-wrapper wp-block-button__link\" target=\"_blank\" rel=\"noopener noreferrer\">Ler mais<svg xmlns=\"https:\/\/www.w3.org\/2000\/svg\" viewBox=\"0 0 512 512\"><path d=\"M504.3 273.6l-112.1 104c-6.992 6.484-17.18 8.218-25.94 4.406c-8.758-3.812-14.42-12.45-14.42-21.1L351.9 288H32C14.33 288 .0002 273.7 .0002 255.1S14.33 224 32 224h319.9l0-72c0-9.547 5.66-18.19 14.42-22c8.754-3.809 18.95-2.075 25.94 4.41l112.1 104C514.6 247.9 514.6 264.1 504.3 273.6z\"><\/path><\/svg><\/a><\/div><\/div>\n<\/div><\/div>\n\n\n\n<p><\/p>\n","protected":false},"excerpt":{"rendered":"<p>Turma ingressante em 2021, com desenvolvimento das atividades acad\u00eamicas e artigos ao longo do per\u00edodo de\u00a02021 a 2023.<\/p>\n","protected":false},"author":1,"featured_media":0,"parent":0,"menu_order":0,"comment_status":"closed","ping_status":"closed","template":"","meta":{"_uag_custom_page_level_css":"","site-sidebar-layout":"default","site-content-layout":"","ast-site-content-layout":"default","site-content-style":"default","site-sidebar-style":"default","ast-global-header-display":"","ast-banner-title-visibility":"","ast-main-header-display":"","ast-hfb-above-header-display":"","ast-hfb-below-header-display":"","ast-hfb-mobile-header-display":"","site-post-title":"","ast-breadcrumbs-content":"","ast-featured-img":"","footer-sml-layout":"","theme-transparent-header-meta":"","adv-header-id-meta":"","stick-header-meta":"","header-above-stick-meta":"","header-main-stick-meta":"","header-below-stick-meta":"","astra-migrate-meta-layouts":"set","ast-page-background-enabled":"default","ast-page-background-meta":{"desktop":{"background-color":"var(--ast-global-color-4)","background-image":"","background-repeat":"repeat","background-position":"center center","background-size":"auto","background-attachment":"scroll","background-type":"","background-media":"","overlay-type":"","overlay-color":"","overlay-gradient":""},"tablet":{"background-color":"","background-image":"","background-repeat":"repeat","background-position":"center center","background-size":"auto","background-attachment":"scroll","background-type":"","background-media":"","overlay-type":"","overlay-color":"","overlay-gradient":""},"mobile":{"background-color":"","background-image":"","background-repeat":"repeat","background-position":"center center","background-size":"auto","background-attachment":"scroll","background-type":"","background-media":"","overlay-type":"","overlay-color":"","overlay-gradient":""}},"ast-content-background-meta":{"desktop":{"background-color":"var(--ast-global-color-5)","background-image":"","background-repeat":"repeat","background-position":"center center","background-size":"auto","background-attachment":"scroll","background-type":"","background-media":"","overlay-type":"","overlay-color":"","overlay-gradient":""},"tablet":{"background-color":"var(--ast-global-color-5)","background-image":"","background-repeat":"repeat","background-position":"center center","background-size":"auto","background-attachment":"scroll","background-type":"","background-media":"","overlay-type":"","overlay-color":"","overlay-gradient":""},"mobile":{"background-color":"var(--ast-global-color-5)","background-image":"","background-repeat":"repeat","background-position":"center center","background-size":"auto","background-attachment":"scroll","background-type":"","background-media":"","overlay-type":"","overlay-color":"","overlay-gradient":""}},"footnotes":""},"class_list":["post-2105","page","type-page","status-publish","hentry"],"uagb_featured_image_src":{"full":false,"thumbnail":false,"medium":false,"medium_large":false,"large":false,"1536x1536":false,"2048x2048":false},"uagb_author_info":{"display_name":"admin@uepa.br","author_link":"https:\/\/propesp.uepa.br\/ppgell\/author\/adminuepa-br\/"},"uagb_comment_info":0,"uagb_excerpt":"Turma ingressante em 2021, com desenvolvimento das atividades acad\u00eamicas e artigos ao longo do per\u00edodo de\u00a02021 a 2023.","_links":{"self":[{"href":"https:\/\/propesp.uepa.br\/ppgell\/wp-json\/wp\/v2\/pages\/2105"}],"collection":[{"href":"https:\/\/propesp.uepa.br\/ppgell\/wp-json\/wp\/v2\/pages"}],"about":[{"href":"https:\/\/propesp.uepa.br\/ppgell\/wp-json\/wp\/v2\/types\/page"}],"author":[{"embeddable":true,"href":"https:\/\/propesp.uepa.br\/ppgell\/wp-json\/wp\/v2\/users\/1"}],"replies":[{"embeddable":true,"href":"https:\/\/propesp.uepa.br\/ppgell\/wp-json\/wp\/v2\/comments?post=2105"}],"version-history":[{"count":17,"href":"https:\/\/propesp.uepa.br\/ppgell\/wp-json\/wp\/v2\/pages\/2105\/revisions"}],"predecessor-version":[{"id":2671,"href":"https:\/\/propesp.uepa.br\/ppgell\/wp-json\/wp\/v2\/pages\/2105\/revisions\/2671"}],"wp:attachment":[{"href":"https:\/\/propesp.uepa.br\/ppgell\/wp-json\/wp\/v2\/media?parent=2105"}],"curies":[{"name":"wp","href":"https:\/\/api.w.org\/{rel}","templated":true}]}}