{"id":2107,"date":"2024-09-25T14:55:24","date_gmt":"2024-09-25T17:55:24","guid":{"rendered":"https:\/\/propesp.uepa.br\/ppgell\/?page_id=2107"},"modified":"2026-03-25T16:30:20","modified_gmt":"2026-03-25T19:30:20","slug":"turma-2020-2","status":"publish","type":"page","link":"https:\/\/propesp.uepa.br\/ppgell\/turma-2020-2\/","title":{"rendered":"Turma 2020: Artigos produzidos"},"content":{"rendered":"\n<p>Turma ingressante em 2020, com desenvolvimento das atividades acad\u00eamicas e dos artigos ao longo do per\u00edodo de\u00a0<strong>2020 a 2022.<\/strong><\/p>\n\n\n\n<div class=\"wp-block-uagb-container uagb-block-ddd4b896 alignfull uagb-is-root-container\"><div class=\"uagb-container-inner-blocks-wrap\">\n<div class=\"wp-block-uagb-call-to-action uagb-block-cfdd4417 wp-block-button\"><div class=\"uagb-cta__wrap\"><h4 class=\"uagb-cta__title\">A gente quer comida, divers\u00e3o e arte: o direito \u00e0 literatura e os caminhos da forma\u00e7\u00e3o do leitor<\/h4><p class=\"uagb-cta__desc\">Autor(a): Belly Elimy Tavares Hon\u00f3rio<br>Orientador: Prof\u00aa. Dr\u00aa.&nbsp;Renilda do Ros\u00e1rio Rodrigues Bastos<\/p><\/div><div class=\"uagb-cta__buttons\"><a href=\"https:\/\/propesp.uepa.br\/ppgell\/wp-content\/uploads\/2024\/10\/A-gente-quer-comida-diversao-e-arte-o-direito-a-literatura-e-os-caminhos-da-formacao-do-leitor.pdf\" class=\"uagb-cta__button-link-wrapper wp-block-button__link\" target=\"_blank\" rel=\"noopener noreferrer\">Ler mais<svg xmlns=\"https:\/\/www.w3.org\/2000\/svg\" viewBox=\"0 0 512 512\"><path d=\"M504.3 273.6l-112.1 104c-6.992 6.484-17.18 8.218-25.94 4.406c-8.758-3.812-14.42-12.45-14.42-21.1L351.9 288H32C14.33 288 .0002 273.7 .0002 255.1S14.33 224 32 224h319.9l0-72c0-9.547 5.66-18.19 14.42-22c8.754-3.809 18.95-2.075 25.94 4.41l112.1 104C514.6 247.9 514.6 264.1 504.3 273.6z\"><\/path><\/svg><\/a><\/div><\/div>\n<\/div><\/div>\n\n\n\n<div class=\"wp-block-uagb-container uagb-block-0cf837c3 alignfull uagb-is-root-container\"><div class=\"uagb-container-inner-blocks-wrap\">\n<div class=\"wp-block-uagb-call-to-action uagb-block-a9ed6562 wp-block-button\"><div class=\"uagb-cta__wrap\"><h4 class=\"uagb-cta__title\"><strong>Poemas na m\u00eddia Podcast: uma proposta para o ensino da oralidade<\/strong><\/h4><p class=\"uagb-cta__desc\">Autor(a): Ivanilza Concei\u00e7\u00e3o dos Santos<br>Orientador: Prof. Dra. Eliete de Jesus Bararu\u00e1 Solano<\/p><\/div><div class=\"uagb-cta__buttons\"><a href=\"https:\/\/propesp.uepa.br\/ppgell\/wp-content\/uploads\/2024\/10\/Poemas-na-midia-Podcast-uma-proposta-para-o-ensino-da-oralidade.pdf\" class=\"uagb-cta__button-link-wrapper wp-block-button__link\" target=\"_blank\" rel=\"noopener noreferrer\">Ler mais<svg xmlns=\"https:\/\/www.w3.org\/2000\/svg\" viewBox=\"0 0 512 512\"><path d=\"M504.3 273.6l-112.1 104c-6.992 6.484-17.18 8.218-25.94 4.406c-8.758-3.812-14.42-12.45-14.42-21.1L351.9 288H32C14.33 288 .0002 273.7 .0002 255.1S14.33 224 32 224h319.9l0-72c0-9.547 5.66-18.19 14.42-22c8.754-3.809 18.95-2.075 25.94 4.41l112.1 104C514.6 247.9 514.6 264.1 504.3 273.6z\"><\/path><\/svg><\/a><\/div><\/div>\n<\/div><\/div>\n\n\n\n<div class=\"wp-block-uagb-container uagb-block-291dde4b alignfull uagb-is-root-container\"><div class=\"uagb-container-inner-blocks-wrap\">\n<div class=\"wp-block-uagb-call-to-action uagb-block-a5b658a2 wp-block-button\"><div class=\"uagb-cta__wrap\"><h4 class=\"uagb-cta__title\">WWW.MULTILETRAMENTOS: o uso da multimodalidade no aperfei\u00e7oamento da produ\u00e7\u00e3o escrita em L\u00edngua Portuguesa<\/h4><p class=\"uagb-cta__desc\">Autor(a): Wanne Karoline Souza de Miranda<br>Orientador: Prof.\u00ba Dr. Samuel Pereira Campos<\/p><\/div><div class=\"uagb-cta__buttons\"><a href=\"https:\/\/propesp.uepa.br\/ppgell\/wp-content\/uploads\/2024\/10\/WWW.MULTILETRAMENTOS-o-uso-da-multimodalidade-no-aperfeicoamento-da.pdf\" class=\"uagb-cta__button-link-wrapper wp-block-button__link\" target=\"_blank\" rel=\"noopener noreferrer\">Ler mais<svg xmlns=\"https:\/\/www.w3.org\/2000\/svg\" viewBox=\"0 0 512 512\"><path d=\"M504.3 273.6l-112.1 104c-6.992 6.484-17.18 8.218-25.94 4.406c-8.758-3.812-14.42-12.45-14.42-21.1L351.9 288H32C14.33 288 .0002 273.7 .0002 255.1S14.33 224 32 224h319.9l0-72c0-9.547 5.66-18.19 14.42-22c8.754-3.809 18.95-2.075 25.94 4.41l112.1 104C514.6 247.9 514.6 264.1 504.3 273.6z\"><\/path><\/svg><\/a><\/div><\/div>\n<\/div><\/div>\n\n\n\n<div class=\"wp-block-uagb-container uagb-block-260b2b10 alignfull uagb-is-root-container\"><div class=\"uagb-container-inner-blocks-wrap\">\n<div class=\"wp-block-uagb-call-to-action uagb-block-a31bd44b wp-block-button\"><div class=\"uagb-cta__wrap\"><h4 class=\"uagb-cta__title\">&nbsp;<br><strong>Vozes encantadas da Amaz\u00f4nia: desvelando pr\u00e1ticas de oralidade no ambiente escolar atrav\u00e9s do <em>PodCast<\/em><\/strong><\/h4><p class=\"uagb-cta__desc\">Autor(a): Aldenora Ven\u00e2ncio Gon\u00e7alves<br>Orientador: Prof.\u00ba Dr. Ednalvo Ap\u00f3stolo Campos<\/p><\/div><div class=\"uagb-cta__buttons\"><a href=\"https:\/\/propesp.uepa.br\/ppgell\/wp-content\/uploads\/2024\/10\/Vozes-encantadas-da-Amazonia-desvelando-praticas-de-oralidade-no-ambiente-escolar-atraves-do-PodCast.pdf\" class=\"uagb-cta__button-link-wrapper wp-block-button__link\" target=\"_blank\" rel=\"noopener noreferrer\">Ler mais<svg xmlns=\"https:\/\/www.w3.org\/2000\/svg\" viewBox=\"0 0 512 512\"><path d=\"M504.3 273.6l-112.1 104c-6.992 6.484-17.18 8.218-25.94 4.406c-8.758-3.812-14.42-12.45-14.42-21.1L351.9 288H32C14.33 288 .0002 273.7 .0002 255.1S14.33 224 32 224h319.9l0-72c0-9.547 5.66-18.19 14.42-22c8.754-3.809 18.95-2.075 25.94 4.41l112.1 104C514.6 247.9 514.6 264.1 504.3 273.6z\"><\/path><\/svg><\/a><\/div><\/div>\n<\/div><\/div>\n\n\n\n<div class=\"wp-block-uagb-container uagb-block-ac596adb alignfull uagb-is-root-container\"><div class=\"uagb-container-inner-blocks-wrap\">\n<div class=\"wp-block-uagb-call-to-action uagb-block-82e65e79 wp-block-button\"><div class=\"uagb-cta__wrap\"><h4 class=\"uagb-cta__title\">&nbsp;Oficina Did\u00e1tica para o ensino da varia\u00e7\u00e3o lingu\u00edstica<\/h4><p class=\"uagb-cta__desc\">Autor(a): S\u00f4nia Maria Corr\u00eaa do Amaral<br>Orientador: Prof. Dra. Eliete de Jesus Bararu\u00e1 Solano<\/p><\/div><div class=\"uagb-cta__buttons\"><a href=\"https:\/\/propesp.uepa.br\/ppgell\/wp-content\/uploads\/2024\/10\/OFICINA-DIDATICA-PARA-O-ENSINO-DA-VARIACAO-LINGUISTICA.pdf\" class=\"uagb-cta__button-link-wrapper wp-block-button__link\" target=\"_blank\" rel=\"noopener noreferrer\">Ler mais<svg xmlns=\"https:\/\/www.w3.org\/2000\/svg\" viewBox=\"0 0 512 512\"><path d=\"M504.3 273.6l-112.1 104c-6.992 6.484-17.18 8.218-25.94 4.406c-8.758-3.812-14.42-12.45-14.42-21.1L351.9 288H32C14.33 288 .0002 273.7 .0002 255.1S14.33 224 32 224h319.9l0-72c0-9.547 5.66-18.19 14.42-22c8.754-3.809 18.95-2.075 25.94 4.41l112.1 104C514.6 247.9 514.6 264.1 504.3 273.6z\"><\/path><\/svg><\/a><\/div><\/div>\n<\/div><\/div>\n\n\n\n<div class=\"wp-block-uagb-container uagb-block-270732f8 alignfull uagb-is-root-container\"><div class=\"uagb-container-inner-blocks-wrap\">\n<div class=\"wp-block-uagb-call-to-action uagb-block-f1abefb7 wp-block-button\"><div class=\"uagb-cta__wrap\"><h4 class=\"uagb-cta__title\">B\u00fassola liter\u00e1ria: dos caminhos da leitura na educa\u00e7\u00e3o b\u00e1sica<\/h4><p class=\"uagb-cta__desc\">Autor(a): Solange Henrique Chaves Ribeiro<br>Orientador: Prof. Dr. Paulo Murilo Guerreiro do Amaral.<\/p><\/div><div class=\"uagb-cta__buttons\"><a href=\"https:\/\/propesp.uepa.br\/ppgell\/wp-content\/uploads\/2024\/10\/Bussola-literaria-dos-caminhos-da-leitura-literaria-na-educacao-basica.pdf\" class=\"uagb-cta__button-link-wrapper wp-block-button__link\" target=\"_blank\" rel=\"noopener noreferrer\">Ler mais<svg xmlns=\"https:\/\/www.w3.org\/2000\/svg\" viewBox=\"0 0 512 512\"><path d=\"M504.3 273.6l-112.1 104c-6.992 6.484-17.18 8.218-25.94 4.406c-8.758-3.812-14.42-12.45-14.42-21.1L351.9 288H32C14.33 288 .0002 273.7 .0002 255.1S14.33 224 32 224h319.9l0-72c0-9.547 5.66-18.19 14.42-22c8.754-3.809 18.95-2.075 25.94 4.41l112.1 104C514.6 247.9 514.6 264.1 504.3 273.6z\"><\/path><\/svg><\/a><\/div><\/div>\n<\/div><\/div>\n\n\n\n<div class=\"wp-block-uagb-container uagb-block-282529e5 alignfull uagb-is-root-container\"><div class=\"uagb-container-inner-blocks-wrap\">\n<div class=\"wp-block-uagb-call-to-action uagb-block-3ab26608 wp-block-button\"><div class=\"uagb-cta__wrap\"><h4 class=\"uagb-cta__title\">G\u00eanero discursivo meme nas aulas de l\u00edngua portuguesa: a multimodalidade e a multissemiose intensificadas pelas TDICs<\/h4><p class=\"uagb-cta__desc\">Autor(a): Dayanna Roberta Costa da Rocha<br>Orientador: Prof. Dr. Jos\u00e9 Roberto Alves da Silva<\/p><\/div><div class=\"uagb-cta__buttons\"><a href=\"https:\/\/propesp.uepa.br\/ppgell\/wp-content\/uploads\/2024\/10\/O-genero-discursivo-meme-nas-aulas-de-lingua-portuguesa-a-multimodalidade-e-a-multissemiose-intensificas-pelas-TDICs.pdf\" class=\"uagb-cta__button-link-wrapper wp-block-button__link\" target=\"_blank\" rel=\"noopener noreferrer\">Ler mais<svg xmlns=\"https:\/\/www.w3.org\/2000\/svg\" viewBox=\"0 0 512 512\"><path d=\"M504.3 273.6l-112.1 104c-6.992 6.484-17.18 8.218-25.94 4.406c-8.758-3.812-14.42-12.45-14.42-21.1L351.9 288H32C14.33 288 .0002 273.7 .0002 255.1S14.33 224 32 224h319.9l0-72c0-9.547 5.66-18.19 14.42-22c8.754-3.809 18.95-2.075 25.94 4.41l112.1 104C514.6 247.9 514.6 264.1 504.3 273.6z\"><\/path><\/svg><\/a><\/div><\/div>\n<\/div><\/div>\n\n\n\n<div class=\"wp-block-uagb-container uagb-block-3f5db92f alignfull uagb-is-root-container\"><div class=\"uagb-container-inner-blocks-wrap\">\n<div class=\"wp-block-uagb-call-to-action uagb-block-14d71fe4 wp-block-button\"><div class=\"uagb-cta__wrap\"><h4 class=\"uagb-cta__title\">Rizoma Liter\u00e1rio: o enraizamento das linguagens<\/h4><p class=\"uagb-cta__desc\">Autor(a): Camila Maiara Costa Oliveira Prado<br>Orientador: Prof. Dr. Marco Ant\u00f4nio da Costa Camelo<\/p><\/div><div class=\"uagb-cta__buttons\"><a href=\"https:\/\/propesp.uepa.br\/ppgell\/wp-content\/uploads\/2024\/10\/Rizoma-Literario-o-enraizamento-das-linguagens.pdf\" class=\"uagb-cta__button-link-wrapper wp-block-button__link\" target=\"_blank\" rel=\"noopener noreferrer\">Ler mais<svg xmlns=\"https:\/\/www.w3.org\/2000\/svg\" viewBox=\"0 0 512 512\"><path d=\"M504.3 273.6l-112.1 104c-6.992 6.484-17.18 8.218-25.94 4.406c-8.758-3.812-14.42-12.45-14.42-21.1L351.9 288H32C14.33 288 .0002 273.7 .0002 255.1S14.33 224 32 224h319.9l0-72c0-9.547 5.66-18.19 14.42-22c8.754-3.809 18.95-2.075 25.94 4.41l112.1 104C514.6 247.9 514.6 264.1 504.3 273.6z\"><\/path><\/svg><\/a><\/div><\/div>\n<\/div><\/div>\n\n\n\n<div class=\"wp-block-uagb-container uagb-block-334165f4 alignfull uagb-is-root-container\"><div class=\"uagb-container-inner-blocks-wrap\">\n<div class=\"wp-block-uagb-call-to-action uagb-block-c713f7bd wp-block-button\"><div class=\"uagb-cta__wrap\"><h4 class=\"uagb-cta__title\">Narrativa Liter\u00e1ria e Interatividade: Os desafios do ensino de literatira na era digital<\/h4><p class=\"uagb-cta__desc\">Autor(a): Ana Telma Matos de Ara\u00fajo<br>Orientadora: Prof. Dr. Gabriel Lage da Silva Neto<\/p><\/div><div class=\"uagb-cta__buttons\"><a href=\"#\" class=\"uagb-cta__button-link-wrapper wp-block-button__link\" target=\"_blank\" rel=\"noopener noreferrer\">Ler mais<svg xmlns=\"https:\/\/www.w3.org\/2000\/svg\" viewBox=\"0 0 512 512\"><path d=\"M504.3 273.6l-112.1 104c-6.992 6.484-17.18 8.218-25.94 4.406c-8.758-3.812-14.42-12.45-14.42-21.1L351.9 288H32C14.33 288 .0002 273.7 .0002 255.1S14.33 224 32 224h319.9l0-72c0-9.547 5.66-18.19 14.42-22c8.754-3.809 18.95-2.075 25.94 4.41l112.1 104C514.6 247.9 514.6 264.1 504.3 273.6z\"><\/path><\/svg><\/a><\/div><\/div>\n<\/div><\/div>\n\n\n\n<div class=\"wp-block-uagb-container uagb-block-650a75f5 alignfull uagb-is-root-container\"><div class=\"uagb-container-inner-blocks-wrap\">\n<div class=\"wp-block-uagb-call-to-action uagb-block-ae3d3654 wp-block-button\"><div class=\"uagb-cta__wrap\"><h4 class=\"uagb-cta__title\">C\u00edrculo po\u00e9tico: a voz da poseia em poemas na sala de aula<\/h4><p class=\"uagb-cta__desc\">Autor(a): Maria Jorielma Oliveira Furtado<br>Orientador: Prof. Dr. Paulo Murilo Guerreiro do Amaral<\/p><\/div><div class=\"uagb-cta__buttons\"><a href=\"https:\/\/propesp.uepa.br\/ppgell\/wp-content\/uploads\/2024\/10\/Circulo-Poetico.pdf\" class=\"uagb-cta__button-link-wrapper wp-block-button__link\" target=\"_blank\" rel=\"noopener noreferrer\">Ler mais<svg xmlns=\"https:\/\/www.w3.org\/2000\/svg\" viewBox=\"0 0 512 512\"><path d=\"M504.3 273.6l-112.1 104c-6.992 6.484-17.18 8.218-25.94 4.406c-8.758-3.812-14.42-12.45-14.42-21.1L351.9 288H32C14.33 288 .0002 273.7 .0002 255.1S14.33 224 32 224h319.9l0-72c0-9.547 5.66-18.19 14.42-22c8.754-3.809 18.95-2.075 25.94 4.41l112.1 104C514.6 247.9 514.6 264.1 504.3 273.6z\"><\/path><\/svg><\/a><\/div><\/div>\n<\/div><\/div>\n\n\n\n<div class=\"wp-block-uagb-container uagb-block-4c4385d7 alignfull uagb-is-root-container\"><div class=\"uagb-container-inner-blocks-wrap\">\n<div class=\"wp-block-uagb-call-to-action uagb-block-97cf9a9b wp-block-button\"><div class=\"uagb-cta__wrap\"><h4 class=\"uagb-cta__title\">O feminic\u00eddio no poema narrativo &#8220;hist\u00f3ria completa de Severa Romana&#8221;: uma unidade did\u00e1tica<\/h4><p class=\"uagb-cta__desc\">Autor(a): Izabelly Reis Loureiro<br>Orientador: Prof. Dr. Raphael Bessa Ferreira<\/p><\/div><div class=\"uagb-cta__buttons\"><a href=\"https:\/\/propesp.uepa.br\/ppgell\/wp-content\/uploads\/2024\/10\/O-feminicidio-no-poema-narrativo.pdf\" class=\"uagb-cta__button-link-wrapper wp-block-button__link\" target=\"_blank\" rel=\"noopener noreferrer\">Ler mais<svg xmlns=\"https:\/\/www.w3.org\/2000\/svg\" viewBox=\"0 0 512 512\"><path d=\"M504.3 273.6l-112.1 104c-6.992 6.484-17.18 8.218-25.94 4.406c-8.758-3.812-14.42-12.45-14.42-21.1L351.9 288H32C14.33 288 .0002 273.7 .0002 255.1S14.33 224 32 224h319.9l0-72c0-9.547 5.66-18.19 14.42-22c8.754-3.809 18.95-2.075 25.94 4.41l112.1 104C514.6 247.9 514.6 264.1 504.3 273.6z\"><\/path><\/svg><\/a><\/div><\/div>\n<\/div><\/div>\n\n\n\n<div class=\"wp-block-uagb-container uagb-block-19c35081 alignfull uagb-is-root-container\"><div class=\"uagb-container-inner-blocks-wrap\">\n<div class=\"wp-block-uagb-call-to-action uagb-block-2658e80d wp-block-button\"><div class=\"uagb-cta__wrap\"><h4 class=\"uagb-cta__title\">Cogitare Litterare: um site de inspira\u00e7\u00e3o fruitivo-liter\u00e1rio<\/h4><p class=\"uagb-cta__desc\">Autor(a): Daro\u00eas Jos\u00e9 Borges da Silva Junior<br>Orientador: Prof. Dr. Marco Ant\u00f4nio da Costa Camelo<\/p><\/div><div class=\"uagb-cta__buttons\"><a href=\"https:\/\/propesp.uepa.br\/ppgell\/wp-content\/uploads\/2024\/10\/COGITARE-LITTERAE-UM-SITE-DE-INSPIRACAO.pdf\" class=\"uagb-cta__button-link-wrapper wp-block-button__link\" target=\"_blank\" rel=\"noopener noreferrer\">Ler mais<svg xmlns=\"https:\/\/www.w3.org\/2000\/svg\" viewBox=\"0 0 512 512\"><path d=\"M504.3 273.6l-112.1 104c-6.992 6.484-17.18 8.218-25.94 4.406c-8.758-3.812-14.42-12.45-14.42-21.1L351.9 288H32C14.33 288 .0002 273.7 .0002 255.1S14.33 224 32 224h319.9l0-72c0-9.547 5.66-18.19 14.42-22c8.754-3.809 18.95-2.075 25.94 4.41l112.1 104C514.6 247.9 514.6 264.1 504.3 273.6z\"><\/path><\/svg><\/a><\/div><\/div>\n<\/div><\/div>\n\n\n\n<div class=\"wp-block-uagb-container uagb-block-fa069fa6 alignfull uagb-is-root-container\"><div class=\"uagb-container-inner-blocks-wrap\">\n<div class=\"wp-block-uagb-call-to-action uagb-block-8c36770d wp-block-button\"><div class=\"uagb-cta__wrap\"><h4 class=\"uagb-cta__title\">A ressignifica\u00e7\u00e3o dos saberes lingu\u00edsticos via v\u00eddeos educativos<\/h4><p class=\"uagb-cta__desc\">Autor(a): Waldinett Nascimento Torres Pena<br>Orientador:  Prof\u00aa. Dr\u00aa.&nbsp;Elisa Maria Pinheiro de Souza<\/p><\/div><div class=\"uagb-cta__buttons\"><a href=\"https:\/\/propesp.uepa.br\/ppgell\/wp-content\/uploads\/2024\/10\/A-ressignificacao-dos-saberes-linguisticos-via-videos-educativos.docx\" class=\"uagb-cta__button-link-wrapper wp-block-button__link\" target=\"_blank\" rel=\"noopener noreferrer\">Ler mais<svg xmlns=\"https:\/\/www.w3.org\/2000\/svg\" viewBox=\"0 0 512 512\"><path d=\"M504.3 273.6l-112.1 104c-6.992 6.484-17.18 8.218-25.94 4.406c-8.758-3.812-14.42-12.45-14.42-21.1L351.9 288H32C14.33 288 .0002 273.7 .0002 255.1S14.33 224 32 224h319.9l0-72c0-9.547 5.66-18.19 14.42-22c8.754-3.809 18.95-2.075 25.94 4.41l112.1 104C514.6 247.9 514.6 264.1 504.3 273.6z\"><\/path><\/svg><\/a><\/div><\/div>\n<\/div><\/div>\n\n\n\n<p><\/p>\n","protected":false},"excerpt":{"rendered":"<p>Turma ingressante em 2020, com desenvolvimento das atividades acad\u00eamicas e dos artigos ao longo do per\u00edodo de\u00a02020 a 2022.<\/p>\n","protected":false},"author":1,"featured_media":0,"parent":0,"menu_order":0,"comment_status":"closed","ping_status":"closed","template":"","meta":{"_uag_custom_page_level_css":"","site-sidebar-layout":"default","site-content-layout":"","ast-site-content-layout":"default","site-content-style":"default","site-sidebar-style":"default","ast-global-header-display":"","ast-banner-title-visibility":"","ast-main-header-display":"","ast-hfb-above-header-display":"","ast-hfb-below-header-display":"","ast-hfb-mobile-header-display":"","site-post-title":"","ast-breadcrumbs-content":"","ast-featured-img":"","footer-sml-layout":"","theme-transparent-header-meta":"","adv-header-id-meta":"","stick-header-meta":"","header-above-stick-meta":"","header-main-stick-meta":"","header-below-stick-meta":"","astra-migrate-meta-layouts":"set","ast-page-background-enabled":"default","ast-page-background-meta":{"desktop":{"background-color":"var(--ast-global-color-4)","background-image":"","background-repeat":"repeat","background-position":"center center","background-size":"auto","background-attachment":"scroll","background-type":"","background-media":"","overlay-type":"","overlay-color":"","overlay-gradient":""},"tablet":{"background-color":"","background-image":"","background-repeat":"repeat","background-position":"center center","background-size":"auto","background-attachment":"scroll","background-type":"","background-media":"","overlay-type":"","overlay-color":"","overlay-gradient":""},"mobile":{"background-color":"","background-image":"","background-repeat":"repeat","background-position":"center center","background-size":"auto","background-attachment":"scroll","background-type":"","background-media":"","overlay-type":"","overlay-color":"","overlay-gradient":""}},"ast-content-background-meta":{"desktop":{"background-color":"var(--ast-global-color-5)","background-image":"","background-repeat":"repeat","background-position":"center center","background-size":"auto","background-attachment":"scroll","background-type":"","background-media":"","overlay-type":"","overlay-color":"","overlay-gradient":""},"tablet":{"background-color":"var(--ast-global-color-5)","background-image":"","background-repeat":"repeat","background-position":"center center","background-size":"auto","background-attachment":"scroll","background-type":"","background-media":"","overlay-type":"","overlay-color":"","overlay-gradient":""},"mobile":{"background-color":"var(--ast-global-color-5)","background-image":"","background-repeat":"repeat","background-position":"center center","background-size":"auto","background-attachment":"scroll","background-type":"","background-media":"","overlay-type":"","overlay-color":"","overlay-gradient":""}},"footnotes":""},"class_list":["post-2107","page","type-page","status-publish","hentry"],"uagb_featured_image_src":{"full":false,"thumbnail":false,"medium":false,"medium_large":false,"large":false,"1536x1536":false,"2048x2048":false},"uagb_author_info":{"display_name":"admin@uepa.br","author_link":"https:\/\/propesp.uepa.br\/ppgell\/author\/adminuepa-br\/"},"uagb_comment_info":0,"uagb_excerpt":"Turma ingressante em 2020, com desenvolvimento das atividades acad\u00eamicas e dos artigos ao longo do per\u00edodo de\u00a02020 a 2022.","_links":{"self":[{"href":"https:\/\/propesp.uepa.br\/ppgell\/wp-json\/wp\/v2\/pages\/2107"}],"collection":[{"href":"https:\/\/propesp.uepa.br\/ppgell\/wp-json\/wp\/v2\/pages"}],"about":[{"href":"https:\/\/propesp.uepa.br\/ppgell\/wp-json\/wp\/v2\/types\/page"}],"author":[{"embeddable":true,"href":"https:\/\/propesp.uepa.br\/ppgell\/wp-json\/wp\/v2\/users\/1"}],"replies":[{"embeddable":true,"href":"https:\/\/propesp.uepa.br\/ppgell\/wp-json\/wp\/v2\/comments?post=2107"}],"version-history":[{"count":14,"href":"https:\/\/propesp.uepa.br\/ppgell\/wp-json\/wp\/v2\/pages\/2107\/revisions"}],"predecessor-version":[{"id":2672,"href":"https:\/\/propesp.uepa.br\/ppgell\/wp-json\/wp\/v2\/pages\/2107\/revisions\/2672"}],"wp:attachment":[{"href":"https:\/\/propesp.uepa.br\/ppgell\/wp-json\/wp\/v2\/media?parent=2107"}],"curies":[{"name":"wp","href":"https:\/\/api.w.org\/{rel}","templated":true}]}}