{"id":2109,"date":"2024-09-25T14:55:36","date_gmt":"2024-09-25T17:55:36","guid":{"rendered":"https:\/\/propesp.uepa.br\/ppgell\/?page_id=2109"},"modified":"2026-03-25T16:30:54","modified_gmt":"2026-03-25T19:30:54","slug":"turma-2019-2","status":"publish","type":"page","link":"https:\/\/propesp.uepa.br\/ppgell\/turma-2019-2\/","title":{"rendered":"Turma 2019: Artigos produzidos"},"content":{"rendered":"\n<p>Turma ingressante em 2019, com desenvolvimento das atividades acad\u00eamicas e artigos ao longo do per\u00edodo de\u00a0<strong>2019 a 2021<\/strong>.<\/p>\n\n\n\n<div class=\"wp-block-uagb-container uagb-block-055dec9b alignfull uagb-is-root-container\"><div class=\"uagb-container-inner-blocks-wrap\">\n<div class=\"wp-block-uagb-call-to-action uagb-block-be2cc8f7 wp-block-button\"><div class=\"uagb-cta__wrap\"><h4 class=\"uagb-cta__title\">Letramento: uma abordagem intercultural para o ensino de portugu\u00eas<\/h4><p class=\"uagb-cta__desc\">Autor(a): Edilene Furtado da Costa<br>Orientadora: Prof\u00aa. Dr\u00aa.&nbsp;Eliete de Jesus Baruar\u00e1 Solano<\/p><\/div><div class=\"uagb-cta__buttons\"><a href=\"\/\/propesp.uepa.br\/ppgell\/wp-content\/uploads\/2024\/09\/LETRAMENTO-UMA-ABORDAGEM-INTERCULTURAL-PARA-O-ENSINO.pdf\" class=\"uagb-cta__button-link-wrapper wp-block-button__link\" target=\"_blank\" rel=\"noopener noreferrer\">Ler mais<svg xmlns=\"https:\/\/www.w3.org\/2000\/svg\" viewBox=\"0 0 512 512\"><path d=\"M504.3 273.6l-112.1 104c-6.992 6.484-17.18 8.218-25.94 4.406c-8.758-3.812-14.42-12.45-14.42-21.1L351.9 288H32C14.33 288 .0002 273.7 .0002 255.1S14.33 224 32 224h319.9l0-72c0-9.547 5.66-18.19 14.42-22c8.754-3.809 18.95-2.075 25.94 4.41l112.1 104C514.6 247.9 514.6 264.1 504.3 273.6z\"><\/path><\/svg><\/a><\/div><\/div>\n\n\n\n<div class=\"wp-block-uagb-call-to-action uagb-block-8e19b4d4 wp-block-button\"><div class=\"uagb-cta__wrap\"><h4 class=\"uagb-cta__title\">Guia po\u00e9tico de narrativas: a voz e a letra na escola<\/h4><p class=\"uagb-cta__desc\">Autor(a): Kalerne Fernanda Monteiro da Silva<br>Orientadora: Prof\u00aa. Dr\u00aa.&nbsp;Renilda do Ros\u00e1rio Rodrigues Bastos<\/p><\/div><div class=\"uagb-cta__buttons\"><a href=\"https:\/\/propesp.uepa.br\/ppgell\/wp-content\/uploads\/2024\/10\/GUIA-POETICO-DE-NARRATIVAS.pdf\" class=\"uagb-cta__button-link-wrapper wp-block-button__link\" target=\"_blank\" rel=\"noopener noreferrer\">Ler mais<svg xmlns=\"https:\/\/www.w3.org\/2000\/svg\" viewBox=\"0 0 512 512\"><path d=\"M504.3 273.6l-112.1 104c-6.992 6.484-17.18 8.218-25.94 4.406c-8.758-3.812-14.42-12.45-14.42-21.1L351.9 288H32C14.33 288 .0002 273.7 .0002 255.1S14.33 224 32 224h319.9l0-72c0-9.547 5.66-18.19 14.42-22c8.754-3.809 18.95-2.075 25.94 4.41l112.1 104C514.6 247.9 514.6 264.1 504.3 273.6z\"><\/path><\/svg><\/a><\/div><\/div>\n\n\n\n<div class=\"wp-block-uagb-call-to-action uagb-block-0245d9a9 wp-block-button\"><div class=\"uagb-cta__wrap\"><h4 class=\"uagb-cta__title\">Literatura regional e ensino: leitura e escrita de microcontos na educa\u00e7\u00e3o b\u00e1sica<\/h4><p class=\"uagb-cta__desc\">Autor(a): Eva Pereira Ribeiro<br>Orientador: Prof. Dr. Paulo Murilo Guerreiro do Amaral<\/p><\/div><div class=\"uagb-cta__buttons\"><a href=\"https:\/\/propesp.uepa.br\/ppgell\/wp-content\/uploads\/2024\/10\/Literatura-regional-e-ensino.pdf\" class=\"uagb-cta__button-link-wrapper wp-block-button__link\" target=\"_blank\" rel=\"noopener noreferrer\">Ler mais<svg xmlns=\"https:\/\/www.w3.org\/2000\/svg\" viewBox=\"0 0 512 512\"><path d=\"M504.3 273.6l-112.1 104c-6.992 6.484-17.18 8.218-25.94 4.406c-8.758-3.812-14.42-12.45-14.42-21.1L351.9 288H32C14.33 288 .0002 273.7 .0002 255.1S14.33 224 32 224h319.9l0-72c0-9.547 5.66-18.19 14.42-22c8.754-3.809 18.95-2.075 25.94 4.41l112.1 104C514.6 247.9 514.6 264.1 504.3 273.6z\"><\/path><\/svg><\/a><\/div><\/div>\n\n\n\n<div class=\"wp-block-uagb-call-to-action uagb-block-39c69484 wp-block-button\"><div class=\"uagb-cta__wrap\"><h4 class=\"uagb-cta__title\">O &#8220;instagram&#8221; como interface educacional para as pr\u00e1ticas de leitura e escritura<\/h4><p class=\"uagb-cta__desc\">Autor(a): Rafael Bittencourt de Lima<br>Orientadora: Profa. Dra.  Elisa Maria Pinheiro de Souza<\/p><\/div><div class=\"uagb-cta__buttons\"><a href=\"https:\/\/propesp.uepa.br\/ppgell\/wp-content\/uploads\/2024\/10\/O-instagram-como-interface-educacional-para-as-praticas-de-leitura-e-escritura.pdf\" class=\"uagb-cta__button-link-wrapper wp-block-button__link\" target=\"_blank\" rel=\"noopener noreferrer\">Ler mais<svg xmlns=\"https:\/\/www.w3.org\/2000\/svg\" viewBox=\"0 0 512 512\"><path d=\"M504.3 273.6l-112.1 104c-6.992 6.484-17.18 8.218-25.94 4.406c-8.758-3.812-14.42-12.45-14.42-21.1L351.9 288H32C14.33 288 .0002 273.7 .0002 255.1S14.33 224 32 224h319.9l0-72c0-9.547 5.66-18.19 14.42-22c8.754-3.809 18.95-2.075 25.94 4.41l112.1 104C514.6 247.9 514.6 264.1 504.3 273.6z\"><\/path><\/svg><\/a><\/div><\/div>\n\n\n\n<div class=\"wp-block-uagb-call-to-action uagb-block-962e63d8 wp-block-button\"><div class=\"uagb-cta__wrap\"><h4 class=\"uagb-cta__title\">O erro ortogr\u00e1fico na produ\u00e7\u00e3o escrita de alunos da Educa\u00e7\u00e3o B\u00e1sica<\/h4><p class=\"uagb-cta__desc\">Autor(a): Fab\u00edola Regina Damasceno dos Santos<br>Orientador: Prof. Dr. Ednalvo Ap\u00f3stolo Campos<\/p><\/div><div class=\"uagb-cta__buttons\"><a href=\"https:\/\/propesp.uepa.br\/ppgell\/wp-content\/uploads\/2024\/10\/O-erro-ortografico-na-producao-escrita-de-alunos-da-Educacao-Basica.pdf\" class=\"uagb-cta__button-link-wrapper wp-block-button__link\" target=\"_blank\" rel=\"noopener noreferrer\">Ler mais<svg xmlns=\"https:\/\/www.w3.org\/2000\/svg\" viewBox=\"0 0 512 512\"><path d=\"M504.3 273.6l-112.1 104c-6.992 6.484-17.18 8.218-25.94 4.406c-8.758-3.812-14.42-12.45-14.42-21.1L351.9 288H32C14.33 288 .0002 273.7 .0002 255.1S14.33 224 32 224h319.9l0-72c0-9.547 5.66-18.19 14.42-22c8.754-3.809 18.95-2.075 25.94 4.41l112.1 104C514.6 247.9 514.6 264.1 504.3 273.6z\"><\/path><\/svg><\/a><\/div><\/div>\n\n\n\n<div class=\"wp-block-uagb-call-to-action uagb-block-7f7af23c wp-block-button\"><div class=\"uagb-cta__wrap\"><h4 class=\"uagb-cta__title\">Sequ\u00eancia did\u00e1tica: alternativa metodol\u00f3gica para o ensino de estudantes surdos<\/h4><p class=\"uagb-cta__desc\">Autor(a): Andreia Cristina da Silva Costa<br>Orientadora: Prof\u00aa. Dr\u00aa. Maria de Lourdes Silva Santos<\/p><\/div><div class=\"uagb-cta__buttons\"><a href=\"https:\/\/propesp.uepa.br\/ppgell\/wp-content\/uploads\/2024\/10\/Sequencia-didatica-alternativa-metodologica-para-o-ensino-de-estudantes-surdos.pdf\" class=\"uagb-cta__button-link-wrapper wp-block-button__link\" target=\"_blank\" rel=\"noopener noreferrer\">Ler mais<svg xmlns=\"https:\/\/www.w3.org\/2000\/svg\" viewBox=\"0 0 512 512\"><path d=\"M504.3 273.6l-112.1 104c-6.992 6.484-17.18 8.218-25.94 4.406c-8.758-3.812-14.42-12.45-14.42-21.1L351.9 288H32C14.33 288 .0002 273.7 .0002 255.1S14.33 224 32 224h319.9l0-72c0-9.547 5.66-18.19 14.42-22c8.754-3.809 18.95-2.075 25.94 4.41l112.1 104C514.6 247.9 514.6 264.1 504.3 273.6z\"><\/path><\/svg><\/a><\/div><\/div>\n\n\n\n<div class=\"wp-block-uagb-call-to-action uagb-block-5ebb099f wp-block-button\"><div class=\"uagb-cta__wrap\"><h4 class=\"uagb-cta__title\">Guia did\u00e1tico para o ensino do infinitivo no contexto do ensino m\u00e9dio<\/h4><p class=\"uagb-cta__desc\">Autor(a): Aurilene Amaral Sousa<br>Orientadora: Prof\u00aa. Dr\u00aa. Ana Kely Martins Da Silva<\/p><\/div><div class=\"uagb-cta__buttons\"><a href=\"https:\/\/propesp.uepa.br\/ppgell\/wp-content\/uploads\/2024\/10\/Guia-didatico-para-o-ensino-do-infinitivo-no-contexto-do-ensino-medio.pdf\" class=\"uagb-cta__button-link-wrapper wp-block-button__link\" target=\"_blank\" rel=\"noopener noreferrer\">Ler mais<svg xmlns=\"https:\/\/www.w3.org\/2000\/svg\" viewBox=\"0 0 512 512\"><path d=\"M504.3 273.6l-112.1 104c-6.992 6.484-17.18 8.218-25.94 4.406c-8.758-3.812-14.42-12.45-14.42-21.1L351.9 288H32C14.33 288 .0002 273.7 .0002 255.1S14.33 224 32 224h319.9l0-72c0-9.547 5.66-18.19 14.42-22c8.754-3.809 18.95-2.075 25.94 4.41l112.1 104C514.6 247.9 514.6 264.1 504.3 273.6z\"><\/path><\/svg><\/a><\/div><\/div>\n\n\n\n<div class=\"wp-block-uagb-call-to-action uagb-block-216d51bd wp-block-button\"><div class=\"uagb-cta__wrap\"><h4 class=\"uagb-cta__title\">&#8220;Vamos todos cirandar&#8221;: o poetrix em uma pr\u00e1tica de letramento liter\u00e1rio no ensino m\u00e9dio<\/h4><p class=\"uagb-cta__desc\">Autor(a): Bruna da costa Luz<br>Orientador: Prof. Dr. Paulo Murilo Guerreiro do Amaral<\/p><\/div><div class=\"uagb-cta__buttons\"><a href=\"https:\/\/propesp.uepa.br\/ppgell\/wp-content\/uploads\/2024\/10\/Vamos-todos-cirandar-o-poetrix-em-uma-pratica-de-letramento-literario-no-ensino-medio.pdf\" class=\"uagb-cta__button-link-wrapper wp-block-button__link\" target=\"_blank\" rel=\"noopener noreferrer\">Ler mais<svg xmlns=\"https:\/\/www.w3.org\/2000\/svg\" viewBox=\"0 0 512 512\"><path d=\"M504.3 273.6l-112.1 104c-6.992 6.484-17.18 8.218-25.94 4.406c-8.758-3.812-14.42-12.45-14.42-21.1L351.9 288H32C14.33 288 .0002 273.7 .0002 255.1S14.33 224 32 224h319.9l0-72c0-9.547 5.66-18.19 14.42-22c8.754-3.809 18.95-2.075 25.94 4.41l112.1 104C514.6 247.9 514.6 264.1 504.3 273.6z\"><\/path><\/svg><\/a><\/div><\/div>\n\n\n\n<div class=\"wp-block-uagb-call-to-action uagb-block-219baceb wp-block-button\"><div class=\"uagb-cta__wrap\"><h4 class=\"uagb-cta__title\">O uso de v\u00eddeos digitais no celular em aulas de l\u00edngua portuguesa<\/h4><p class=\"uagb-cta__desc\">Autor(a): Jesualdo Monteiro da Paz<br>Orientador: Prof. Dr. Jos\u00e9 Roberto Alves da Silva<\/p><\/div><div class=\"uagb-cta__buttons\"><a href=\"https:\/\/propesp.uepa.br\/ppgell\/wp-content\/uploads\/2024\/10\/O-uso-de-videos-digitais-no-celular-em-aulas-de-lingua-portuguesa.pdf\" class=\"uagb-cta__button-link-wrapper wp-block-button__link\" target=\"_blank\" rel=\"noopener noreferrer\">Ler mais<svg xmlns=\"https:\/\/www.w3.org\/2000\/svg\" viewBox=\"0 0 512 512\"><path d=\"M504.3 273.6l-112.1 104c-6.992 6.484-17.18 8.218-25.94 4.406c-8.758-3.812-14.42-12.45-14.42-21.1L351.9 288H32C14.33 288 .0002 273.7 .0002 255.1S14.33 224 32 224h319.9l0-72c0-9.547 5.66-18.19 14.42-22c8.754-3.809 18.95-2.075 25.94 4.41l112.1 104C514.6 247.9 514.6 264.1 504.3 273.6z\"><\/path><\/svg><\/a><\/div><\/div>\n\n\n\n<div class=\"wp-block-uagb-call-to-action uagb-block-1ccabd89 wp-block-button\"><div class=\"uagb-cta__wrap\"><h4 class=\"uagb-cta__title\">Contos de Maria L\u00facia em forma de cartilha digital ilustrada como processo de forma\u00e7\u00e1o de leitores<\/h4><p class=\"uagb-cta__desc\">Autor(a): Isaias Lima Silva<br>Orientador: Prof. Dr. Gabriel Lage da Silva Neto<\/p><\/div><div class=\"uagb-cta__buttons\"><a href=\"https:\/\/propesp.uepa.br\/ppgell\/wp-content\/uploads\/2024\/10\/Contos-de-Maria-Lucia-em-forma-de-cartilha-digital-ilustrada-como-processo-de-formacao-de-leitores.pdf\" class=\"uagb-cta__button-link-wrapper wp-block-button__link\" target=\"_blank\" rel=\"noopener noreferrer\">Ler mais<svg xmlns=\"https:\/\/www.w3.org\/2000\/svg\" viewBox=\"0 0 512 512\"><path d=\"M504.3 273.6l-112.1 104c-6.992 6.484-17.18 8.218-25.94 4.406c-8.758-3.812-14.42-12.45-14.42-21.1L351.9 288H32C14.33 288 .0002 273.7 .0002 255.1S14.33 224 32 224h319.9l0-72c0-9.547 5.66-18.19 14.42-22c8.754-3.809 18.95-2.075 25.94 4.41l112.1 104C514.6 247.9 514.6 264.1 504.3 273.6z\"><\/path><\/svg><\/a><\/div><\/div>\n\n\n\n<div class=\"wp-block-uagb-call-to-action uagb-block-1bf8df7e wp-block-button\"><div class=\"uagb-cta__wrap\"><h4 class=\"uagb-cta__title\">Oralidade e constru\u00e7\u00f5es identit\u00e1rias: o trabalho com podcast nas aulas de l\u00edngua portuguesa<\/h4><p class=\"uagb-cta__desc\">Autor(a): F\u00e1bio Sergio Freire Ramos<br>Orientadora: Prof\u00aa. Dr\u00aa. Val\u00e9ria Cr\u00edstian Soares Ramos da Silva<\/p><\/div><div class=\"uagb-cta__buttons\"><a href=\"https:\/\/propesp.uepa.br\/ppgell\/wp-content\/uploads\/2024\/10\/Oralidade-e-construcoes-identitarias-o-trabalho-com-podcast-nas-aulas-de-lingua-portuguesa.pdf\" class=\"uagb-cta__button-link-wrapper wp-block-button__link\" target=\"_blank\" rel=\"noopener noreferrer\">Ler mais<svg xmlns=\"https:\/\/www.w3.org\/2000\/svg\" viewBox=\"0 0 512 512\"><path d=\"M504.3 273.6l-112.1 104c-6.992 6.484-17.18 8.218-25.94 4.406c-8.758-3.812-14.42-12.45-14.42-21.1L351.9 288H32C14.33 288 .0002 273.7 .0002 255.1S14.33 224 32 224h319.9l0-72c0-9.547 5.66-18.19 14.42-22c8.754-3.809 18.95-2.075 25.94 4.41l112.1 104C514.6 247.9 514.6 264.1 504.3 273.6z\"><\/path><\/svg><\/a><\/div><\/div>\n\n\n\n<div class=\"wp-block-uagb-call-to-action uagb-block-74d73c05 wp-block-button\"><div class=\"uagb-cta__wrap\"><h4 class=\"uagb-cta__title\">Minicontistas &#8211; uma proposta em sala multim\u00eddia whatsapp: desmestificando m\u00e9todos de ensino de literatura com tecnologia<\/h4><p class=\"uagb-cta__desc\">Autor(a): Tisa Cardoso Ferreira<br>Orientador: Prof. Dr. Raphael Bessa Ferreira.<\/p><\/div><div class=\"uagb-cta__buttons\"><a href=\"https:\/\/propesp.uepa.br\/ppgell\/wp-content\/uploads\/2024\/10\/Minicontistas-uma-proposta-em-sala-multimidia-whatsapp-desmestificando-metodos-de-ensino-de-literatura-com-tecnologia.pdf\" class=\"uagb-cta__button-link-wrapper wp-block-button__link\" target=\"_blank\" rel=\"noopener noreferrer\">Ler mais<svg xmlns=\"https:\/\/www.w3.org\/2000\/svg\" viewBox=\"0 0 512 512\"><path d=\"M504.3 273.6l-112.1 104c-6.992 6.484-17.18 8.218-25.94 4.406c-8.758-3.812-14.42-12.45-14.42-21.1L351.9 288H32C14.33 288 .0002 273.7 .0002 255.1S14.33 224 32 224h319.9l0-72c0-9.547 5.66-18.19 14.42-22c8.754-3.809 18.95-2.075 25.94 4.41l112.1 104C514.6 247.9 514.6 264.1 504.3 273.6z\"><\/path><\/svg><\/a><\/div><\/div>\n\n\n\n<div class=\"wp-block-uagb-call-to-action uagb-block-da3ce2ae wp-block-button\"><div class=\"uagb-cta__wrap\"><h4 class=\"uagb-cta__title\">Nas entrelinhas da era digital: multiletramentos e pr\u00e1ticas discursivas na sala de aula<\/h4><p class=\"uagb-cta__desc\">Autor(a): Treicy P\u00e2mela Castro Pereira<br>Orientadora: Profa. Dra. Maria do Perp\u00e9tuo Socorro Cardoso da Silva<\/p><\/div><div class=\"uagb-cta__buttons\"><a href=\"https:\/\/propesp.uepa.br\/ppgell\/wp-content\/uploads\/2024\/10\/Nas-entrelinhas-da-era-digital.pdf\" class=\"uagb-cta__button-link-wrapper wp-block-button__link\" target=\"_blank\" rel=\"noopener noreferrer\">Ler mais<svg xmlns=\"https:\/\/www.w3.org\/2000\/svg\" viewBox=\"0 0 512 512\"><path d=\"M504.3 273.6l-112.1 104c-6.992 6.484-17.18 8.218-25.94 4.406c-8.758-3.812-14.42-12.45-14.42-21.1L351.9 288H32C14.33 288 .0002 273.7 .0002 255.1S14.33 224 32 224h319.9l0-72c0-9.547 5.66-18.19 14.42-22c8.754-3.809 18.95-2.075 25.94 4.41l112.1 104C514.6 247.9 514.6 264.1 504.3 273.6z\"><\/path><\/svg><\/a><\/div><\/div>\n\n\n\n<div class=\"wp-block-uagb-call-to-action uagb-block-974199ca wp-block-button\"><div class=\"uagb-cta__wrap\"><h4 class=\"uagb-cta__title\">Literatura nas Telas: O uso da ferramenta Google Sites na forma\u00e7\u00e3o de leitores<\/h4><p class=\"uagb-cta__desc\">Autor(a): Rodrigo Joventino Rodrigues<br>Orientadora: Profa. Dra.&nbsp;Renilda do Ros\u00e1rio Rodrigues Bastos<\/p><\/div><div class=\"uagb-cta__buttons\"><a href=\"https:\/\/propesp.uepa.br\/ppgell\/wp-content\/uploads\/2024\/10\/Literatura-nas-Telas-O-uso-da-ferramenta-Google-Sites-na-formacao-de-leitores.pdf\" class=\"uagb-cta__button-link-wrapper wp-block-button__link\" target=\"_blank\" rel=\"noopener noreferrer\">Ler mais<svg xmlns=\"https:\/\/www.w3.org\/2000\/svg\" viewBox=\"0 0 512 512\"><path d=\"M504.3 273.6l-112.1 104c-6.992 6.484-17.18 8.218-25.94 4.406c-8.758-3.812-14.42-12.45-14.42-21.1L351.9 288H32C14.33 288 .0002 273.7 .0002 255.1S14.33 224 32 224h319.9l0-72c0-9.547 5.66-18.19 14.42-22c8.754-3.809 18.95-2.075 25.94 4.41l112.1 104C514.6 247.9 514.6 264.1 504.3 273.6z\"><\/path><\/svg><\/a><\/div><\/div>\n<\/div><\/div>\n\n\n\n<p><\/p>\n","protected":false},"excerpt":{"rendered":"<p>Turma ingressante em 2019, com desenvolvimento das atividades acad\u00eamicas e artigos ao longo do per\u00edodo de\u00a02019 a 2021.<\/p>\n","protected":false},"author":1,"featured_media":0,"parent":0,"menu_order":0,"comment_status":"closed","ping_status":"closed","template":"","meta":{"_uag_custom_page_level_css":"","site-sidebar-layout":"default","site-content-layout":"","ast-site-content-layout":"default","site-content-style":"default","site-sidebar-style":"default","ast-global-header-display":"","ast-banner-title-visibility":"","ast-main-header-display":"","ast-hfb-above-header-display":"","ast-hfb-below-header-display":"","ast-hfb-mobile-header-display":"","site-post-title":"","ast-breadcrumbs-content":"","ast-featured-img":"","footer-sml-layout":"","theme-transparent-header-meta":"","adv-header-id-meta":"","stick-header-meta":"","header-above-stick-meta":"","header-main-stick-meta":"","header-below-stick-meta":"","astra-migrate-meta-layouts":"set","ast-page-background-enabled":"default","ast-page-background-meta":{"desktop":{"background-color":"var(--ast-global-color-4)","background-image":"","background-repeat":"repeat","background-position":"center center","background-size":"auto","background-attachment":"scroll","background-type":"","background-media":"","overlay-type":"","overlay-color":"","overlay-gradient":""},"tablet":{"background-color":"","background-image":"","background-repeat":"repeat","background-position":"center center","background-size":"auto","background-attachment":"scroll","background-type":"","background-media":"","overlay-type":"","overlay-color":"","overlay-gradient":""},"mobile":{"background-color":"","background-image":"","background-repeat":"repeat","background-position":"center center","background-size":"auto","background-attachment":"scroll","background-type":"","background-media":"","overlay-type":"","overlay-color":"","overlay-gradient":""}},"ast-content-background-meta":{"desktop":{"background-color":"var(--ast-global-color-5)","background-image":"","background-repeat":"repeat","background-position":"center center","background-size":"auto","background-attachment":"scroll","background-type":"","background-media":"","overlay-type":"","overlay-color":"","overlay-gradient":""},"tablet":{"background-color":"var(--ast-global-color-5)","background-image":"","background-repeat":"repeat","background-position":"center center","background-size":"auto","background-attachment":"scroll","background-type":"","background-media":"","overlay-type":"","overlay-color":"","overlay-gradient":""},"mobile":{"background-color":"var(--ast-global-color-5)","background-image":"","background-repeat":"repeat","background-position":"center center","background-size":"auto","background-attachment":"scroll","background-type":"","background-media":"","overlay-type":"","overlay-color":"","overlay-gradient":""}},"footnotes":""},"class_list":["post-2109","page","type-page","status-publish","hentry"],"uagb_featured_image_src":{"full":false,"thumbnail":false,"medium":false,"medium_large":false,"large":false,"1536x1536":false,"2048x2048":false},"uagb_author_info":{"display_name":"admin@uepa.br","author_link":"https:\/\/propesp.uepa.br\/ppgell\/author\/adminuepa-br\/"},"uagb_comment_info":0,"uagb_excerpt":"Turma ingressante em 2019, com desenvolvimento das atividades acad\u00eamicas e artigos ao longo do per\u00edodo de\u00a02019 a 2021.","_links":{"self":[{"href":"https:\/\/propesp.uepa.br\/ppgell\/wp-json\/wp\/v2\/pages\/2109"}],"collection":[{"href":"https:\/\/propesp.uepa.br\/ppgell\/wp-json\/wp\/v2\/pages"}],"about":[{"href":"https:\/\/propesp.uepa.br\/ppgell\/wp-json\/wp\/v2\/types\/page"}],"author":[{"embeddable":true,"href":"https:\/\/propesp.uepa.br\/ppgell\/wp-json\/wp\/v2\/users\/1"}],"replies":[{"embeddable":true,"href":"https:\/\/propesp.uepa.br\/ppgell\/wp-json\/wp\/v2\/comments?post=2109"}],"version-history":[{"count":14,"href":"https:\/\/propesp.uepa.br\/ppgell\/wp-json\/wp\/v2\/pages\/2109\/revisions"}],"predecessor-version":[{"id":2674,"href":"https:\/\/propesp.uepa.br\/ppgell\/wp-json\/wp\/v2\/pages\/2109\/revisions\/2674"}],"wp:attachment":[{"href":"https:\/\/propesp.uepa.br\/ppgell\/wp-json\/wp\/v2\/media?parent=2109"}],"curies":[{"name":"wp","href":"https:\/\/api.w.org\/{rel}","templated":true}]}}