{"id":2449,"date":"2025-02-13T11:28:01","date_gmt":"2025-02-13T14:28:01","guid":{"rendered":"https:\/\/propesp.uepa.br\/ppgell\/?page_id=2449"},"modified":"2025-02-13T16:41:19","modified_gmt":"2025-02-13T19:41:19","slug":"egressos-2020","status":"publish","type":"page","link":"https:\/\/propesp.uepa.br\/ppgell\/egressos-2020\/","title":{"rendered":"Egressos 2020"},"content":{"rendered":"\n<p><\/p>\n\n\n\n<p><\/p>\n\n\n\n<p><\/p>\n\n\n\n<h3 class=\"wp-block-heading has-text-align-center\">Linha de pesquisa: Estudos Lingu\u00edsticos: Saberes e Pr\u00e1ticas:<\/h3>\n\n\n\n<p><\/p>\n\n\n\n<p><\/p>\n\n\n\n<p><\/p>\n\n\n\n<div class=\"wp-block-uagb-call-to-action uagb-block-be2cc8f7 wp-block-button\"><div class=\"uagb-cta__wrap\"><h4 class=\"uagb-cta__title\">Waldinett Nascimeno Torres Pena<\/h4><p class=\"uagb-cta__desc\">Linha de pesquisa: Estudos Lingu\u00edsticos: Saberes e Pr\u00e1ticas.<br>\u00c1rea de concentra\u00e7\u00e3o: Ensino de Linguagem e de Literatura e a Tecnologia<br>Orientadora: Profa. Dra. Elisa Maria Pinheiro de Souza<\/p><\/div><div class=\"uagb-cta__buttons\"><a href=\"#\" class=\"uagb-cta__button-link-wrapper wp-block-button__link\" target=\"_blank\" rel=\"noopener noreferrer\">Lattes<svg xmlns=\"https:\/\/www.w3.org\/2000\/svg\" viewBox=\"0 0 512 512\"><path d=\"M504.3 273.6l-112.1 104c-6.992 6.484-17.18 8.218-25.94 4.406c-8.758-3.812-14.42-12.45-14.42-21.1L351.9 288H32C14.33 288 .0002 273.7 .0002 255.1S14.33 224 32 224h319.9l0-72c0-9.547 5.66-18.19 14.42-22c8.754-3.809 18.95-2.075 25.94 4.41l112.1 104C514.6 247.9 514.6 264.1 504.3 273.6z\"><\/path><\/svg><\/a><\/div><\/div>\n\n\n\n<div class=\"wp-block-uagb-call-to-action uagb-block-9491d6a8 wp-block-button\"><div class=\"uagb-cta__wrap\"><h4 class=\"uagb-cta__title\">Ivanilza Concei\u00e7\u00e3o dos Santos<\/h4><p class=\"uagb-cta__desc\">Linha de pesquisa: Estudos Lingu\u00edsticos: Saberes e Pr\u00e1ticas.<br>\u00c1rea de concentra\u00e7\u00e3o: Ensino de Linguagem e de Literatura e a Tecnologia<br>Orientadora: Prof. Dra. Eliete de Jesus Bararu\u00e1 Solano<\/p><\/div><div class=\"uagb-cta__buttons\"><a href=\"http:\/\/lattes.cnpq.br\/7378786490708639\" class=\"uagb-cta__button-link-wrapper wp-block-button__link\" target=\"_blank\" rel=\"noopener noreferrer\">Lattes<svg xmlns=\"https:\/\/www.w3.org\/2000\/svg\" viewBox=\"0 0 512 512\"><path d=\"M504.3 273.6l-112.1 104c-6.992 6.484-17.18 8.218-25.94 4.406c-8.758-3.812-14.42-12.45-14.42-21.1L351.9 288H32C14.33 288 .0002 273.7 .0002 255.1S14.33 224 32 224h319.9l0-72c0-9.547 5.66-18.19 14.42-22c8.754-3.809 18.95-2.075 25.94 4.41l112.1 104C514.6 247.9 514.6 264.1 504.3 273.6z\"><\/path><\/svg><\/a><\/div><\/div>\n\n\n\n<div class=\"wp-block-uagb-call-to-action uagb-block-52d7164c wp-block-button\"><div class=\"uagb-cta__wrap\"><h4 class=\"uagb-cta__title\">Dayanna Roberta Costa da Rocha<\/h4><p class=\"uagb-cta__desc\">Linha de pesquisa: Estudos Lingu\u00edsticos: Saberes e Pr\u00e1ticas.<br>\u00c1rea de concentra\u00e7\u00e3o: Ensino de Linguagem e de Literatura e a Tecnologia<br>Orientador: Prof. Dra. Jos\u00e9 Roberto Alves da Silva<\/p><\/div><div class=\"uagb-cta__buttons\"><a href=\"http:\/\/lattes.cnpq.br\/5358620969582400\" class=\"uagb-cta__button-link-wrapper wp-block-button__link\" target=\"_blank\" rel=\"noopener noreferrer\">Lattes<svg xmlns=\"https:\/\/www.w3.org\/2000\/svg\" viewBox=\"0 0 512 512\"><path d=\"M504.3 273.6l-112.1 104c-6.992 6.484-17.18 8.218-25.94 4.406c-8.758-3.812-14.42-12.45-14.42-21.1L351.9 288H32C14.33 288 .0002 273.7 .0002 255.1S14.33 224 32 224h319.9l0-72c0-9.547 5.66-18.19 14.42-22c8.754-3.809 18.95-2.075 25.94 4.41l112.1 104C514.6 247.9 514.6 264.1 504.3 273.6z\"><\/path><\/svg><\/a><\/div><\/div>\n\n\n\n<div class=\"wp-block-uagb-call-to-action uagb-block-dc316ea5 wp-block-button\"><div class=\"uagb-cta__wrap\"><h4 class=\"uagb-cta__title\">Aldenora Ven\u00e2ncio Gon\u00e7alves<\/h4><p class=\"uagb-cta__desc\">Linha de pesquisa:Estudos Lingu\u00edsticos: Saberes e Pr\u00e1ticas.<br>\u00c1rea de concentra\u00e7\u00e3o:L\u00edngua Portuguesa: varia\u00e7\u00e3o, ensino e aprendizagem<br>Orientador: Prof. Dr. Ednalvo Ap\u00f3stolo Campos<\/p><\/div><div class=\"uagb-cta__buttons\"><a href=\"http:\/\/lattes.cnpq.br\/1918146387622569\" class=\"uagb-cta__button-link-wrapper wp-block-button__link\" target=\"_blank\" rel=\"noopener noreferrer\">Lattes<svg xmlns=\"https:\/\/www.w3.org\/2000\/svg\" viewBox=\"0 0 512 512\"><path d=\"M504.3 273.6l-112.1 104c-6.992 6.484-17.18 8.218-25.94 4.406c-8.758-3.812-14.42-12.45-14.42-21.1L351.9 288H32C14.33 288 .0002 273.7 .0002 255.1S14.33 224 32 224h319.9l0-72c0-9.547 5.66-18.19 14.42-22c8.754-3.809 18.95-2.075 25.94 4.41l112.1 104C514.6 247.9 514.6 264.1 504.3 273.6z\"><\/path><\/svg><\/a><\/div><\/div>\n\n\n\n<div class=\"wp-block-uagb-call-to-action uagb-block-c80e9b80 wp-block-button\"><div class=\"uagb-cta__wrap\"><h4 class=\"uagb-cta__title\">Sonia Maria Correa do Amaral<\/h4><p class=\"uagb-cta__desc\">Linha de pesquisa:Estudos Lingu\u00edsticos: Saberes e Pr\u00e1ticas.<br>\u00c1rea de concentra\u00e7\u00e3o:L\u00edngua Portuguesa: varia\u00e7\u00e3o, ensino e aprendizagem<br>Orientadora: Profa. Dra. Eliete de Jesus Bararu\u00e1 Solano<\/p><\/div><div class=\"uagb-cta__buttons\"><a href=\"http:\/\/lattes.cnpq.br\/8969262667398764\" class=\"uagb-cta__button-link-wrapper wp-block-button__link\" target=\"_blank\" rel=\"noopener noreferrer\">Lattes<svg xmlns=\"https:\/\/www.w3.org\/2000\/svg\" viewBox=\"0 0 512 512\"><path d=\"M504.3 273.6l-112.1 104c-6.992 6.484-17.18 8.218-25.94 4.406c-8.758-3.812-14.42-12.45-14.42-21.1L351.9 288H32C14.33 288 .0002 273.7 .0002 255.1S14.33 224 32 224h319.9l0-72c0-9.547 5.66-18.19 14.42-22c8.754-3.809 18.95-2.075 25.94 4.41l112.1 104C514.6 247.9 514.6 264.1 504.3 273.6z\"><\/path><\/svg><\/a><\/div><\/div>\n\n\n\n<div class=\"wp-block-uagb-call-to-action uagb-block-d6696178 wp-block-button\"><div class=\"uagb-cta__wrap\"><h4 class=\"uagb-cta__title\">Wanne Karolinne Souza de Miranda<\/h4><p class=\"uagb-cta__desc\">Linha de pesquisa:Estudos Lingu\u00edsticos: Saberes e Pr\u00e1ticas.<br>\u00c1rea de concentra\u00e7\u00e3o:L\u00edngua Portuguesa: varia\u00e7\u00e3o, ensino e aprendizagem<br>Orientador: Prof. Dr. Samuel Pereira Campos<\/p><\/div><div class=\"uagb-cta__buttons\"><a href=\"http:\/\/lattes.cnpq.br\/2353400232762661\" class=\"uagb-cta__button-link-wrapper wp-block-button__link\" target=\"_blank\" rel=\"noopener noreferrer\">Lattes<svg xmlns=\"https:\/\/www.w3.org\/2000\/svg\" viewBox=\"0 0 512 512\"><path d=\"M504.3 273.6l-112.1 104c-6.992 6.484-17.18 8.218-25.94 4.406c-8.758-3.812-14.42-12.45-14.42-21.1L351.9 288H32C14.33 288 .0002 273.7 .0002 255.1S14.33 224 32 224h319.9l0-72c0-9.547 5.66-18.19 14.42-22c8.754-3.809 18.95-2.075 25.94 4.41l112.1 104C514.6 247.9 514.6 264.1 504.3 273.6z\"><\/path><\/svg><\/a><\/div><\/div>\n\n\n\n<p><\/p>\n\n\n\n<p><\/p>\n\n\n\n<p><\/p>\n\n\n\n<p><\/p>\n\n\n\n<p><\/p>\n\n\n\n<h3 class=\"wp-block-heading has-text-align-center\">Estudos Liter\u00e1rios e suas pr\u00e1xis educativas:<\/h3>\n\n\n\n<p><\/p>\n\n\n\n<p><\/p>\n\n\n\n<p><\/p>\n\n\n\n<p><\/p>\n\n\n\n<div class=\"wp-block-uagb-call-to-action uagb-block-f9573fdd wp-block-button\"><div class=\"uagb-cta__wrap\"><h4 class=\"uagb-cta__title\">Daro\u00eas Jos\u00e9 Borges da Silva Junior<\/h4><p class=\"uagb-cta__desc\">Linha de pesquisa: Estudos Liter\u00e1rios e suas pr\u00e1xis educativas.<br>\u00c1rea de concentra\u00e7\u00e3o: Ensino de Linguagem e interfaces liter\u00e1rias.<br>Orientador: Prof. Dr. Marco Antonio da Costa Camelo&nbsp;<\/p><\/div><div class=\"uagb-cta__buttons\"><a href=\"http:\/\/lattes.cnpq.br\/2892167090927772\" class=\"uagb-cta__button-link-wrapper wp-block-button__link\" target=\"_blank\" rel=\"noopener noreferrer\">Lattes<svg xmlns=\"https:\/\/www.w3.org\/2000\/svg\" viewBox=\"0 0 512 512\"><path d=\"M504.3 273.6l-112.1 104c-6.992 6.484-17.18 8.218-25.94 4.406c-8.758-3.812-14.42-12.45-14.42-21.1L351.9 288H32C14.33 288 .0002 273.7 .0002 255.1S14.33 224 32 224h319.9l0-72c0-9.547 5.66-18.19 14.42-22c8.754-3.809 18.95-2.075 25.94 4.41l112.1 104C514.6 247.9 514.6 264.1 504.3 273.6z\"><\/path><\/svg><\/a><\/div><\/div>\n\n\n\n<div class=\"wp-block-uagb-call-to-action uagb-block-616b2714 wp-block-button\"><div class=\"uagb-cta__wrap\"><h4 class=\"uagb-cta__title\">Belly Emilly Tavares Hon\u00f3rio<\/h4><p class=\"uagb-cta__desc\">Linha de pesquisa: Estudos Liter\u00e1rios e suas pr\u00e1xis educativas.<br>\u00c1rea de concentra\u00e7\u00e3o: Ensino de Linguagem e interfaces liter\u00e1rias.<br>Orientadora: Profa. Dra. Renilda do Ros\u00e1rio Rodrigues Bastos<\/p><\/div><div class=\"uagb-cta__buttons\"><a href=\"#\" class=\"uagb-cta__button-link-wrapper wp-block-button__link\" target=\"_blank\" rel=\"noopener noreferrer\">Lattes<svg xmlns=\"https:\/\/www.w3.org\/2000\/svg\" viewBox=\"0 0 512 512\"><path d=\"M504.3 273.6l-112.1 104c-6.992 6.484-17.18 8.218-25.94 4.406c-8.758-3.812-14.42-12.45-14.42-21.1L351.9 288H32C14.33 288 .0002 273.7 .0002 255.1S14.33 224 32 224h319.9l0-72c0-9.547 5.66-18.19 14.42-22c8.754-3.809 18.95-2.075 25.94 4.41l112.1 104C514.6 247.9 514.6 264.1 504.3 273.6z\"><\/path><\/svg><\/a><\/div><\/div>\n\n\n\n<div class=\"wp-block-uagb-call-to-action uagb-block-138054a3 wp-block-button\"><div class=\"uagb-cta__wrap\"><h4 class=\"uagb-cta__title\">Camila Maiara Costa Oliveira Prado<\/h4><p class=\"uagb-cta__desc\">Linha de pesquisa: Estudos Liter\u00e1rios e suas pr\u00e1xis educativas.<br>\u00c1rea de concentra\u00e7\u00e3o: Ensino de Linguagem e interfaces liter\u00e1rias.<br>Orientador: Prof. Dr. Marco Antonio da Costa Camelo&nbsp;<\/p><\/div><div class=\"uagb-cta__buttons\"><a href=\"http:\/\/lattes.cnpq.br\/1818057708842379\" class=\"uagb-cta__button-link-wrapper wp-block-button__link\" target=\"_blank\" rel=\"noopener noreferrer\">Lattes<svg xmlns=\"https:\/\/www.w3.org\/2000\/svg\" viewBox=\"0 0 512 512\"><path d=\"M504.3 273.6l-112.1 104c-6.992 6.484-17.18 8.218-25.94 4.406c-8.758-3.812-14.42-12.45-14.42-21.1L351.9 288H32C14.33 288 .0002 273.7 .0002 255.1S14.33 224 32 224h319.9l0-72c0-9.547 5.66-18.19 14.42-22c8.754-3.809 18.95-2.075 25.94 4.41l112.1 104C514.6 247.9 514.6 264.1 504.3 273.6z\"><\/path><\/svg><\/a><\/div><\/div>\n\n\n\n<div class=\"wp-block-uagb-call-to-action uagb-block-b52b4c2e wp-block-button\"><div class=\"uagb-cta__wrap\"><h4 class=\"uagb-cta__title\">Ana Telma Matos de Ara\u00fajo<\/h4><p class=\"uagb-cta__desc\">Linha de pesquisa: Estudos Liter\u00e1rios e suas pr\u00e1xis educativas.<br>\u00c1rea de concentra\u00e7\u00e3o: Ensino de Linguagem e interfaces liter\u00e1rias.<br>Orientador: Prof. Dr. Gabriel Lage da Silva Neto<\/p><\/div><div class=\"uagb-cta__buttons\"><a href=\"http:\/\/lattes.cnpq.br\/6970949245599325\" class=\"uagb-cta__button-link-wrapper wp-block-button__link\" target=\"_blank\" rel=\"noopener noreferrer\">Lattes<svg xmlns=\"https:\/\/www.w3.org\/2000\/svg\" viewBox=\"0 0 512 512\"><path d=\"M504.3 273.6l-112.1 104c-6.992 6.484-17.18 8.218-25.94 4.406c-8.758-3.812-14.42-12.45-14.42-21.1L351.9 288H32C14.33 288 .0002 273.7 .0002 255.1S14.33 224 32 224h319.9l0-72c0-9.547 5.66-18.19 14.42-22c8.754-3.809 18.95-2.075 25.94 4.41l112.1 104C514.6 247.9 514.6 264.1 504.3 273.6z\"><\/path><\/svg><\/a><\/div><\/div>\n\n\n\n<div class=\"wp-block-uagb-call-to-action uagb-block-4d17ab14 wp-block-button\"><div class=\"uagb-cta__wrap\"><h4 class=\"uagb-cta__title\">Izabelly Reis Loureiro<\/h4><p class=\"uagb-cta__desc\">Linha de pesquisa: Estudos Liter\u00e1rios e suas pr\u00e1xis educativas.<br>\u00c1rea de concentra\u00e7\u00e3o: Estudos da Linguagem, interpreta\u00e7\u00e3o e frui\u00e7\u00e3o liter\u00e1ria no Ensino B\u00e1sico.<br>Orientador: Prof. Dr. Raphael Bessa Ferreira<\/p><\/div><div class=\"uagb-cta__buttons\"><a href=\"http:\/\/lattes.cnpq.br\/5149471495918690\" class=\"uagb-cta__button-link-wrapper wp-block-button__link\" target=\"_blank\" rel=\"noopener noreferrer\">Lattes<svg xmlns=\"https:\/\/www.w3.org\/2000\/svg\" viewBox=\"0 0 512 512\"><path d=\"M504.3 273.6l-112.1 104c-6.992 6.484-17.18 8.218-25.94 4.406c-8.758-3.812-14.42-12.45-14.42-21.1L351.9 288H32C14.33 288 .0002 273.7 .0002 255.1S14.33 224 32 224h319.9l0-72c0-9.547 5.66-18.19 14.42-22c8.754-3.809 18.95-2.075 25.94 4.41l112.1 104C514.6 247.9 514.6 264.1 504.3 273.6z\"><\/path><\/svg><\/a><\/div><\/div>\n\n\n\n<div class=\"wp-block-uagb-call-to-action uagb-block-e3a5d47a wp-block-button\"><div class=\"uagb-cta__wrap\"><h4 class=\"uagb-cta__title\">Maria Jorielma Oliveira Furtado<\/h4><p class=\"uagb-cta__desc\">Linha de pesquisa: Estudos Liter\u00e1rios e suas pr\u00e1xis educativas.<br>\u00c1rea de concentra\u00e7\u00e3o: Estudos da Linguagem, interpreta\u00e7\u00e3o e frui\u00e7\u00e3o liter\u00e1ria no Ensino B\u00e1sico.<br>Orientador: Prof. Dr. Paulo Murilo Guerreiro do Amaral<\/p><\/div><div class=\"uagb-cta__buttons\"><a href=\"http:\/\/lattes.cnpq.br\/7830587942441792\" class=\"uagb-cta__button-link-wrapper wp-block-button__link\" target=\"_blank\" rel=\"noopener noreferrer\">Lattes<svg xmlns=\"https:\/\/www.w3.org\/2000\/svg\" viewBox=\"0 0 512 512\"><path d=\"M504.3 273.6l-112.1 104c-6.992 6.484-17.18 8.218-25.94 4.406c-8.758-3.812-14.42-12.45-14.42-21.1L351.9 288H32C14.33 288 .0002 273.7 .0002 255.1S14.33 224 32 224h319.9l0-72c0-9.547 5.66-18.19 14.42-22c8.754-3.809 18.95-2.075 25.94 4.41l112.1 104C514.6 247.9 514.6 264.1 504.3 273.6z\"><\/path><\/svg><\/a><\/div><\/div>\n\n\n\n<div class=\"wp-block-uagb-call-to-action uagb-block-8a90d410 wp-block-button\"><div class=\"uagb-cta__wrap\"><h4 class=\"uagb-cta__title\">Solange Henrique Chaves Ribeiro<\/h4><p class=\"uagb-cta__desc\">Linha de pesquisa: Estudos Liter\u00e1rios e suas pr\u00e1xis educativas.<br>\u00c1rea de concentra\u00e7\u00e3o: Estudos da Linguagem, interpreta\u00e7\u00e3o e frui\u00e7\u00e3o liter\u00e1ria no Ensino B\u00e1sico.<br>Orientador: Prof. Dr. Paulo Murilo Guerreiro do Amaral<\/p><\/div><div class=\"uagb-cta__buttons\"><a href=\"http:\/\/lattes.cnpq.br\/2109457990630009\" class=\"uagb-cta__button-link-wrapper wp-block-button__link\" target=\"_blank\" rel=\"noopener noreferrer\">Lattes<svg xmlns=\"https:\/\/www.w3.org\/2000\/svg\" viewBox=\"0 0 512 512\"><path d=\"M504.3 273.6l-112.1 104c-6.992 6.484-17.18 8.218-25.94 4.406c-8.758-3.812-14.42-12.45-14.42-21.1L351.9 288H32C14.33 288 .0002 273.7 .0002 255.1S14.33 224 32 224h319.9l0-72c0-9.547 5.66-18.19 14.42-22c8.754-3.809 18.95-2.075 25.94 4.41l112.1 104C514.6 247.9 514.6 264.1 504.3 273.6z\"><\/path><\/svg><\/a><\/div><\/div>\n\n\n\n<p><\/p>\n\n\n\n<p><\/p>\n","protected":false},"excerpt":{"rendered":"<p>Linha de pesquisa: Estudos Lingu\u00edsticos: Saberes e Pr\u00e1ticas: Estudos Liter\u00e1rios e suas pr\u00e1xis educativas:<\/p>\n","protected":false},"author":1,"featured_media":0,"parent":0,"menu_order":0,"comment_status":"closed","ping_status":"closed","template":"","meta":{"_uag_custom_page_level_css":"","site-sidebar-layout":"default","site-content-layout":"","ast-site-content-layout":"default","site-content-style":"default","site-sidebar-style":"default","ast-global-header-display":"","ast-banner-title-visibility":"","ast-main-header-display":"","ast-hfb-above-header-display":"","ast-hfb-below-header-display":"","ast-hfb-mobile-header-display":"","site-post-title":"","ast-breadcrumbs-content":"","ast-featured-img":"","footer-sml-layout":"","theme-transparent-header-meta":"","adv-header-id-meta":"","stick-header-meta":"","header-above-stick-meta":"","header-main-stick-meta":"","header-below-stick-meta":"","astra-migrate-meta-layouts":"set","ast-page-background-enabled":"default","ast-page-background-meta":{"desktop":{"background-color":"var(--ast-global-color-4)","background-image":"","background-repeat":"repeat","background-position":"center center","background-size":"auto","background-attachment":"scroll","background-type":"","background-media":"","overlay-type":"","overlay-color":"","overlay-gradient":""},"tablet":{"background-color":"","background-image":"","background-repeat":"repeat","background-position":"center center","background-size":"auto","background-attachment":"scroll","background-type":"","background-media":"","overlay-type":"","overlay-color":"","overlay-gradient":""},"mobile":{"background-color":"","background-image":"","background-repeat":"repeat","background-position":"center center","background-size":"auto","background-attachment":"scroll","background-type":"","background-media":"","overlay-type":"","overlay-color":"","overlay-gradient":""}},"ast-content-background-meta":{"desktop":{"background-color":"var(--ast-global-color-5)","background-image":"","background-repeat":"repeat","background-position":"center center","background-size":"auto","background-attachment":"scroll","background-type":"","background-media":"","overlay-type":"","overlay-color":"","overlay-gradient":""},"tablet":{"background-color":"var(--ast-global-color-5)","background-image":"","background-repeat":"repeat","background-position":"center center","background-size":"auto","background-attachment":"scroll","background-type":"","background-media":"","overlay-type":"","overlay-color":"","overlay-gradient":""},"mobile":{"background-color":"var(--ast-global-color-5)","background-image":"","background-repeat":"repeat","background-position":"center center","background-size":"auto","background-attachment":"scroll","background-type":"","background-media":"","overlay-type":"","overlay-color":"","overlay-gradient":""}},"footnotes":""},"class_list":["post-2449","page","type-page","status-publish","hentry"],"uagb_featured_image_src":{"full":false,"thumbnail":false,"medium":false,"medium_large":false,"large":false,"1536x1536":false,"2048x2048":false},"uagb_author_info":{"display_name":"admin@uepa.br","author_link":"https:\/\/propesp.uepa.br\/ppgell\/author\/adminuepa-br\/"},"uagb_comment_info":0,"uagb_excerpt":"Linha de pesquisa: Estudos Lingu\u00edsticos: Saberes e Pr\u00e1ticas: Estudos Liter\u00e1rios e suas pr\u00e1xis educativas:","_links":{"self":[{"href":"https:\/\/propesp.uepa.br\/ppgell\/wp-json\/wp\/v2\/pages\/2449"}],"collection":[{"href":"https:\/\/propesp.uepa.br\/ppgell\/wp-json\/wp\/v2\/pages"}],"about":[{"href":"https:\/\/propesp.uepa.br\/ppgell\/wp-json\/wp\/v2\/types\/page"}],"author":[{"embeddable":true,"href":"https:\/\/propesp.uepa.br\/ppgell\/wp-json\/wp\/v2\/users\/1"}],"replies":[{"embeddable":true,"href":"https:\/\/propesp.uepa.br\/ppgell\/wp-json\/wp\/v2\/comments?post=2449"}],"version-history":[{"count":5,"href":"https:\/\/propesp.uepa.br\/ppgell\/wp-json\/wp\/v2\/pages\/2449\/revisions"}],"predecessor-version":[{"id":2473,"href":"https:\/\/propesp.uepa.br\/ppgell\/wp-json\/wp\/v2\/pages\/2449\/revisions\/2473"}],"wp:attachment":[{"href":"https:\/\/propesp.uepa.br\/ppgell\/wp-json\/wp\/v2\/media?parent=2449"}],"curies":[{"name":"wp","href":"https:\/\/api.w.org\/{rel}","templated":true}]}}